{"id":184,"date":"2025-09-26T10:22:17","date_gmt":"2025-09-26T13:22:17","guid":{"rendered":"https:\/\/www.ccsa.ufpb.br\/atuariais1\/?page_id=184"},"modified":"2025-09-26T10:23:34","modified_gmt":"2025-09-26T13:23:34","slug":"trancamento","status":"publish","type":"page","link":"https:\/\/www.ccsa.ufpb.br\/atuariais\/trancamento\/","title":{"rendered":"Trancamento"},"content":{"rendered":"\n<p><\/p>\n\n\n\n<p>A solicita\u00e7\u00e3o de trancamento \u00e9 realizada pelo(a) pr\u00f3prio(a) discente, no prazo previsto no&nbsp;<a href=\"http:\/\/www.prg.ufpb.br\/prg\/codesc\/documentos\/calendario-academico\/\" target=\"_blank\" rel=\"noreferrer noopener\">Calend\u00e1rio Acad\u00eamico<\/a>,&nbsp;por meio do SIGAA.<\/p>\n\n\n\n<figure class=\"wp-block-image size-full\"><img loading=\"lazy\" decoding=\"async\" width=\"251\" height=\"543\" src=\"https:\/\/www.ccsa.ufpb.br\/atuariais\/wp-content\/uploads\/sites\/179\/sites\/387\/2025\/09\/trancamento.jpg\" alt=\"\" class=\"wp-image-186\" srcset=\"https:\/\/www.ccsa.ufpb.br\/atuariais\/wp-content\/uploads\/sites\/179\/sites\/387\/2025\/09\/trancamento.jpg 251w, https:\/\/www.ccsa.ufpb.br\/atuariais\/wp-content\/uploads\/sites\/179\/sites\/387\/2025\/09\/trancamento-139x300.jpg 139w\" sizes=\"auto, (max-width: 251px) 100vw, 251px\" \/><\/figure>\n\n\n\n<p><\/p>\n\n\n\n<h3 class=\"wp-block-heading\"><strong>Modalidades de trancamento<\/strong><\/h3>\n\n\n\n<p>1)&nbsp;<a href=\"http:\/\/duvidas.sigaa.ufpb.br\/499\/sou-discente-como-posso-trancar-disciplina-s\" target=\"_blank\" rel=\"noreferrer noopener\">Trancamento de componente curricular (parcial<\/a>):&nbsp;&nbsp;Quando houver a desvincula\u00e7\u00e3o volunt\u00e1ria do estudante da turma referente ao componente curricular em que se encontra matriculado.&nbsp;<br><a href=\"http:\/\/duvidas.sigaa.ufpb.br\/395\/como-e-realizado-o-trancamento-de-programa\" target=\"_blank\" rel=\"noreferrer noopener\"><\/a><\/p>\n\n\n\n<p>2)&nbsp;<a href=\"http:\/\/duvidas.sigaa.ufpb.br\/395\/como-e-realizado-o-trancamento-de-programa\" target=\"_blank\" rel=\"noreferrer noopener\">Trancamento de programa (total)<\/a>:&nbsp;Quando houver o trancamento do per\u00edodo letivo vigente. Nessa modalidade, o curso \u00e9 suspenso por ao menos um semestre letivo. Os registros de notas e faltas nos semestres trancados n\u00e3o v\u00e3o para o hist\u00f3rico escolar. \u00c9 registrado, entretanto, o trancamento.<\/p>\n\n\n\n<p><strong>Para a confirma\u00e7\u00e3o do trancamento de programa, \u00e9 necess\u00e1rio que o(a) aluno(a) imprima o documento &#8220;Solicita\u00e7\u00e3o de Trancamento de Programa&#8221; (gerado pelo SIGAA) e encaminhe \u00e0 Coordena\u00e7\u00e3o preenchido e assinado.&nbsp;<\/strong><\/p>\n\n\n\n<p><strong>Informa\u00e7\u00f5es IMPORTANTES<\/strong><\/p>\n\n\n\n<ul class=\"wp-block-list\">\n<li>O trancamento parcial num mesmo componente curricular poder\u00e1 ser realizado at\u00e9 2 (duas) vezes em per\u00edodos letivos consecutivos ou n\u00e3o.<\/li>\n\n\n\n<li>\u00c9 vedado o trancamento parcial da matr\u00edcula para o discente quando este trancamento\u00a0resultar em uma carga hor\u00e1ria matriculada inferior a 17 cr\u00e9ditos no turno vespertino ( 5 disciplinas) e 13 cr\u00e9ditos no turno noturno ( 4 disciplinas)<\/li>\n\n\n\n<li>O trancamento total poder\u00e1 ser realizado at\u00e9 2 (duas) vezes em per\u00edodos consecutivos\u00a0ou n\u00e3o.<\/li>\n\n\n\n<li>O trancamento total da matr\u00edcula para discentes ingressantes, independentemente da\u00a0modalidade de ingresso, dever\u00e3o ser analisados pelo Colegiado do Curso.<\/li>\n\n\n\n<li>\u00c9 vedado o trancamento parcial ou total ao discente que esteja em regime de dilata\u00e7\u00e3o\u00a0de prazo para conclus\u00e3o do curso.<\/li>\n<\/ul>\n\n\n\n<hr class=\"wp-block-separator has-alpha-channel-opacity\"\/>\n\n\n\n<h3 class=\"wp-block-heading\">Artigos do Regulamento Geral de Gradua\u00e7\u00e3o (Consepe 29\/20)<\/h3>\n\n\n\n<p><strong>DO TRANCAMENTO DA MATR\u00cdCULA<\/strong><\/p>\n\n\n\n<p>Art. 160. Trancamento de matr\u00edcula em componente curricular significa a desvincula\u00e7\u00e3o volunt\u00e1ria do discente do componente curricular em que se encontra matriculado.<\/p>\n\n\n\n<p>\u00a71\u00ba. O trancamento de matr\u00edcula pode ser parcial ou total.<\/p>\n\n\n\n<p>I \u2013 O trancamento parcial \u00e9 a desvincula\u00e7\u00e3o volunt\u00e1ria do discente de um componente curricular em que se encontra matriculado.<\/p>\n\n\n\n<p>II \u2013 O trancamento total \u00e9 a desvincula\u00e7\u00e3o volunt\u00e1ria do discente de todos componentes curriculares em que se encontra matriculado em um per\u00edodo letivo.<\/p>\n\n\n\n<p>\u00a72\u00ba. Ser\u00e1 permitido o trancamento parcial ou o trancamento total, por solicita\u00e7\u00e3o do discente no SIG, no prazo estabelecido pelo Calend\u00e1rio Acad\u00eamico.<\/p>\n\n\n\n<p>I \u2013 O trancamento parcial num mesmo componente curricular poder\u00e1 ser realizado at\u00e9 duas vezes em per\u00edodos letivos consecutivos ou n\u00e3o.<\/p>\n\n\n\n<p>II \u2013 O trancamento total poder\u00e1 ser realizado at\u00e9 duas vezes em per\u00edodos consecutivos ou n\u00e3o.<\/p>\n\n\n\n<p>Art. 161. \u00c9 vedado o trancamento parcial da matr\u00edcula para o discente quando este trancamento resultar em uma carga hor\u00e1ria matriculada menor que a carga hor\u00e1ria m\u00ednima estabelecida pelo PPC do curso.<\/p>\n\n\n\n<p>Art. 162. O trancamento total da matr\u00edcula para discentes ingressantes, independentemente da modalidade de ingresso, dever\u00e3o ser analisados pelo Colegiado do Curso, cabendo-se recurso \u00e0 PRG e desta ao Consepe.<\/p>\n\n\n\n<p>Art. 163. \u00c9 vedado o trancamento parcial ou total ao discente que esteja em regime de dilata\u00e7\u00e3o de prazo para conclus\u00e3o do curso.<\/p>\n\n\n\n<p>Art. 164. O trancamento parcial ou total fora do per\u00edodo estabelecido pelo Calend\u00e1rio Acad\u00eamico ser\u00e1 solicitado \u00e0 Coordena\u00e7\u00e3o do Curso e facultado ao discente:<\/p>\n\n\n\n<p>I \u2013 Portador de afec\u00e7\u00e3o que gera incapacidade f\u00edsica, comprovada por atestado m\u00e9dico, que impe\u00e7a a realiza\u00e7\u00e3o das atividades acad\u00eamicas durante todo o per\u00edodo letivo, ainda que esteja em regime de exerc\u00edcios domiciliares.<\/p>\n\n\n\n<p>II \u2013 Em presta\u00e7\u00e3o de servi\u00e7o militar obrigat\u00f3rio.<\/p>\n\n\n\n<p>Par\u00e1grafo \u00fanico. A Coordena\u00e7\u00e3o do Curso efetivar\u00e1 o trancamento no SIG, certificando-se no processo.<\/p>\n","protected":false},"excerpt":{"rendered":"<p>A solicita\u00e7\u00e3o de trancamento \u00e9 realizada pelo(a) pr\u00f3prio(a) discente, no prazo previsto no&nbsp;Calend\u00e1rio Acad\u00eamico,&nbsp;por meio [&hellip;]<\/p>\n","protected":false},"author":63,"featured_media":0,"parent":0,"menu_order":0,"comment_status":"closed","ping_status":"closed","template":"","meta":{"footnotes":""},"class_list":["post-184","page","type-page","status-publish","hentry"],"_links":{"self":[{"href":"https:\/\/www.ccsa.ufpb.br\/atuariais\/wp-json\/wp\/v2\/pages\/184","targetHints":{"allow":["GET"]}}],"collection":[{"href":"https:\/\/www.ccsa.ufpb.br\/atuariais\/wp-json\/wp\/v2\/pages"}],"about":[{"href":"https:\/\/www.ccsa.ufpb.br\/atuariais\/wp-json\/wp\/v2\/types\/page"}],"author":[{"embeddable":true,"href":"https:\/\/www.ccsa.ufpb.br\/atuariais\/wp-json\/wp\/v2\/users\/63"}],"replies":[{"embeddable":true,"href":"https:\/\/www.ccsa.ufpb.br\/atuariais\/wp-json\/wp\/v2\/comments?post=184"}],"version-history":[{"count":2,"href":"https:\/\/www.ccsa.ufpb.br\/atuariais\/wp-json\/wp\/v2\/pages\/184\/revisions"}],"predecessor-version":[{"id":187,"href":"https:\/\/www.ccsa.ufpb.br\/atuariais\/wp-json\/wp\/v2\/pages\/184\/revisions\/187"}],"wp:attachment":[{"href":"https:\/\/www.ccsa.ufpb.br\/atuariais\/wp-json\/wp\/v2\/media?parent=184"}],"curies":[{"name":"wp","href":"https:\/\/api.w.org\/{rel}","templated":true}]}}