{"id":19,"date":"2025-09-25T08:43:15","date_gmt":"2025-09-25T11:43:15","guid":{"rendered":"https:\/\/www.ccsa.ufpb.br\/atuariais1\/?page_id=19"},"modified":"2025-09-25T08:44:38","modified_gmt":"2025-09-25T11:44:38","slug":"projetos-de-extensao-e-pesquisa","status":"publish","type":"page","link":"https:\/\/www.ccsa.ufpb.br\/atuariais\/projetos-de-extensao-e-pesquisa\/","title":{"rendered":"Projetos de extens\u00e3o e pesquisa"},"content":{"rendered":"\n<p><\/p>\n\n\n\n<h2 class=\"wp-block-heading\"><div class=\"linha-header\"><a href=\"https:\/\/biolinky.co\/dpcatuarial\" target=\"_blank\" rel=\"noreferrer noopener\">Dissemina\u00e7\u00e3o e Populariza\u00e7\u00e3o da Ci\u00eancia&nbsp;Atuarial<\/a><\/div><\/h2>\n\n\n\n<p>Dissemina\u00e7\u00e3o e Populariza\u00e7\u00e3o da Ci\u00eancia Atuarial (DPCA) \u00e9 um projeto de extens\u00e3o&nbsp;da Universidade Federal da Para\u00edba (UFPB)&nbsp;que tem&nbsp;por objetivo empoderar \u00e0 sociedade do conhecimento sobre os&nbsp;princ\u00edpios atuariais b\u00e1sicos, de forma que tenham maior capacidade lidar com o aleat\u00f3rio, bem como maior conhecimento sobre o funcionamento de atividades em que o atu\u00e1rio atua.<\/p>\n\n\n\n<h2 class=\"wp-block-heading\"><div class=\"linha-header\"><strong><a href=\"https:\/\/epcextensao.wixsite.com\/ufpb\" target=\"_blank\" rel=\"noreferrer noopener\">Educa\u00e7\u00e3o em Previd\u00eancia Complementar<\/a><\/strong><\/div><\/h2>\n\n\n\n<p>Educa\u00e7\u00e3o em Previd\u00eancia Complementar (EPC) \u00e9 um projeto de extens\u00e3o da Universidade Federal da Para\u00edba (UFPB) que tem como objetivo educar para disseminar as culturas de prote\u00e7\u00e3o previdenci\u00e1ria e de fomento da previd\u00eancia complementar.<\/p>\n\n\n\n<h2 class=\"wp-block-heading\"><div class=\"linha-header\"><strong><a href=\"https:\/\/www.ccsa.ufpb.br\/atuariais\/lager\/\">Laborat\u00f3rio de Gerenciamento de Risco (LAGER)<\/a><\/strong><\/div><\/h2>\n\n\n\n<p>O projeto intitulado \u201cLaborat\u00f3rio de Gerenciamento de Risco (LAGER)\u201d tem por objetivo levar \u00e0 sociedade conhecimento sobre as pr\u00e1ticas de gerenciamento de riscos.&nbsp;&nbsp;&nbsp;<\/p>\n\n\n\n<h2 class=\"wp-block-heading\"><div class=\"linha-header\"><strong><a href=\"https:\/\/www.instagram.com\/sigerip.ufpb\/\" target=\"_blank\" rel=\"noreferrer noopener\">Sistemas Inteligentes para Gest\u00e3o de Riscos e Previs\u00e3o<\/a><\/strong><\/div><\/h2>\n\n\n\n<p>O projeto de extens\u00e3o Sistemas Inteligentes para Gest\u00e3o de Riscos e Previs\u00f5es \u00e9 uma iniciativa fundamentada em m\u00e9todos quantitativos, intelig\u00eancia artificial, estat\u00edstica e atu\u00e1ria, com o objetivo de desenvolver um sistema inteligente de apoio \u00e0 decis\u00e3o. Voltado para an\u00e1lise e previs\u00e3o de dados demogr\u00e1ficos, como taxas de mortalidade e expectativa de vida, o projeto visa atender \u00e0s necessidades da sociedade e capacitar profissionais, estudantes e demais interessados no uso de sistemas inteligentes.<\/p>\n\n\n\n<h2 class=\"wp-block-heading\"><div class=\"linha-header\">An\u00e1lise estat\u00edstica e atuarial da capacidade de pagamentos de benef\u00edcios em planos de entidades fechadas de previd\u00eancia complementar no Brasil<\/div><\/h2>\n\n\n\n<p>Prof. Dr. Luiz Carlos Santos Junior<br>Projeto de inicia\u00e7\u00e3o cient\u00edfica<br>Objetivo: Analisar estat\u00edstica e atuarialmente a capacidade de pagamentos dos fundos de pens\u00e3o brasileiros.&nbsp;<\/p>\n\n\n\n<p><strong><em>Projeto contemplado com recursos financeiros por meio da chamada interna de produtividade em pesquisa PROPESQ\/PRPG\/UFPB n\u00ba 03\/2020<\/em><\/strong><\/p>\n\n\n\n<h2 class=\"wp-block-heading\"><div class=\"linha-header\">Gerenciamento de risco para MPES e MEI<\/div><\/h2>\n\n\n\n<p>Profa. Dra. Anna Paola Fernandes Freire<\/p>\n\n\n\n<p><strong><em>Projeto contemplado com recursos financeiros por meio da chamada interna de produtividade em pesquisa PROPESQ\/PRPG\/UFPB n\u00ba 03\/2020<\/em><\/strong><\/p>\n\n\n\n<h2 class=\"wp-block-heading\"><div class=\"linha-header\"><a href=\"https:\/\/www.instagram.com\/cdtprev\/\" target=\"_blank\" rel=\"noreferrer noopener\">Conhecendo seus Direitos Trabalhistas e Previdenci\u00e1rios (CDTPREV)<\/a><\/div><\/h2>\n\n\n\n<p>O projeto de extens\u00e3o Conhecendo seus Direitos Trabalhistas e Previdenci\u00e1rios (CDTPREV) \u00e9 uma iniciativa acad\u00eamica e social criada para enfrentar um problema significativo da popula\u00e7\u00e3o: o desconhecimento generalizado sobre os direitos trabalhistas e previdenci\u00e1rios. Por meio de minicursos, palestras, oficinas e organiza\u00e7\u00e3o de eventos, o CDTPREV busca preencher essa lacuna, capacitando diversos p\u00fablicos de forma a exercerem seus direitos de maneira consciente e informada. O objetivo principal do projeto \u00e9 disseminar o conhecimento sobre a legisla\u00e7\u00e3o trabalhista e previdenci\u00e1ria de forma acess\u00edvel e clara.<br>Divulga\u00e7\u00e3o (ou link no t\u00edtulo do projeto): https:\/\/www.instagram.com\/cdtprev\/<\/p>\n\n\n\n<h2 class=\"wp-block-heading\"><div class=\"linha-header\">Os reflexos das decis\u00f5es gerenciais na condi\u00e7\u00e3o financeira e atuarial dos Regimes Pr\u00f3prios de Previd\u00eancia Social<\/div><\/h2>\n\n\n\n<p>Planos de trabalho do projeto:<\/p>\n\n\n\n<p>POL\u00cdTICAS DE INVESTIMENTOS: UMA AN\u00c1LISE DE SUAS A\u00c7\u00d5ES PARA MANTER O EQUIL\u00cdBRIO FINANCEIRO E ATUARIAL DO REGIME PR\u00d3PRIO DE PREVID\u00caNCIA SOCIAL<\/p>\n\n\n\n<p>SITUA\u00c7\u00c3O DOS REGIMES PR\u00d3PRIOS DE PREVID\u00caNCIA SOCIAL COM BASE NOS INDICADORES DE SITUA\u00c7\u00c3O PREVIDENCI\u00c1RIA (ISP)<\/p>\n\n\n\n<p>AN\u00c1LISE QUALITATIVA DO REFLEXO DAS DECIS\u00d5ES GERENCIAIS NA CONDI\u00c7\u00c3O FINANCEIRA E ATUARIAL DOS REGIMES PR\u00d3PRIOS DE PREVID\u00caNCIA SOCIAL.<\/p>\n\n\n\n<p>Dois bolsistas e um volunt\u00e1rio<\/p>\n\n\n\n<p>Descri\u00e7\u00e3o:<\/p>\n\n\n\n<p>Com base na proposta da pesquisa, esta busca realizar a identifica\u00e7\u00e3o do impacto das decis\u00f5es gerenciais sobre o equil\u00edbrio financeiro e atuarial do RPPS, buscando entender melhor as situa\u00e7\u00f5es nos RPPS\u2019s, tendo em vista que a Ag\u00eancia do Senado Federal (2019) apontou que, em 2017, \u00e0 exce\u00e7\u00e3o dos chamados estados novos \u2014 Roraima, Rond\u00f4nia, Tocantins e Amap\u00e1 \u2014, os demais operavam com d\u00e9ficit financeiro. Em alguns, o d\u00e9ficit superou os 15% da receita corrente l\u00edquida (RCL), como Rio Grande do Norte, Santa Catarina, Rio de Janeiro, Minas Gerais e Rio Grande do Sul. Assim, para atender o objetivo do estudo, a metodologia foi classificada com uma abordagem qualitativa-quantitativa e quanto aos meios, como documental.<\/p>\n\n\n\n<p><br>A pesquisa busca colaborar com a forma\u00e7\u00e3o do discente atrav\u00e9s de sua introdu\u00e7\u00e3o na inicia\u00e7\u00e3o cient\u00edfica, tendo em vista que, ao longo do projeto, ele ver\u00e1, de forma pr\u00e1tica e aplicada, a teoria apresentada na sala de aula no que se refere ao equil\u00edbrio financeiro e atuarial dos RPPS\u2019s, entendendo toda a forma\u00e7\u00e3o dos valores que corroboram para obten\u00e7\u00e3o do equil\u00edbrio, al\u00e9m de identificar os reflexos das decis\u00f5es dos gestores sobre esses resultados. Ademais, trazer informa\u00e7\u00f5es mais detalhadas para a sociedade, e principalmente, para os usu\u00e1rios da informa\u00e7\u00e3o que s\u00e3o os vinculados ao RPPS\u2019s.<\/p>\n","protected":false},"excerpt":{"rendered":"<p>Dissemina\u00e7\u00e3o e Populariza\u00e7\u00e3o da Ci\u00eancia&nbsp;Atuarial Dissemina\u00e7\u00e3o e Populariza\u00e7\u00e3o da Ci\u00eancia Atuarial (DPCA) \u00e9 um projeto [&hellip;]<\/p>\n","protected":false},"author":63,"featured_media":0,"parent":0,"menu_order":0,"comment_status":"closed","ping_status":"closed","template":"","meta":{"footnotes":""},"class_list":["post-19","page","type-page","status-publish","hentry"],"_links":{"self":[{"href":"https:\/\/www.ccsa.ufpb.br\/atuariais\/wp-json\/wp\/v2\/pages\/19","targetHints":{"allow":["GET"]}}],"collection":[{"href":"https:\/\/www.ccsa.ufpb.br\/atuariais\/wp-json\/wp\/v2\/pages"}],"about":[{"href":"https:\/\/www.ccsa.ufpb.br\/atuariais\/wp-json\/wp\/v2\/types\/page"}],"author":[{"embeddable":true,"href":"https:\/\/www.ccsa.ufpb.br\/atuariais\/wp-json\/wp\/v2\/users\/63"}],"replies":[{"embeddable":true,"href":"https:\/\/www.ccsa.ufpb.br\/atuariais\/wp-json\/wp\/v2\/comments?post=19"}],"version-history":[{"count":2,"href":"https:\/\/www.ccsa.ufpb.br\/atuariais\/wp-json\/wp\/v2\/pages\/19\/revisions"}],"predecessor-version":[{"id":23,"href":"https:\/\/www.ccsa.ufpb.br\/atuariais\/wp-json\/wp\/v2\/pages\/19\/revisions\/23"}],"wp:attachment":[{"href":"https:\/\/www.ccsa.ufpb.br\/atuariais\/wp-json\/wp\/v2\/media?parent=19"}],"curies":[{"name":"wp","href":"https:\/\/api.w.org\/{rel}","templated":true}]}}