{"id":231,"date":"2025-09-26T11:07:18","date_gmt":"2025-09-26T14:07:18","guid":{"rendered":"https:\/\/www.ccsa.ufpb.br\/atuariais1\/?page_id=231"},"modified":"2026-02-09T17:54:17","modified_gmt":"2026-02-09T20:54:17","slug":"tcc","status":"publish","type":"page","link":"https:\/\/www.ccsa.ufpb.br\/atuariais\/tcc\/","title":{"rendered":"TCC"},"content":{"rendered":"\n<p><\/p>\n\n\n\n<h2 class=\"wp-block-heading\"><div class=\"linha-header\">Trabalhos de Conclus\u00e3o de Curso dos alunos de Ci\u00eancias Atuariais ( TCC 2 )<\/div><\/h2>\n\n\n\n<p><\/p>\n\n\n\n<details class=\"wp-block-details is-layout-flow wp-block-details-is-layout-flow\"><summary>Ano de 2025<\/summary>\n<p>AN\u00c1LISE DOS EFEITOS DEMOGR\u00c1FICOS, ECON\u00d4MICOS E EPIDEMIOL\u00d3GICO SOBRE O RESULTADO DO REGIME GERAL DE PREVID\u00caNCIA SOCIAL<br>Discente:&nbsp; Alice do Nascimento Mendes<\/p>\n\n\n\n<div class=\"wp-block-file\"><a id=\"wp-block-file--media-11c12ad3-d7ea-4cb7-b986-7215b729a88d\" href=\"https:\/\/www.ccsa.ufpb.br\/atuariais\/wp-content\/uploads\/sites\/179\/sites\/387\/2025\/09\/alice-do-nascimento-mendes_versao-final-do-tcc.pdf\" target=\"_blank\" rel=\"noreferrer noopener\">Baixar<\/a><a href=\"https:\/\/www.ccsa.ufpb.br\/atuariais\/wp-content\/uploads\/sites\/179\/sites\/387\/2025\/09\/alice-do-nascimento-mendes_versao-final-do-tcc.pdf\" class=\"wp-block-file__button wp-element-button\" download aria-describedby=\"wp-block-file--media-11c12ad3-d7ea-4cb7-b986-7215b729a88d\">Baixar<\/a><\/div>\n\n\n\n<hr class=\"wp-block-separator has-alpha-channel-opacity\" \/>\n\n\n\n<p><\/p>\n\n\n\n<p>OS REFLEXOS DO AUMENTO DE CONTRIBUI\u00c7\u00d5ES AO VGBL SOBRE O VOLUME DE APLICA\u00c7\u00d5ES NA CADERNETA DE POUPAN\u00c7A E TESOURO DIRETO ENTRE 2015 E 2022<br>Discente:&nbsp; Andressa Faustino da Silva Coutinho<\/p>\n\n\n\n<div class=\"wp-block-file\"><a id=\"wp-block-file--media-9a96434a-719b-4331-87c0-aa31155e8364\" href=\"https:\/\/www.ccsa.ufpb.br\/atuariais\/wp-content\/uploads\/sites\/179\/sites\/387\/2025\/09\/andressa-faustino-da-silva-coutinho_versao-final-do-tcc.pdf\" target=\"_blank\" rel=\"noreferrer noopener\">Baixar<\/a><a href=\"https:\/\/www.ccsa.ufpb.br\/atuariais\/wp-content\/uploads\/sites\/179\/sites\/387\/2025\/09\/andressa-faustino-da-silva-coutinho_versao-final-do-tcc.pdf\" class=\"wp-block-file__button wp-element-button\" download aria-describedby=\"wp-block-file--media-9a96434a-719b-4331-87c0-aa31155e8364\">Baixar<\/a><\/div>\n\n\n\n<hr class=\"wp-block-separator has-alpha-channel-opacity\" \/>\n\n\n\n<p><\/p>\n\n\n\n<p>RELA\u00c7\u00c3O ENTRE RATINGS DE CR\u00c9DITO E O CUSTO DE CAPITAL DE EMPRESAS DE CAPITAL ABERTO CONSIDERANDO O MODELO EXPOSURE AT DEFAULT<br>Discente:&nbsp; Brenda Morais de Almeida<\/p>\n\n\n\n<div class=\"wp-block-file\"><a id=\"wp-block-file--media-6e4f4a11-2b71-4f34-a81c-3497d1521d49\" href=\"https:\/\/www.ccsa.ufpb.br\/atuariais\/wp-content\/uploads\/sites\/179\/sites\/387\/2025\/09\/brenda-morais-de-almeida_versao-final-do-tcc-1.pdf\" target=\"_blank\" rel=\"noreferrer noopener\">Baixar<\/a><a href=\"https:\/\/www.ccsa.ufpb.br\/atuariais\/wp-content\/uploads\/sites\/179\/sites\/387\/2025\/09\/brenda-morais-de-almeida_versao-final-do-tcc-1.pdf\" class=\"wp-block-file__button wp-element-button\" download aria-describedby=\"wp-block-file--media-6e4f4a11-2b71-4f34-a81c-3497d1521d49\">Baixar<\/a><\/div>\n\n\n\n<hr class=\"wp-block-separator has-alpha-channel-opacity\" \/>\n\n\n\n<p><\/p>\n\n\n\n<p>FATORES&nbsp; QUE&nbsp; IMPACTARAM&nbsp; A&nbsp; RENTABILIDADE&nbsp; DOS&nbsp; INVESTIMENTOS&nbsp; DOS&nbsp; FUNDOS DE PENS\u00c3O DEFICIT\u00c1RIOS NO PER\u00cdODO DE 2018 A 2022<br>Discente:&nbsp; Carla Nayara Miguel Ribeiro<\/p>\n\n\n\n<div class=\"wp-block-file\"><a id=\"wp-block-file--media-220a0599-0486-4184-9c40-3e617bf5bc18\" href=\"https:\/\/www.ccsa.ufpb.br\/atuariais\/wp-content\/uploads\/sites\/179\/sites\/387\/2025\/09\/carla-nayara-miguel-ribeiro_versao-final-do-tcc.pdf\" target=\"_blank\" rel=\"noreferrer noopener\">Baixar<\/a><a href=\"https:\/\/www.ccsa.ufpb.br\/atuariais\/wp-content\/uploads\/sites\/179\/sites\/387\/2025\/09\/carla-nayara-miguel-ribeiro_versao-final-do-tcc.pdf\" class=\"wp-block-file__button wp-element-button\" download aria-describedby=\"wp-block-file--media-220a0599-0486-4184-9c40-3e617bf5bc18\">Baixar<\/a><\/div>\n\n\n\n<hr class=\"wp-block-separator has-alpha-channel-opacity\" \/>\n\n\n\n<p><\/p>\n\n\n\n<p>ADER\u00caNCIA DE T\u00c1BUAS DE MORTALIDADE VERSUS AJUSTES DE LEIS DE MORTALIDADE<br>Discente:&nbsp; Carlos Alberto Gon\u00e7alo Barbosa<\/p>\n\n\n\n<div class=\"wp-block-file\"><a id=\"wp-block-file--media-e710233a-d309-4776-8aa0-9a67298f37cb\" href=\"https:\/\/www.ccsa.ufpb.br\/atuariais\/wp-content\/uploads\/sites\/179\/sites\/387\/2025\/09\/carlos-alberto-goncalo-barbosa_versao-final-do-tcc.pdf\" target=\"_blank\" rel=\"noreferrer noopener\">Baixar<\/a><a href=\"https:\/\/www.ccsa.ufpb.br\/atuariais\/wp-content\/uploads\/sites\/179\/sites\/387\/2025\/09\/carlos-alberto-goncalo-barbosa_versao-final-do-tcc.pdf\" class=\"wp-block-file__button wp-element-button\" download aria-describedby=\"wp-block-file--media-e710233a-d309-4776-8aa0-9a67298f37cb\">Baixar<\/a><\/div>\n\n\n\n<hr class=\"wp-block-separator has-alpha-channel-opacity\" \/>\n\n\n\n<p><\/p>\n\n\n\n<p>A EDUCA\u00c7\u00c3O FINANCEIRA E A APOSENTADORIA SOB A VIS\u00c3O DOS ALUNOS DAS CI\u00caNCIAS ATUARIAIS, CONTABEIS E ECON\u00d4MICAS DA UFPB<br>Discente:&nbsp; Chain\u00e1 Suzanny Carvalho de Sousa Moura<\/p>\n\n\n\n<div class=\"wp-block-file\"><a id=\"wp-block-file--media-c8edeaeb-d10f-4a06-b5d7-45f42669e77e\" href=\"https:\/\/www.ccsa.ufpb.br\/atuariais\/wp-content\/uploads\/sites\/179\/sites\/387\/2025\/09\/chaina-suzanny-carvalho-de-sousa-moura_versao-final-do-tcc.pdf\" target=\"_blank\" rel=\"noreferrer noopener\">Baixar<\/a><a href=\"https:\/\/www.ccsa.ufpb.br\/atuariais\/wp-content\/uploads\/sites\/179\/sites\/387\/2025\/09\/chaina-suzanny-carvalho-de-sousa-moura_versao-final-do-tcc.pdf\" class=\"wp-block-file__button wp-element-button\" download aria-describedby=\"wp-block-file--media-c8edeaeb-d10f-4a06-b5d7-45f42669e77e\">Baixar<\/a><\/div>\n\n\n\n<hr class=\"wp-block-separator has-alpha-channel-opacity\" \/>\n\n\n\n<p><\/p>\n\n\n\n<p><a href=\"https:\/\/drive.ufpb.br\/s\/CNRbmcBHqABjZL5\">MUDAN\u00c7A DE REGIME DE TRIBUTA\u00c7\u00c3O NOS PLANOS DE PREVID\u00caNCIA&nbsp; PRIVADA (VGBL E PGBL) AP\u00d3S A IMPLEMENTA\u00c7\u00c3O DA LEI N\u00ba 14.803\/2024<br>Discente:&nbsp; Clara Beatriz Ramos dos Santos<\/a><\/p>\n\n\n\n<p>REGULA\u00c7\u00c3O ATUARIAL NOS PLANOS DE SA\u00daDE: UM ESTUDO DOS PADR\u00d5ES DE RESERV A POR MEIO DOS&nbsp; INDICADORES FINANCEIROS<br>Discente:&nbsp; Ianneska Barreto de Lima<\/p>\n\n\n\n<div class=\"wp-block-file\"><a id=\"wp-block-file--media-f386965c-1a95-41b4-9b2d-eb6b4e6a37e5\" href=\"https:\/\/www.ccsa.ufpb.br\/atuariais\/wp-content\/uploads\/sites\/179\/sites\/387\/2025\/09\/ianneska-barreto-de-lima_versao-final-do-tcc.pdf\" target=\"_blank\" rel=\"noreferrer noopener\">Baixar<\/a><a href=\"https:\/\/www.ccsa.ufpb.br\/atuariais\/wp-content\/uploads\/sites\/179\/sites\/387\/2025\/09\/ianneska-barreto-de-lima_versao-final-do-tcc.pdf\" class=\"wp-block-file__button wp-element-button\" download aria-describedby=\"wp-block-file--media-f386965c-1a95-41b4-9b2d-eb6b4e6a37e5\">Baixar<\/a><\/div>\n\n\n\n<hr class=\"wp-block-separator has-alpha-channel-opacity\" \/>\n\n\n\n<p><\/p>\n\n\n\n<p>EVOLU\u00c7\u00c3O DAS TAXAS DE FECUNDIDADE NA PARA\u00cdBA<br>Discente:&nbsp; Isabela de Freitas Silva<\/p>\n\n\n\n<div class=\"wp-block-file\"><a id=\"wp-block-file--media-e8f8c8c0-ae84-4165-a795-a0e0a17d7add\" href=\"https:\/\/www.ccsa.ufpb.br\/atuariais\/wp-content\/uploads\/sites\/179\/sites\/387\/2025\/09\/isabela-de-freitas-silva_versao-final-do-tcc.pdf\" target=\"_blank\" rel=\"noreferrer noopener\">Baixar<\/a><a href=\"https:\/\/www.ccsa.ufpb.br\/atuariais\/wp-content\/uploads\/sites\/179\/sites\/387\/2025\/09\/isabela-de-freitas-silva_versao-final-do-tcc.pdf\" class=\"wp-block-file__button wp-element-button\" download aria-describedby=\"wp-block-file--media-e8f8c8c0-ae84-4165-a795-a0e0a17d7add\">Baixar<\/a><\/div>\n\n\n\n<hr class=\"wp-block-separator has-alpha-channel-opacity\" \/>\n\n\n\n<p><\/p>\n\n\n\n<p>IMPACTO DAS MUDAN\u00c7AS NA COMPOSI\u00c7\u00c3O FAMILIAR BRASILEIRA SOBRE&nbsp; O RESULTADO ATUARIAL DOS RPPS: UM ESTUDO APLICADO AOS&nbsp; BENEF\u00cdCIOS DE PENS\u00c3O POR MORTE DE UM RPPS PARAIBANO<br>Discente:&nbsp; Lucas Monteiro da Concei\u00e7\u00e3o Nascimento<\/p>\n\n\n\n<div class=\"wp-block-file\"><a id=\"wp-block-file--media-cb5796ef-0076-4f81-a33e-9b971009283f\" href=\"https:\/\/www.ccsa.ufpb.br\/atuariais\/wp-content\/uploads\/sites\/179\/sites\/387\/2025\/09\/lucas-monteiro-da-conceicao-nascimento_versao-final-do-tcc.pdf\" target=\"_blank\" rel=\"noreferrer noopener\">Baixar<\/a><a href=\"https:\/\/www.ccsa.ufpb.br\/atuariais\/wp-content\/uploads\/sites\/179\/sites\/387\/2025\/09\/lucas-monteiro-da-conceicao-nascimento_versao-final-do-tcc.pdf\" class=\"wp-block-file__button wp-element-button\" download aria-describedby=\"wp-block-file--media-cb5796ef-0076-4f81-a33e-9b971009283f\">Baixar<\/a><\/div>\n\n\n\n<hr class=\"wp-block-separator has-alpha-channel-opacity\" \/>\n\n\n\n<p><\/p>\n\n\n\n<p>BENEF\u00cdCIO&nbsp; DE PRESTA\u00c7\u00c3O&nbsp; CONTINUADA&nbsp; PARA&nbsp; PESSOAS&nbsp; COM DEFICI\u00caNCIA: EVOLU\u00c7\u00c3O DOS&nbsp; RECURSOS&nbsp; GASTOS NAS&nbsp; REGI\u00d5ES DO BRASIL<br>Discente:&nbsp; Maria Eduarda Lacerda da Silva Barbosa<\/p>\n\n\n\n<div class=\"wp-block-file\"><a id=\"wp-block-file--media-47cb7b9c-7a9e-431c-aecc-9a785d0d133c\" href=\"https:\/\/www.ccsa.ufpb.br\/atuariais\/wp-content\/uploads\/sites\/179\/sites\/387\/2025\/09\/maria-eduarda-lacerda-da-silva-barbosa_versao-final-do-tcc.pdf\" target=\"_blank\" rel=\"noreferrer noopener\">Baixar<\/a><a href=\"https:\/\/www.ccsa.ufpb.br\/atuariais\/wp-content\/uploads\/sites\/179\/sites\/387\/2025\/09\/maria-eduarda-lacerda-da-silva-barbosa_versao-final-do-tcc.pdf\" class=\"wp-block-file__button wp-element-button\" download aria-describedby=\"wp-block-file--media-47cb7b9c-7a9e-431c-aecc-9a785d0d133c\">Baixar<\/a><\/div>\n\n\n\n<hr class=\"wp-block-separator has-alpha-channel-opacity\" \/>\n\n\n\n<p><\/p>\n\n\n\n<p>ALOCA\u00c7\u00c3O DE ATIVOS FINANCEIROS: UMA AN\u00c1LISE COMPARATIVA ENTRE OS M\u00c9TODOS DE ALOCA\u00c7\u00c3O TRADICIONAIS E MODELOS DECORRENTES DE INTELIG\u00caNCIA ARTIFICIAL<br>Discente:&nbsp; Roodney Douglas Gon\u00e7alves Coutinho<\/p>\n\n\n\n<div class=\"wp-block-file\"><a id=\"wp-block-file--media-09f1a910-7937-4939-9f8a-619f697cb0b5\" href=\"https:\/\/www.ccsa.ufpb.br\/atuariais\/wp-content\/uploads\/sites\/179\/sites\/387\/2025\/09\/roodney-douglas-goncalves-coutinho_versao-final-do-tcc.pdf\" target=\"_blank\" rel=\"noreferrer noopener\">Baixar<\/a><a href=\"https:\/\/www.ccsa.ufpb.br\/atuariais\/wp-content\/uploads\/sites\/179\/sites\/387\/2025\/09\/roodney-douglas-goncalves-coutinho_versao-final-do-tcc.pdf\" class=\"wp-block-file__button wp-element-button\" download aria-describedby=\"wp-block-file--media-09f1a910-7937-4939-9f8a-619f697cb0b5\">Baixar<\/a><\/div>\n\n\n\n<hr class=\"wp-block-separator has-alpha-channel-opacity\" \/>\n\n\n\n<p><\/p>\n\n\n\n<p>AN\u00c1LISE DA RENTABILIDADE DOS PLANOS PREVIDENCI\u00c1RIOS EM&nbsp; ENTIDADES FECHADAS DE PREVID\u00caNCIA COMPLEMENTAR NO&nbsp; BRASIL: UM ESTUDO COMPARATIVO (2015-2023)<br>Discente:&nbsp; Valdenilson Hil\u00e1rio Souza da Silva<\/p>\n\n\n\n<div class=\"wp-block-file\"><a id=\"wp-block-file--media-1c5b9d83-8942-439e-80ed-5c84886c33e0\" href=\"https:\/\/www.ccsa.ufpb.br\/atuariais\/wp-content\/uploads\/sites\/179\/sites\/387\/2025\/09\/valdenilson-hilario-souza-da-silva_versao-final-do-tcc.pdf\" target=\"_blank\" rel=\"noreferrer noopener\">Baixar<\/a><a href=\"https:\/\/www.ccsa.ufpb.br\/atuariais\/wp-content\/uploads\/sites\/179\/sites\/387\/2025\/09\/valdenilson-hilario-souza-da-silva_versao-final-do-tcc.pdf\" class=\"wp-block-file__button wp-element-button\" download aria-describedby=\"wp-block-file--media-1c5b9d83-8942-439e-80ed-5c84886c33e0\">Baixar<\/a><\/div>\n\n\n\n<hr class=\"wp-block-separator has-alpha-channel-opacity\" \/>\n\n\n\n<p><\/p>\n\n\n\n<p>REFLEXO DO AUMENTO DE DIAGN\u00d3STICOS&nbsp; DO TRANSTORNO DO&nbsp; ESPECTRO&nbsp; AUTISTA (TEA) SOBRE OS REAJUSTES DOS PLANOS DE SA\u00daDE<br>Discente:&nbsp; Wandal\u00facia Neves de Oliveira Silva<\/p>\n\n\n\n<div class=\"wp-block-file\"><a id=\"wp-block-file--media-b51d0506-c922-42c8-83e4-a1a5b2a44096\" href=\"https:\/\/www.ccsa.ufpb.br\/atuariais\/wp-content\/uploads\/sites\/179\/sites\/387\/2025\/09\/wandalucia-neves-de-oliveira-silva_versao-final-do-tcc.pdf\" target=\"_blank\" rel=\"noreferrer noopener\">Baixar<\/a><a href=\"https:\/\/www.ccsa.ufpb.br\/atuariais\/wp-content\/uploads\/sites\/179\/sites\/387\/2025\/09\/wandalucia-neves-de-oliveira-silva_versao-final-do-tcc.pdf\" class=\"wp-block-file__button wp-element-button\" download aria-describedby=\"wp-block-file--media-b51d0506-c922-42c8-83e4-a1a5b2a44096\">Baixar<\/a><\/div>\n\n\n\n<p><\/p>\n<\/details>\n\n\n\n<details class=\"wp-block-details is-layout-flow wp-block-details-is-layout-flow\"><summary>Ano de 2024<\/summary>\n<p>ESTUDO DOS EFEITOS DA SEGREGA\u00c7\u00c3O DE MASSA NOS RESULTADOS FINANCEIROS E ATUARIAIS DO REGIME PR\u00d3PRIO DE PREVID\u00caNCIA SOCIAL (RPPS) DO MUNIC\u00cdPIO DE JO\u00c3O PESSOA<br>Discente:&nbsp; Anne Caroline Lopes de Alc\u00e2ntara Paiva<\/p>\n\n\n\n<div class=\"wp-block-file\"><a id=\"wp-block-file--media-feebd6b2-fbba-4d2f-9d1b-b19e5c58fabe\" href=\"https:\/\/www.ccsa.ufpb.br\/atuariais\/wp-content\/uploads\/sites\/179\/sites\/387\/2025\/09\/tcc-anne-caroline.pdf\" target=\"_blank\" rel=\"noreferrer noopener\">Baixar<\/a><a href=\"https:\/\/www.ccsa.ufpb.br\/atuariais\/wp-content\/uploads\/sites\/179\/sites\/387\/2025\/09\/tcc-anne-caroline.pdf\" class=\"wp-block-file__button wp-element-button\" download aria-describedby=\"wp-block-file--media-feebd6b2-fbba-4d2f-9d1b-b19e5c58fabe\">Baixar<\/a><\/div>\n\n\n\n<hr class=\"wp-block-separator has-alpha-channel-opacity\" \/>\n\n\n\n<p><\/p>\n\n\n\n<p>ENVELHECIMENTO POPULACIONAL E A EVOLU\u00c7\u00c3O DOS GASTOS PREVIDENCI\u00c1RIOS NO BRASIL NO PER\u00cdODO DE 2010 A 2022<br>Discente:&nbsp; Ant\u00f4nio Jos\u00e9 Pereira Neto<\/p>\n\n\n\n<div class=\"wp-block-file\"><a id=\"wp-block-file--media-a888dbc5-9235-4a1b-be6f-506c20f42858\" href=\"https:\/\/www.ccsa.ufpb.br\/atuariais\/wp-content\/uploads\/sites\/179\/sites\/387\/2025\/09\/tcc-2_antonio_versao-final_09-05-24_com-a-ficha-catalografica.pdf\" target=\"_blank\" rel=\"noreferrer noopener\">Baixar<\/a><a href=\"https:\/\/www.ccsa.ufpb.br\/atuariais\/wp-content\/uploads\/sites\/179\/sites\/387\/2025\/09\/tcc-2_antonio_versao-final_09-05-24_com-a-ficha-catalografica.pdf\" class=\"wp-block-file__button wp-element-button\" download aria-describedby=\"wp-block-file--media-a888dbc5-9235-4a1b-be6f-506c20f42858\">Baixar<\/a><\/div>\n\n\n\n<hr class=\"wp-block-separator has-alpha-channel-opacity\" \/>\n\n\n\n<p><\/p>\n\n\n\n<p>IMPACTO SOBRE O GASTO TOTAL COM PESSOAL GERADO POR PLANOS DE AMORTIZA\u00c7\u00c3O DE D\u00c9FICIT ATUARIAL: O CASO DO MUNIC\u00cdPIO DE CABEDELO<br>Discente:&nbsp;&nbsp;Hamilton Pereira Rolim de Farias<\/p>\n\n\n\n<div class=\"wp-block-file\"><a id=\"wp-block-file--media-20fc8575-9a56-4497-aa4b-54163875dd9e\" href=\"https:\/\/www.ccsa.ufpb.br\/atuariais\/wp-content\/uploads\/sites\/179\/sites\/387\/2025\/09\/tcc_hamilton_p_r_farias_versao_final.pdf\" target=\"_blank\" rel=\"noreferrer noopener\">Baixar<\/a><a href=\"https:\/\/www.ccsa.ufpb.br\/atuariais\/wp-content\/uploads\/sites\/179\/sites\/387\/2025\/09\/tcc_hamilton_p_r_farias_versao_final.pdf\" class=\"wp-block-file__button wp-element-button\" download aria-describedby=\"wp-block-file--media-20fc8575-9a56-4497-aa4b-54163875dd9e\">Baixar<\/a><\/div>\n\n\n\n<hr class=\"wp-block-separator has-alpha-channel-opacity\" \/>\n\n\n\n<p><\/p>\n\n\n\n<p>TEORIA DAS M\u00daLTIPLAS VIDAS: UMA ABORDAGEM POR DEPEND\u00caNCIA<br>Discente:&nbsp;&nbsp;Hugo Vieira S\u00e1 Ferreira Gomes<\/p>\n\n\n\n<div class=\"wp-block-file\"><a id=\"wp-block-file--media-cb9894b4-a8b3-4340-8044-34b74487805d\" href=\"https:\/\/www.ccsa.ufpb.br\/atuariais\/wp-content\/uploads\/sites\/179\/sites\/387\/2025\/09\/tcc-ii-hugo-gomes-versao-final.pdf\" target=\"_blank\" rel=\"noreferrer noopener\">Baixar<\/a><a href=\"https:\/\/www.ccsa.ufpb.br\/atuariais\/wp-content\/uploads\/sites\/179\/sites\/387\/2025\/09\/tcc-ii-hugo-gomes-versao-final.pdf\" class=\"wp-block-file__button wp-element-button\" download aria-describedby=\"wp-block-file--media-cb9894b4-a8b3-4340-8044-34b74487805d\">Baixar<\/a><\/div>\n\n\n\n<hr class=\"wp-block-separator has-alpha-channel-opacity\" \/>\n\n\n\n<p><\/p>\n\n\n\n<p>SETOR DE SEGUROS: UM ESTUDO SOBRE A REGULA\u00c7\u00c3O DA CONTABILIDADE ATUARIAL<br>Discente:&nbsp;&nbsp;Jackson dos Santos Pereira da Silva<\/p>\n\n\n\n<div class=\"wp-block-file\"><a id=\"wp-block-file--media-d66ef76b-8396-4eda-ac9f-0278cf6b27c4\" href=\"https:\/\/www.ccsa.ufpb.br\/atuariais\/wp-content\/uploads\/sites\/179\/sites\/387\/2025\/09\/tcc-jackson-santos-versao-final.pdf\" target=\"_blank\" rel=\"noreferrer noopener\">Baixar<\/a><a href=\"https:\/\/www.ccsa.ufpb.br\/atuariais\/wp-content\/uploads\/sites\/179\/sites\/387\/2025\/09\/tcc-jackson-santos-versao-final.pdf\" class=\"wp-block-file__button wp-element-button\" download aria-describedby=\"wp-block-file--media-d66ef76b-8396-4eda-ac9f-0278cf6b27c4\">Baixar<\/a><\/div>\n\n\n\n<hr class=\"wp-block-separator has-alpha-channel-opacity\" \/>\n\n\n\n<p><\/p>\n\n\n\n<p><a href=\"https:\/\/drive.ufpb.br\/s\/R8ESARMkkMpFWkG\">IMPACTO DEMOGR\u00c1FICO NA PREVID\u00caNCIA SOCIAL: UM ESTUDO COMPARATIVO ENTRE BRASIL E FRAN\u00c7A<\/a><br>Discente:&nbsp;&nbsp;Reginere Ferreira de Lima<\/p>\n\n\n\n<hr class=\"wp-block-separator has-alpha-channel-opacity\" \/>\n\n\n\n<p><\/p>\n\n\n\n<p>MORTALIDADE POR COVID-19: IMPACTO SOBRE AS PENS\u00d5ES POR MORTE EM UM RPPS<br>Discente:&nbsp;&nbsp;Vit\u00f3ria C\u00e1ssia Oliveira Gomes da Silva<\/p>\n\n\n\n<div class=\"wp-block-file\"><a id=\"wp-block-file--media-121fb207-5a08-4222-9a04-0c746de2bae2\" href=\"https:\/\/www.ccsa.ufpb.br\/atuariais\/wp-content\/uploads\/sites\/179\/sites\/387\/2025\/09\/tcc-ii-vitoria-cassia-versao-final-resultados-alterados-com-ficha.pdf\" target=\"_blank\" rel=\"noreferrer noopener\">Baixar<\/a><a href=\"https:\/\/www.ccsa.ufpb.br\/atuariais\/wp-content\/uploads\/sites\/179\/sites\/387\/2025\/09\/tcc-ii-vitoria-cassia-versao-final-resultados-alterados-com-ficha.pdf\" class=\"wp-block-file__button wp-element-button\" download aria-describedby=\"wp-block-file--media-121fb207-5a08-4222-9a04-0c746de2bae2\">Baixar<\/a><\/div>\n\n\n\n<p><\/p>\n<\/details>\n\n\n\n<details class=\"wp-block-details is-layout-flow wp-block-details-is-layout-flow\"><summary>Ano de 2023<\/summary>\n<p>AN\u00c1LISE DE SENSIBILIDADE DE PREMISSAS ATUARIAIS: O CASO DE UM RPPS PARAIBANO<br>Discente:&nbsp;Arthur Maur\u00edcio Rodrigues Bezerra<\/p>\n\n\n\n<div class=\"wp-block-file\"><a id=\"wp-block-file--media-149d632b-83e0-4efb-9c16-5fe957e895b6\" href=\"https:\/\/www.ccsa.ufpb.br\/atuariais\/wp-content\/uploads\/sites\/179\/sites\/387\/2025\/09\/tcc-arthur-bezerra-versao-para-publicacao.pdf\" target=\"_blank\" rel=\"noreferrer noopener\">Baixar<\/a><a href=\"https:\/\/www.ccsa.ufpb.br\/atuariais\/wp-content\/uploads\/sites\/179\/sites\/387\/2025\/09\/tcc-arthur-bezerra-versao-para-publicacao.pdf\" class=\"wp-block-file__button wp-element-button\" download aria-describedby=\"wp-block-file--media-149d632b-83e0-4efb-9c16-5fe957e895b6\">Baixar<\/a><\/div>\n\n\n\n<hr class=\"wp-block-separator has-alpha-channel-opacity\" \/>\n\n\n\n<p><\/p>\n\n\n\n<p>PR\u00c1TICAS DA GEST\u00c3O DE RISCO NAS GER\u00caNCIAS DE COMPRAS DA SECRETARIA DE ADMINISTRA\u00c7\u00c3O DO ESTADO DA PARA\u00cdBA: Um estudo nas aquisi\u00e7\u00f5es, licita\u00e7\u00f5es dos bens e a manuten\u00e7\u00e3o do patrim\u00f4nio p\u00fablico.<\/p>\n\n\n\n<p>Discente:&nbsp;Jakeline Daniela Soares da Silva Nascimento<\/p>\n\n\n\n<div class=\"wp-block-file\"><a id=\"wp-block-file--media-4c0cd9c2-9a73-4a0d-bf0d-51065fb4e25a\" href=\"https:\/\/www.ccsa.ufpb.br\/atuariais\/wp-content\/uploads\/sites\/179\/sites\/387\/2025\/09\/tcc-jakeline-versao-para-publicacao.pdf\" target=\"_blank\" rel=\"noreferrer noopener\">Baixar<\/a><a href=\"https:\/\/www.ccsa.ufpb.br\/atuariais\/wp-content\/uploads\/sites\/179\/sites\/387\/2025\/09\/tcc-jakeline-versao-para-publicacao.pdf\" class=\"wp-block-file__button wp-element-button\" download aria-describedby=\"wp-block-file--media-4c0cd9c2-9a73-4a0d-bf0d-51065fb4e25a\">Baixar<\/a><\/div>\n\n\n\n<hr class=\"wp-block-separator has-alpha-channel-opacity\" \/>\n\n\n\n<p><\/p>\n\n\n\n<p>AN\u00c1LISE DE MORBIDEZ DE POLICIAIS MILITARES: O CASO DO 8\u00ba BATALH\u00c3O DA PM DA PARA\u00cdBA<br>Discente: Jos\u00e9 de Matos Mota J\u00fanior<\/p>\n\n\n\n<div class=\"wp-block-file\"><a id=\"wp-block-file--media-2887b231-a052-4be6-b794-37ad4eb5e08e\" href=\"https:\/\/www.ccsa.ufpb.br\/atuariais\/wp-content\/uploads\/sites\/179\/sites\/387\/2025\/09\/tcc-jose-de-matos-versao-para-publicacao.pdf\" target=\"_blank\" rel=\"noreferrer noopener\">Baixar<\/a><a href=\"https:\/\/www.ccsa.ufpb.br\/atuariais\/wp-content\/uploads\/sites\/179\/sites\/387\/2025\/09\/tcc-jose-de-matos-versao-para-publicacao.pdf\" class=\"wp-block-file__button wp-element-button\" download aria-describedby=\"wp-block-file--media-2887b231-a052-4be6-b794-37ad4eb5e08e\">Baixar<\/a><\/div>\n\n\n\n<p><\/p>\n<\/details>\n\n\n\n<details class=\"wp-block-details is-layout-flow wp-block-details-is-layout-flow\"><summary>Ano de 2022<\/summary>\n<p>COVID-19 NO BRASIL: REFLEXOS SOBRE A ESTRUTURA ET\u00c1RIA DA POPULA\u00c7\u00c3O E IMPACTOS NOS GASTOS FUTUROS DO SUS<br>Discente:&nbsp;Djair Pereira de Barros Neto<\/p>\n\n\n\n<div class=\"wp-block-file\"><a id=\"wp-block-file--media-53aede4f-2a12-466e-810d-1ba08e8be1d1\" href=\"https:\/\/www.ccsa.ufpb.br\/atuariais\/wp-content\/uploads\/sites\/179\/sites\/387\/2025\/09\/djair-pereira-de-barros-neto_2022-1.pdf\" target=\"_blank\" rel=\"noreferrer noopener\">Baixar<\/a><a href=\"https:\/\/www.ccsa.ufpb.br\/atuariais\/wp-content\/uploads\/sites\/179\/sites\/387\/2025\/09\/djair-pereira-de-barros-neto_2022-1.pdf\" class=\"wp-block-file__button wp-element-button\" download aria-describedby=\"wp-block-file--media-53aede4f-2a12-466e-810d-1ba08e8be1d1\">Baixar<\/a><\/div>\n\n\n\n<hr class=\"wp-block-separator has-alpha-channel-opacity\" \/>\n\n\n\n<p><\/p>\n\n\n\n<p>CLIFECONTINGENCIES: C\u00c1LCULO DE ANUIDADES E SEGUROS CONT\u00cdNUOS EM LINGUAGEM R<br>Discente:&nbsp;Pedro Henricky Soares Diniz<\/p>\n\n\n\n<div class=\"wp-block-file\"><a id=\"wp-block-file--media-25a0eeb1-8449-46cb-b069-54d70b7a3633\" href=\"https:\/\/www.ccsa.ufpb.br\/atuariais\/wp-content\/uploads\/sites\/179\/sites\/387\/2025\/09\/pedro-henricky-soares-diniz_2022-1.pdf\" target=\"_blank\" rel=\"noreferrer noopener\">Baixar<\/a><a href=\"https:\/\/www.ccsa.ufpb.br\/atuariais\/wp-content\/uploads\/sites\/179\/sites\/387\/2025\/09\/pedro-henricky-soares-diniz_2022-1.pdf\" class=\"wp-block-file__button wp-element-button\" download aria-describedby=\"wp-block-file--media-25a0eeb1-8449-46cb-b069-54d70b7a3633\">Baixar<\/a><\/div>\n<\/details>\n\n\n\n<details class=\"wp-block-details is-layout-flow wp-block-details-is-layout-flow\"><summary>Ano de 2021<\/summary>\n<hr class=\"wp-block-separator has-alpha-channel-opacity\" \/>\n\n\n\n<p><\/p>\n\n\n\n<p><a href=\"https:\/\/drive.ufpb.br\/s\/K6PoQawWfrxDq4Y\">AN\u00c1LISE DE PR\u00caMIOS ARRECADADOS NO SEGMENTO DE T\u00cdTULOS DE CAPITALIZA\u00c7\u00c3O NO BRASIL<\/a><a href=\"https:\/\/www.ccsa.ufpb.br\/atuariais\/contents\/documentos\/adrilayne-karina-costa-de-souza_2021-1.pdf\"><br><\/a>Discente:&nbsp;Adrilayne Karina Costa de Souza<br><a href=\"https:\/\/www.ccsa.ufpb.br\/atuariais\/contents\/documentos\/tcc-2-alisson-martiniano-da-silva.pdf\"><\/a><\/p>\n\n\n\n<p><a href=\"https:\/\/www.ccsa.ufpb.br\/atuariais\/contents\/documentos\/tcc-2-alisson-martiniano-da-silva.pdf\"><br><\/a><a href=\"https:\/\/drive.ufpb.br\/s\/6CG9SXGCkM6rkWn\">EMENDA CONSTITUCIONAL N\u00b0 103\/2019: UMA AN\u00c1LISE DESCRITIVA DOS&nbsp;IMPACTOS NOS RESULTADOS ATUARIAIS E FINANCEIROS DO MUNIC\u00cdPIO DE&nbsp;MONTADAS-PB<\/a><a href=\"https:\/\/www.ccsa.ufpb.br\/atuariais\/contents\/documentos\/tcc-2-alisson-martiniano-da-silva.pdf\"><br><\/a>Discente:&nbsp;Alisson Martiniano da Silva<\/p>\n\n\n\n<p><a href=\"https:\/\/www.ccsa.ufpb.br\/atuariais\/contents\/documentos\/tcc-de-allysson-marques-de-andrade-1.pdf\"><br><\/a><a href=\"https:\/\/drive.ufpb.br\/s\/ps8Yt3yEpmT2sH5\">EGRESSOS DO CURSO DE CI\u00caNCIAS ATUARIAIS DA UFPB: UMA AN\u00c1LISE DO PERFIL PESSOAL, ACAD\u00caMICO E PROFISSIONAL<\/a><a href=\"https:\/\/www.ccsa.ufpb.br\/atuariais\/contents\/documentos\/tcc-de-allysson-marques-de-andrade-1.pdf\"><br><\/a>Discente: Allysson Marques de Andrade<\/p>\n\n\n\n<p><a href=\"https:\/\/www.ccsa.ufpb.br\/atuariais\/contents\/documentos\/cristiane-alves-da-silva_2021-1.pdf\"><br><\/a><a href=\"https:\/\/drive.ufpb.br\/s\/dCw4Es4QDsidAjH\">\u00c9TICA PROFISSIONAL: A PERCEP\u00c7\u00c3O DO ESTUDANTE E DO PROFISSIONAL&nbsp;EM ATU\u00c1RIA<\/a><a href=\"https:\/\/www.ccsa.ufpb.br\/atuariais\/contents\/documentos\/cristiane-alves-da-silva_2021-1.pdf\"><br><\/a>Discente:&nbsp;Cristiane Alves da Silva<\/p>\n\n\n\n<p><a href=\"https:\/\/drive.ufpb.br\/s\/7mZxYcEqJcXEWL4\">RISCO DE MORTE EM ACIDENTES OCORRIDOS NAS RODOVIAS FEDERAIS BRASILEIRAS<\/a><br>Discente:&nbsp;Eduardo Elias da Costa J\u00fanior<br><\/p>\n\n\n\n<p><a href=\"https:\/\/drive.ufpb.br\/s\/aC8L68M8ofqbaPQ\">CI\u00caNCIAS ATUARIAIS: FATORES QUE INFLUENCIAM O PROCESSO DE ENSINO-APRENDIZAGEM NA PERCEP\u00c7\u00c3O DOS DISCENTES DA UFPB<\/a><br>Discente:&nbsp;Fabiano Delfino dos Santos<br><\/p>\n\n\n\n<p><a href=\"https:\/\/drive.ufpb.br\/s\/JPCkAGpHz3eMrjw\">PER\u00cdCIA ATUARIAL:UM MAPEAMENTO DAS ESTRUTURAS REGULAMENTARES DOS TRIBUNAIS ESTADUAIS DE JUSTI\u00c7A DO BRASIL<\/a><br>Discente:&nbsp;Juliana Karla Pereira Pinto e Silva<br><\/p>\n\n\n\n<p><a href=\"https:\/\/drive.ufpb.br\/s\/8J77fbzDTWZgSsZ\">MERCADO DE RESSEGURO NO BRASIL NA VIS\u00c3O DOS PROFISSIONAIS<\/a><a href=\"https:\/\/www.ccsa.ufpb.br\/atuariais\/contents\/documentos\/tcc-handeson-lima_-mercado-de-resseguro-na-visao-dos-profissionais-1.pdf\"><br><\/a>Discente:&nbsp;Handerson Lima da Silva<\/p>\n\n\n\n<p><a href=\"https:\/\/drive.ufpb.br\/s\/GwAmdxBGTfBALyd\">PREVIS\u00c3O DE INSOLV\u00caNCIA DE SEGURADORAS BRASILEIRAS UTILIZANDO MODELOS DE APRENDIZAGEM DE M\u00c1QUINAS<\/a><br>Discente:&nbsp;J\u00e9ssica Evelin Silva Damacena<br><\/p>\n\n\n\n<p><a href=\"https:\/\/drive.ufpb.br\/s\/yibHysdAb9angzf\">IMPACTOS NO CUSTO DA PENS\u00c3O POR MORTE PELAS REGRAS DA&nbsp;EMENDA CONSTITUCIONAL n\u00b0103\/2019: ESTUDO DE CASO EM RPPS<\/a><br>Discente:&nbsp;Lucas Iago Medeiros Alexandrino<br><\/p>\n\n\n\n<p><a href=\"https:\/\/drive.ufpb.br\/s\/HTcKpkAkjorBNSP\">AN\u00c1LISE DE RENTABILIDADE NO \u00c2MBITO DA PREVID\u00caNCIA COMPLEMENTAR ABERTA: OS FUNDOS DE INVESTIMENTO TOP 30 PREV<\/a><a href=\"https:\/\/www.ccsa.ufpb.br\/atuariais\/contents\/documentos\/tcc-2-lucas-kennedy-tavares-souza-assinado.pdf\"><br><\/a>Discente : Lucas Kennedy Tavares Souza<\/p>\n\n\n\n<p><a href=\"https:\/\/drive.ufpb.br\/s\/daz3Ajj4J479pkd\">O PAPEL DA PER\u00cdCIA ATUARIAL NO AUX\u00cdLIO DE CONFLITOS JUDICIAIS QUE ENVOLVEM REAJUSTES DE PLANOS DE SA\u00daDE: UM ESTUDO DE CASO<\/a><a href=\"https:\/\/www.ccsa.ufpb.br\/atuariais\/contents\/documentos\/tcc2-mariano-rodrigues-vl-13-entrega-definitiva.pdf\"><br><\/a>Discente:&nbsp;Mariano Rodrigues da Silva Neto<\/p>\n\n\n\n<p><a href=\"https:\/\/www.ccsa.ufpb.br\/atuariais\/contents\/documentos\/tcc-natalia-freitas-da-silva.pdf\"><br><\/a><a href=\"https:\/\/drive.ufpb.br\/s\/K6e8zmW6RcxQJJT\">EDUCA\u00c7\u00c3O ATUARIAL: GEST\u00c3O DE ATIVOS E PASSIVOS DE FUNDOS DE PENS\u00c3O EM LINGUAGEM R<\/a><a href=\"https:\/\/www.ccsa.ufpb.br\/atuariais\/contents\/documentos\/tcc-natalia-freitas-da-silva.pdf\"><br><\/a>Discente:&nbsp;N\u00e1talia Freitas da Silva<\/p>\n\n\n\n<p><a href=\"https:\/\/drive.ufpb.br\/s\/FadEScja3it4STE\">AN\u00c1LISE DOS PLANOS DE BENEF\u00cdCIO DEFINIDO OFERTADOS PELOS FUNDOS DE PENS\u00c3O NO BRASIL: SOLV\u00caNCIA, AGRUPAMENTOS E DISCRIMINA\u00c7\u00c3O DE PLANOS<\/a><br>Discente:&nbsp;Rafaela Meriele Coelho da Silva<\/p>\n\n\n\n<p><a href=\"https:\/\/drive.ufpb.br\/s\/MzgAkK2sp8X5QtQ\">REFORMA DA PREVID\u00caNCIA (EMENDA CONSTITUCIONAL N\u00ba 103\/2019): O REFLEXO SOBRE AS APOSENTADORIAS CEDIDAS PELO REGIME GERAL DE PREVID\u00caNCIA SOCIAL DIFERENCIANDO POR G\u00caNERO MASCULINO E FEMININO<\/a><br>Discente:&nbsp;Talita de Andrade Santos<\/p>\n\n\n\n<p><a href=\"https:\/\/drive.ufpb.br\/s\/5w5qJcHqT5gzbds\">DESEQUIL\u00cdBRIO T\u00c9CNICO-ATUARIAL EM PLANOS DE BENEF\u00cdCIO DEFINIDO OFERTADOS POR FUNDOS DE PENS\u00c3O: CAUSAS, PROTOCOLOS E ILUSTRA\u00c7\u00d5ES<\/a><br>Discente: Tarciso Cavalcanti de Mello Filho<\/p>\n<\/details>\n\n\n\n<details class=\"wp-block-details is-layout-flow wp-block-details-is-layout-flow\"><summary>Ano de 2020<\/summary>\n<hr class=\"wp-block-separator has-alpha-channel-opacity\" \/>\n\n\n\n<p><\/p>\n\n\n\n<p><a href=\"https:\/\/drive.ufpb.br\/s\/antiAAmb3WWKAmQ\">GEST\u00c3O DE RISCO ATUARIAL PARA OCORR\u00caNCIA DE AFOGAMENTO: Estudo de caso do corpo de bombeiros militar do Estado da Para\u00edba 2016 &#8211; 2020.<br><\/a>Discente:\u00a0Antonio da Silveira<\/p>\n\n\n\n<p><a href=\"https:\/\/drive.ufpb.br\/s\/q5sCnBoiMae4WjT\">AN\u00c1LISE DA RELA\u00c7\u00c3O DO N\u00cdVEL DE EDUCA\u00c7\u00c3O FINANCEIRA COM OS VIESES COMPORTAMENTAIS EFEITO FRAMING E AVERS\u00c3O \u00c0 PERDA<br><\/a>Discente:\u00a0Geisianny Kelly Monteiro da Costa<\/p>\n\n\n\n<p><a href=\"https:\/\/drive.ufpb.br\/s\/eREbRCL65Kmww47\">SITUA\u00c7\u00c3O DO REGIME PR\u00d3PRIO DE PREVID\u00caNCIA SOCIAL DO MUNIC\u00cdPIO DE SANTA RITA NA PARA\u00cdBA COM BASE NOS INDICADORES DE SITUA\u00c7\u00c3O PREVIDENCI\u00c1RIA (ISP).<br><\/a>Discente:\u00a0Giovanna Alvarino dos Santos<\/p>\n\n\n\n<p><a href=\"https:\/\/drive.ufpb.br\/s\/B8mFDbsP4csso22\">AN\u00c1LISE DO RESSARCIMENTO DAS OPERADORAS DE SA\u00daDE JUNTO AO SISTEMA \u00daNICO DE SA\u00daDE<br><\/a>Discente: Ionnara Salvador Silva<a href=\"https:\/\/www.ccsa.ufpb.br\/atuariais\/contents\/documentos\/tcc-versao-final-pos-defesa-mariana-de-farias-medeiros.pdf\"><\/a><\/p>\n\n\n\n<p>\u00a0<a href=\"https:\/\/www.ccsa.ufpb.br\/atuariais\/contents\/documentos\/joao-augusto-bezerra_tccii_2020-2.pdf\">AS TRANSFER\u00caNCIAS PREVIDENCI\u00c1RIAS DO RGPS DO ESTADO DA PARA\u00cdBA: Uma An\u00e1lise Especificada ao Processo de Redistribui\u00e7\u00e3o de Renda Intermunicip<\/a><a href=\"https:\/\/drive.ufpb.br\/s\/A3g8HZynMB8PeFR\">al<\/a><a href=\"https:\/\/www.ccsa.ufpb.br\/atuariais\/contents\/documentos\/joao-augusto-bezerra_tccii_2020-2.pdf\"><br><\/a>Discente: Jo\u00e3o Augusto Bezerra de Oliveira C\u00f3rdula\u00a0<\/p>\n\n\n\n<p>\u00a0<a href=\"https:\/\/drive.ufpb.br\/s\/d5Yy2ddqZSnd9bY\">COMPARA\u00c7\u00c3O DO PLANEJAMENTO FINANCEIRO DOS FUNCION\u00c1RIOS DOS SETORES P\u00daBLICO E PRIVADO DURANTE A CRISE DA COVID-19<br><\/a>Discente: Lucas Allan Vieira Assun\u00e7\u00e3o\u00a0<\/p>\n\n\n\n<p><a href=\"https:\/\/drive.ufpb.br\/s\/pkJfjCmFksGDAgs\">IMPACTO DA COVID-19 SOBRE O RESULTADO DE OPERADORAS DE PLANOS DE SA\u00daDE<\/a><br>Discente: Lucas Feitosa Barroso<\/p>\n\n\n\n<p><a href=\"https:\/\/drive.ufpb.br\/s\/jJ7b7QDH6TLaNsA\">GERENCIAMENTO DE RISCO: ANALISANDO A GEST\u00c3O DA CADEIA DE SUPRIMENTOS DA UNIVERSIDADE FEDERAL DA PARA\u00cdBA\u00a0 (UFPB)<br><\/a>Discente:\u00a0Mariana de Farias Medeiros<\/p>\n\n\n\n<p><a href=\"https:\/\/drive.ufpb.br\/s\/NgnBJ4kJGZ9c6fp\">AN\u00c1LISE DO IMPACTO DA MORTALIDADE E TAXA DE JUROS OCASIONADOS PELA PANDEMIA POR COVID-19 SOBRE O VALOR ATUAL DOS BENEF\u00cdCIOS FUTUROS DO RPPS DO MUNIC\u00cdPIO SANTA RITA\/PB<\/a><br>Discente: Micaela Carneiro da Silva<\/p>\n\n\n\n<p><a href=\"https:\/\/drive.ufpb.br\/s\/XeLRtgcASonR2Af\">GERENCIAMENTO DE RISCO: ELABORA\u00c7\u00c3O DE UM ROTEIRO COM FERRAMENTAS DE RISCO PARA MPEs e MEIs<br><\/a>Discente: Wuisley de Oliveira Andrade<\/p>\n<\/details>\n\n\n\n<details class=\"wp-block-details is-layout-flow wp-block-details-is-layout-flow\"><summary>Ano de 2019<\/summary>\n<hr class=\"wp-block-separator has-alpha-channel-opacity\" \/>\n\n\n\n<p><\/p>\n\n\n\n<p><a href=\"https:\/\/drive.ufpb.br\/s\/aWZxH6zTWqC65nf\">AN\u00c1LISE DE S\u00c9RIES TEMPORAIS APLICADA A VARI\u00c1VEIS DE PREVID\u00caNCIA COMPLEMENTAR ABERTA<br><\/a>Discente: Adriano Rennan da Silva Vieira<\/p>\n\n\n\n<p><a href=\"https:\/\/drive.ufpb.br\/s\/pTM2Da7BfAt43bP\">AN\u00c1LISE DE RISCO DOS INVESTIMENTOS FINANCEIROS DOS REGIMES PR\u00d3PRIOS DE PREVID\u00caNCIA SOCIAL DA PARA\u00cdBA<br><\/a>Discente:\u00a0Aiara Maria dos Santos Fernandes<\/p>\n\n\n\n<p><a href=\"https:\/\/drive.ufpb.br\/s\/D2aCXRCQX5dmaWt\">PROGRAMAS DE SEGURIDADE SOCIAL PELO MUNDO:\u00a0UMA AN\u00c1LISE SOBRE AS ESTRUTURAS ORGANIZACIONAIS DAS PREVID\u00caNCIAS SOCIAIS DO JAP\u00c3O, FRAN\u00c7A, CHILE E BRASIL.<\/a><br>Discente:\u00a0Alisson da Costa Santos<\/p>\n\n\n\n<p><a href=\"https:\/\/drive.ufpb.br\/s\/Hj65Js36P7KkJJw\">EDUCA\u00c7\u00c3O FINANCEIRA POR MEIO DAS M\u00cdDIAS DIGITAIS<\/a><br>Discente: Aluisio Belo Da Costa Neto<\/p>\n\n\n\n<p><a href=\"https:\/\/drive.ufpb.br\/s\/DPm9bHRdn3mbRb5\">DETERMINA\u00c7\u00c3O DA DISPOSI\u00c7\u00c3O DE ADQUIRIR SEGURO SA\u00daDE PARA C\u00c3ES: UMA AN\u00c1LISE EXPLORAT\u00d3RIA<\/a><br>Discente: Ana Isis de Assuncao Pimentel Dantas Miranda<\/p>\n\n\n\n<p><a href=\"https:\/\/drive.ufpb.br\/s\/65eeCFZPQksxiDT\">AN\u00c1LISE DE RISCOS COMPETITIVOS APLICADA A ACIDENTES NO TRABALHO: O CASO DO SETOR EL\u00c9TRICO PARAIBANO<\/a><br>Discente: Brisleny Gomes Da Silva<\/p>\n\n\n\n<p><a href=\"https:\/\/drive.ufpb.br\/s\/RB2bJH6wgAxt4Hi\">REFLEXOS DO ENVELHECIMENTO POPULACIONAL BRASILEIRO NOS CUSTOS ASSISTENCIAIS DO SETOR DE SA\u00daDE SUPLEMENTAR: UMA AN\u00c1LISE DA PROJE\u00c7\u00c3O PARA 2060<br><\/a>Discente: Danielle Diniz Ubaldine<\/p>\n\n\n\n<p><a href=\"https:\/\/drive.ufpb.br\/s\/jcEGCxsjXcK9GrM\">AN\u00c1LISE DA GEST\u00c3O DE ATIVOS DE CURTO PRAZO EM UM REGIME PR\u00d3PRIO DE PREVID\u00caNCIA SOCIAL (RPPS) UTILIZANDO O MODELO ASSET LIABILITY MANAGEMENT (ALM)<br><\/a>Discente:\u00a0Eduardo Paulino Amorim Filho<\/p>\n\n\n\n<p><a href=\"https:\/\/drive.ufpb.br\/s\/qt3sAdF7Gk5rzmL\">PRECIFICA\u00c7\u00c3O DOS PLANOS E SEGUROS SA\u00daDE MEDIANTE AS REGULAMENTA\u00c7\u00d5ES GOVERNAMENTAIS:\u00a0RESOLU\u00c7\u00c3O NORMATIVA 63\/03<br><\/a>Discente: Elizabethy Priscila de Lima Barbosa<\/p>\n\n\n\n<p><a href=\"https:\/\/drive.ufpb.br\/s\/z92pn7NWFKdZMHk\">IMPACTO NA RESERVA MATEM\u00c1TICA DE BENEF\u00cdCIOS CONCEDIDOS USANDO DIFERENTES M\u00c9TODOS DE C\u00c1LCULO PARA ANUIDADES FRACIONADAS<br><\/a>Discente:\u00a0Felipe Rigo<\/p>\n\n\n\n<p><a href=\"https:\/\/drive.ufpb.br\/s\/rAb2CJFHC5QSsPJ\">FECUNDIDADE NO BRASIL:\u00a0UMA AN\u00c1LISE A PARTIR DE GRUPOS RELIGIOSOS EM 2006<br><\/a>Discente: Giovanna Alves Nunes<\/p>\n\n\n\n<p><a href=\"https:\/\/drive.ufpb.br\/s\/p7LYM67qm32tdd3\">UM OLHAR CONT\u00c1BIL E ATUARIAL DO \u00cdNDICE DE SOLV\u00caNCIA DA CAPEF<\/a><br>Discente: Glaucio Alvez Medeiros<\/p>\n\n\n\n<p><a href=\"https:\/\/drive.ufpb.br\/s\/cWfQM4Z637wBJLm\">RISCO MORAL NO MERCADO DE SA\u00daDE SUPLEMENTAR: UMA AN\u00c1LISE DA EFIC\u00c1CIA DAS COPARTICIPA\u00c7\u00d5ES<br><\/a>Discente:\u00a0Guilherme de Oliveira Cunha<\/p>\n\n\n\n<p><a href=\"https:\/\/drive.ufpb.br\/s\/b5oPLYYCpNJz9Wt\">IMPACTO DA PROVIS\u00c3O PARA CR\u00c9DITO DE LIQUIDA\u00c7\u00c3O DUVIDOSA NO RESULTADO DE INSTITUI\u00c7\u00d5ES BANC\u00c1RIAS NO BRASIL<\/a><br>Discente: Hilton Onuki<\/p>\n\n\n\n<p><a href=\"https:\/\/drive.ufpb.br\/s\/jF2rN3HqaNa8qgS\">GOOGLE TRENDS E COMBINA\u00c7\u00c3O DE MODELOS DE APRENDIZAGEM DE M\u00c1QUINA PARA PREVIS\u00c3O DO IBOVESPA<\/a><br>Discente: Igor Luis Albuquerque Silva<br><br><a href=\"https:\/\/drive.ufpb.br\/s\/LBT7fw5yBNdie36\">GEST\u00c3O DE RISCO APLICADA AO SETOR P\u00daBLICO:\u00a0UM ESTUDO DE CASO NA PREFEITURA DO MUNIC\u00cdPIO DE SANTA RITA \u2013 PB<\/a><br>Discente:\u00a0Ingrid Maria Barbosa Dos Santos<\/p>\n\n\n\n<p><a href=\"https:\/\/drive.ufpb.br\/s\/x7mKEeotFyDq3ga\">AN\u00c1LISE BIOM\u00c9TRICA DE GERADORES DE CUSTO ASSISTENCIAL: UM ESTUDO DE CASO<\/a><br>Discente: Jamillys Dos Santos Silva<\/p>\n\n\n\n<p><a href=\"https:\/\/drive.ufpb.br\/s\/tnAQ85edpTfCt5D\">SUFICI\u00caNCIA DAS OPERADORAS DE PLANOS DE SA\u00daDE EM RELA\u00c7\u00c3O \u00c0 GARANTIA DE LASTRO DAS PROVIS\u00d5ES<br><\/a>Discente: Jo\u00e3o Rodrigues Neto<\/p>\n\n\n\n<p><a href=\"https:\/\/drive.ufpb.br\/s\/zfFM9ScLwdZsWsJ\">ECONOMIA DO SEGURO: CONSUMO DE SEGUROS E O CRESCIMENTO ECON\u00d4MICO NO BRASIL ENTRE 2009 E 2019<\/a><br>Discente: Jobson Antonio da Costa Junior<\/p>\n\n\n\n<p><a href=\"https:\/\/drive.ufpb.br\/s\/9ZPNLiZTfLKA7Zo\">APLICA\u00c7\u00c3O DAS CADEIAS DE MARKOV PARA AN\u00c1LISE DE TRANSI\u00c7\u00d5ES DE CLASSIFICA\u00c7\u00c3O DE CR\u00c9DITO: ESTUDO DE CASO EM COOPERATIVA DE CR\u00c9DITO<\/a><br>Discente: Jonatas Trajano Do Nascimento<br><br><a href=\"https:\/\/drive.ufpb.br\/s\/S2z7QQQXaaCmHcb\">O IMPACTO DA CRISE ECON\u00d4MICA DO BRASIL NO RESULTADO ATUARIAL DOS REGIMES PR\u00d3PRIOS DE PREVID\u00caNCIA SOCIAL DO BRASIL<\/a><br>Discente: Julio Cesar Da Silva<\/p>\n\n\n\n<p><a href=\"https:\/\/drive.ufpb.br\/s\/KJ7Sae96nr6QzTT\">AN\u00c1LISE DE AGRUPAMENTO DAS HIP\u00d3TESES ATUARIAIS E SEU IMPACTO NOS RESULTADOS ATUARIAIS DOS REGIMES PR\u00d3PRIOS DE PREVID\u00caNCIA DO BRASIL NO PER\u00cdODO DE 2015 A 2018: DO PLANO PREVIDENCI\u00c1RIO E POPULA\u00c7\u00c3O C\u00cdVIL<\/a><br>Discente:Karys Emanuelle F. Silva Alves<\/p>\n\n\n\n<p><a href=\"https:\/\/drive.ufpb.br\/s\/eEdqjiByYa2Gcpd\">AN\u00c1LISE DO RESULTADO ATUARIAL DOS RPPS MUNICIPAIS DO ESTADO DA PARA\u00cdBA<\/a><br>Discente: Liliane de Sousa Silva<\/p>\n\n\n\n<p><a href=\"https:\/\/drive.ufpb.br\/s\/QtE5wgZ3fzBcAsf\">AN\u00c1LISE DAS HIP\u00d3TESES ATUARIAIS BIOM\u00c9TRICAS NOS MOLDES DA PORTARIA MF N\u00ba 464\/2018: UM ESTUDO DE CASO EM UM REGIME PR\u00d3PRIO DE PREVID\u00caNCIA SOCIAL PARAIBANO<\/a><br>Discente: Matheus da Costa N\u00f3brega<\/p>\n\n\n\n<p><a href=\"https:\/\/drive.ufpb.br\/s\/AzQbnckadNynizz\">ENVELHECIMENTO POPULACIONAL:\u00a0UMA AN\u00c1LISE NA SUSTENTABILIDADE DO REGIME GERAL DE PREVID\u00caNCIA SOCIAL<br><\/a>Discente:\u00a0Mairlley de Sousa Cavalcante<\/p>\n\n\n\n<p><a href=\"https:\/\/drive.ufpb.br\/s\/MaBBtQqCagqtxK9\">A EDUCA\u00c7\u00c3O FINANCEIRA E SUA INFLU\u00caNCIA NA AQUISI\u00c7\u00c3O DE UM PLANO DE PREVID\u00caNCIA COMPLEMENTAR<br><\/a>Discente: Murillo Joaquim dos Santos Oliveira<\/p>\n\n\n\n<p><a href=\"https:\/\/drive.ufpb.br\/s\/oBDtxR6jRpY2YEf\">OS IMPACTOS DA TRANSI\u00c7\u00c3O DEMOGR\u00c1FICA NO REGIME GERAL DE PREVID\u00caNCIA DO BRASIL AT\u00c9 2060<br><\/a>Discente: Myllene Alves Ferreira<\/p>\n\n\n\n<p><a href=\"https:\/\/drive.ufpb.br\/s\/8ToXeBeBKtdiz6C\">COMPARA\u00c7\u00c3O ENTRE FUNDOS IMOBILI\u00c1RIOS E A\u00c7\u00d5ES PARA PRESERVA\u00c7\u00c3O DE PATRIM\u00d4NIO<\/a><br>Discente: Paula Bianca Picado Martins<\/p>\n\n\n\n<p><a href=\"https:\/\/drive.ufpb.br\/s\/8ToXeBeBKtdiz6C\">GOVERNAN\u00c7A ELETR\u00d4NICA: UMA PROPOSTA TE\u00d3RICA PARA AGILIZAR OS TR\u00c2MITES ADMINISTRATIVOS DO SEGURO DPVAT<\/a><br>Discente: Quezia Luiz Da Silva<br><a href=\"https:\/\/drive.ufpb.br\/s\/dj2teC6R94dRDom\"><br>SIMULA\u00c7\u00c3O DA APLICA\u00c7\u00c3O DA PEC N\u00ba 06\/2019 NO REGIME PR\u00d3PRIO DE PREVID\u00caNCIA SOCIAL (RPPS) DO MUNIC\u00cdPIO DE CABEDELO &#8211; PARA\u00cdBA<br><\/a>Discente: Rislene K\u00e1tia Ramos de Sousa<\/p>\n\n\n\n<p><a href=\"https:\/\/drive.ufpb.br\/s\/HxqoHgfnLXW3CB6\">INVESTIMENTOS PARA APOSENTADORIA: UM ESTUDO COM SERVIDORES P\u00daBLICOS DA UNIVERSIDADE FEDERAL DA PARA\u00cdBA<\/a><br>Discente: Ronaldo Pereira Martins<\/p>\n<\/details>\n\n\n\n<details class=\"wp-block-details is-layout-flow wp-block-details-is-layout-flow\"><summary>Ano de 2018<\/summary>\n<hr class=\"wp-block-separator has-alpha-channel-opacity\" \/>\n\n\n\n<p><\/p>\n\n\n\n<p><a href=\"https:\/\/drive.ufpb.br\/s\/PHpZBPCXRzfm55A\">AN\u00c1LISE DE SOBREVIV\u00caNCIA APLICADA AO TEMPO DE PERMAN\u00caNCIA DO SEGURADO EM UM PLANO DE SA\u00daDE: UM ESTUDO DE CASO<\/a><a href=\"https:\/\/www.ccsa.ufpb.br\/atuariais\/contents\/documentos\/caroline-da-silva.pdf\"><br><\/a>Discente:\u00a0Caroline da Silva Lima<\/p>\n\n\n\n<p><a href=\"https:\/\/drive.ufpb.br\/s\/7AzZyKH9X5amFRj\">UM ESTUDO DA CARTEIRA DE DIVIDENDOS COMO UM MEIO PARA APOSENTADORIA<br><\/a>Discente: Jussara Mary Ribeiro da Silva<\/p>\n\n\n\n<p><a href=\"https:\/\/drive.ufpb.br\/s\/eWwoTtLEipKZHZP\">PLANEJAMENTO FINANCEIRO PARAA APOSENTADORIA: UM ESTUDO COM OS DOCENTES DA UFPB:<br><\/a>Discente: Mari\u00e2ngela da Silva Rufino<\/p>\n\n\n\n<p><a href=\"https:\/\/drive.ufpb.br\/s\/B2Jb4Fs3Nb7m6RC\">A IMPORT\u00c2NCIA DA ATUALIZA\u00c7\u00c3O ANUAL DA BASE DE DADOS CADASTRAL NA AVALIA\u00c7\u00c3O ATUARIAL: UM ESTUDO DO RPPS DO MUNIC\u00cdPIO DE CABEDELO-PB (IPSEMC)<br><\/a>Discente: R\u00f4mulo Gomes Pereira<\/p>\n<\/details>\n\n\n\n<details class=\"wp-block-details is-layout-flow wp-block-details-is-layout-flow\"><summary>Ano de 2017<\/summary>\n<hr class=\"wp-block-separator has-alpha-channel-opacity\" \/>\n\n\n\n<p><\/p>\n\n\n\n<p><a href=\"https:\/\/drive.ufpb.br\/s\/535aN9xcWc6Z7mA\">UMA AN\u00c1LISE SOBRE DESLOCAMENTOS PENDULARES POR MOTIVO DE ESTUDO NA REGI\u00c3O METROPOLITANA DE JO\u00c3O PESSOA-RMJP<\/a><br>Discente:\u00a0 Angela Tha\u00eds Ara\u00fajo De Almeida<\/p>\n\n\n\n<p><a href=\"https:\/\/drive.ufpb.br\/s\/FkRt2zbpHLowYCr\">AVALIA\u00c7\u00c3O DA VIABILIDADE DA EQUIPARA\u00c7\u00c3O ET\u00c1RIA NAS APOSENTADORIAS<\/a><br>Discente:\u00a0 Calvin Lei<\/p>\n\n\n\n<p><a href=\"https:\/\/drive.ufpb.br\/s\/BHSz7AmK2Qe6Nz2\">A JUDICIALIZA\u00c7\u00c3O DO CERTIFICADO DE REGULARIDADE PREVIDENCI\u00c1RIA E OS RISCOS AOS REGIMES PR\u00d3PRIOS DE PREVID\u00caNCIA SOCIAL: UM PANORAMA DOS MUNIC\u00cdPIOS PARAIBANOS<\/a><br>Discente:\u00a0 Eduardo Jorge Pascoal Machado<\/p>\n\n\n\n<p><a href=\"https:\/\/drive.ufpb.br\/s\/eo9oJwbsRfP3Q3R\">UM ESTUDO SOBRE AS FORMAS DE AMORTIZA\u00c7\u00c3O DE D\u00c9FICIT ATUARIAL NO INSTITUTO DE PREVID\u00caNCIA DE PRINCESA ISABEL-PB<\/a><br>Discente:\u00a0 Ericles Mateus Batista Rodrigues<\/p>\n\n\n\n<p><a href=\"https:\/\/drive.ufpb.br\/s\/e4azfNMFTkq45Mn\">UM ESTUDO SOBRE O IMPACTO DO ENVELHECIMENTO POPULACIONAL NA PREVID\u00caNCIA SOCIAL<\/a><br>Discente:\u00a0 \u00a0Michelly Vieira Do Nascimento<\/p>\n\n\n\n<p><a href=\"https:\/\/drive.ufpb.br\/s\/T38mfLmHZQEAsMY\">PREVID\u00caNCIA COMPLEMENTAR: UMA AN\u00c1LISE SOBRE OS FATORES QUE PODEM INFLUENCIAR A ADES\u00c3O DOS DOCENTES DO DEPARTAMENTO DE FINAN\u00c7AS E CONTABILIDADE DA UNIVERSIDADE FEDERAL DA PARA\u00cdBA<\/a><br>Discente:\u00a0 Oscar Alves De Andrade Neto<\/p>\n\n\n\n<p><a href=\"https:\/\/drive.ufpb.br\/s\/fyDFDL7tA57D43z\">UM ESTUDO SOBRE A SOLV\u00caNCIA FINANCEIRA E ATUARIAL DOS REGIMES PR\u00d3PRIOS DE PREVID\u00caNCIA SOCIAL DOS MUNIC\u00cdPIOS DE JO\u00c3O PESSOA E DE CAMPINA GRANDE-PB<\/a><br>Discente:\u00a0 Ricardo Wagner Barros De Oliveira<\/p>\n\n\n\n<p><a href=\"https:\/\/drive.ufpb.br\/s\/9tTJSDimmfZpCPR\">AN\u00c1LISE HIST\u00d3RICA DOS DIFERENCIAIS DE MORTALIDADE POR SEXO E MESORREGI\u00d5ES DA PARA\u00cdBA, 1980 &#8211; 2010.<\/a><br>Discente:\u00a0 \u00a0Thailane Helena Souza De Queiroz<\/p>\n\n\n\n<p><a href=\"https:\/\/drive.ufpb.br\/s\/WYoAotpGLR2Ndm7\">ASPECTOS DEMOGR\u00c1FICOS E DE ACESSIBILIDADE DE IDOSOS NA SA\u00daDE SUPLEMENTAR BRASILEIRA<\/a><br>Discente:\u00a0 Thereza Maynara De Almeida Silva<\/p>\n\n\n\n<p><a href=\"https:\/\/drive.ufpb.br\/s\/aKTZJsdRpCH5gTG\">AN\u00c1LISE DESCRITIVA DOS MIGRANTES DE RETORNO NO ESTADO DA PARA\u00cdBA<\/a><br>Discente:\u00a0 \u00a0Vivyan Dayany De Souto Santos<\/p>\n<\/details>\n\n\n\n<details class=\"wp-block-details is-layout-flow wp-block-details-is-layout-flow\"><summary>Ano de 2016<\/summary>\n<hr class=\"wp-block-separator has-alpha-channel-opacity\" \/>\n\n\n\n<p><\/p>\n\n\n\n<p><a href=\"https:\/\/drive.ufpb.br\/s\/sDDqc2sTxHDAkDt\">FATORES QUE PODEM INFLUENCIAR O SALDO FINANCEIRO DO REGIME GERAL DE PREVIDENCIA SOCIAL BRASILEIRO<\/a><br>Discente:\u00a0 Ana Carla Felipe De Lima<\/p>\n\n\n\n<p><a href=\"https:\/\/drive.ufpb.br\/s\/6yFtzDxkpwgSBgp\">PERMAN\u00caNCIA DO JOVEM ADULTO NO DOMIC\u00cdLIO DE ORIGEM: UM ESTUDO DEMOGR\u00c1FICO PARA A REGI\u00c3O NORDESTE<\/a><br>Discente:\u00a0Cinthyonara Targino Pereira<\/p>\n\n\n\n<p><a href=\"https:\/\/drive.ufpb.br\/s\/ekzSpBx4WoRR3GB\">BALANCED SCORECARD COMO UMA FERRAMENTA ESTRAT\u00c9GICA PARA GEST\u00c3O E PLANEJAMENTO EM CORRETORAS DE SEGUROS NA CIDADE DE JO\u00c3O PESSOA<\/a><br>Discente:\u00a0 Erika Marinho Severo<\/p>\n\n\n\n<p><a href=\"https:\/\/drive.ufpb.br\/s\/ZP5qB8tLXQFSLWF\">MODELOS DE GERENCIAMENTO E CLASSIFICA\u00c7\u00c3O DO RISCO DE CR\u00c9DITO: AN\u00c1LISE DE CASO DE UMA COOPERATIVA DE CR\u00c9DITO<\/a><br>Discente:\u00a0 Gabriel Porto Montenegro Henriques<\/p>\n\n\n\n<p><em><a href=\"https:\/\/drive.ufpb.br\/s\/DDd9MeogS49grRz\">ASSET LIABILITY MANAGEMENT <\/a><\/em><a href=\"https:\/\/drive.ufpb.br\/s\/DDd9MeogS49grRz\">(ALM) EM RPPS: UMA AN\u00c1LISE DO INSTITUTO DE PREVID\u00caNCIA DOS SERVIDORES MUNICIPAIS DE CABEDELO\/PB (IPSEMC)<\/a><br>Discente:\u00a0 Hallyson Alberto De Lima E Silva<\/p>\n\n\n\n<p><a href=\"https:\/\/drive.ufpb.br\/s\/9YiWCAmbP69o6f9\">C\u00c1LCULO DO FLUXO DE CAIXA ATUARIAL PARA PLANOS DE PREVID\u00caNCIA DO TIPO BENEF\u00cdCIO DEFINIDO<\/a><br>Discente:\u00a0 Marcelo Maia Diniz<\/p>\n\n\n\n<p><a href=\"https:\/\/drive.ufpb.br\/s\/ck3D9faamgS4x5k\">AppCATU: APLICATIVO EDUCACIONAL DE CONHECIMENTOS ATUARIAIS<\/a><br>Discente:\u00a0 Maysa Francyelle De Souza<\/p>\n\n\n\n<p><a href=\"https:\/\/drive.ufpb.br\/s\/qJei2D7jge3WkX7\">MODELO DE OHLSON (1995<em>)<\/em>: SER\u00c1 QUE A ASSIMETRIA INFORMACIONAL NA COMPRA E VENDA DE A\u00c7\u014cES IMPACTA A AVALIA\u00c7\u00c5O DAS EMPRESAS?<\/a><br>Discente:\u00a0 Robertson Frederico T. Maul De Andrade<\/p>\n<\/details>\n\n\n\n<p><\/p>\n\n\n\n<p><\/p>\n","protected":false},"excerpt":{"rendered":"<p>Trabalhos de Conclus\u00e3o de Curso dos alunos de Ci\u00eancias Atuariais ( TCC 2 )<\/p>\n","protected":false},"author":63,"featured_media":0,"parent":0,"menu_order":0,"comment_status":"closed","ping_status":"closed","template":"","meta":{"footnotes":""},"class_list":["post-231","page","type-page","status-publish","hentry"],"_links":{"self":[{"href":"https:\/\/www.ccsa.ufpb.br\/atuariais\/wp-json\/wp\/v2\/pages\/231","targetHints":{"allow":["GET"]}}],"collection":[{"href":"https:\/\/www.ccsa.ufpb.br\/atuariais\/wp-json\/wp\/v2\/pages"}],"about":[{"href":"https:\/\/www.ccsa.ufpb.br\/atuariais\/wp-json\/wp\/v2\/types\/page"}],"author":[{"embeddable":true,"href":"https:\/\/www.ccsa.ufpb.br\/atuariais\/wp-json\/wp\/v2\/users\/63"}],"replies":[{"embeddable":true,"href":"https:\/\/www.ccsa.ufpb.br\/atuariais\/wp-json\/wp\/v2\/comments?post=231"}],"version-history":[{"count":47,"href":"https:\/\/www.ccsa.ufpb.br\/atuariais\/wp-json\/wp\/v2\/pages\/231\/revisions"}],"predecessor-version":[{"id":432,"href":"https:\/\/www.ccsa.ufpb.br\/atuariais\/wp-json\/wp\/v2\/pages\/231\/revisions\/432"}],"wp:attachment":[{"href":"https:\/\/www.ccsa.ufpb.br\/atuariais\/wp-json\/wp\/v2\/media?parent=231"}],"curies":[{"name":"wp","href":"https:\/\/api.w.org\/{rel}","templated":true}]}}