{"id":318,"date":"2025-09-26T14:19:32","date_gmt":"2025-09-26T17:19:32","guid":{"rendered":"https:\/\/www.ccsa.ufpb.br\/atuariais1\/?page_id=318"},"modified":"2025-09-26T14:29:46","modified_gmt":"2025-09-26T17:29:46","slug":"resolucoes-e-portarias","status":"publish","type":"page","link":"https:\/\/www.ccsa.ufpb.br\/atuariais\/resolucoes-e-portarias\/","title":{"rendered":"Resolu\u00e7\u00f5es e Portarias"},"content":{"rendered":"\n<p><\/p>\n\n\n\n<h2 class=\"wp-block-heading\"><div class=\"linha-header\">Resolu\u00e7\u00e3o Consepe 27\/2021<a href=\"https:\/\/www.ccsa.ufpb.br\/atuariais\/contents\/documentos\/rsep16_2015.pdf\"><\/a><\/div><\/h2>\n\n\n\n<p>Disp\u00f5e, considerando o isolamento social decorrente da&nbsp;pandemia da Doen\u00e7a causada pelo novo coronav\u00edrus (covid- 19), sobre a regulamenta\u00e7\u00e3o de oferta de componentes&nbsp;curriculares para a gradua\u00e7\u00e3o no Per\u00edodo Suplementar 2021.1&nbsp;com in\u00edcio aos 09 de agosto e t\u00e9rmino aos 16 de dezembro de 2021.<\/p>\n\n\n\n<div class=\"wp-block-file\"><a id=\"wp-block-file--media-81ba5ab3-99a9-4135-8540-91d16e25a900\" href=\"https:\/\/www.ccsa.ufpb.br\/atuariais\/wp-content\/uploads\/sites\/179\/sites\/387\/2025\/09\/res-_consepe_27-2021_componentes.pdf\" target=\"_blank\" rel=\"noreferrer noopener\">Baixar<\/a><a href=\"https:\/\/www.ccsa.ufpb.br\/atuariais\/wp-content\/uploads\/sites\/179\/sites\/387\/2025\/09\/res-_consepe_27-2021_componentes.pdf\" class=\"wp-block-file__button wp-element-button\" download aria-describedby=\"wp-block-file--media-81ba5ab3-99a9-4135-8540-91d16e25a900\">Baixar<\/a><\/div>\n\n\n\n<p><\/p>\n\n\n\n<h2 class=\"wp-block-heading\"><div class=\"linha-header\">Resolu\u00e7\u00e3o Consepe 12\/2021<a href=\"https:\/\/www.ccsa.ufpb.br\/atuariais\/contents\/documentos\/rsep16_2015.pdf\"><\/a><\/div><\/h2>\n\n\n\n<p>Altera a Resolu\u00e7\u00e3o n\u00ba 35\/2020 do CONSEPE que disp\u00f5e sobre a regulamenta\u00e7\u00e3o de oferta de componentes curriculares para a gradua\u00e7\u00e3o o Per\u00edodo Suplementar, considerando o isolamento social decorrente da pandemia da Doen\u00e7a causada pelo Coronav\u00edrus (Covid- 19), com in\u00edcio em 03 de mar\u00e7o e t\u00e9rmino em 19 de julho de 2021.<\/p>\n\n\n\n<div class=\"wp-block-file\"><a id=\"wp-block-file--media-0b0dfbe0-7b84-48eb-949a-7ff4468ec61f\" href=\"https:\/\/www.ccsa.ufpb.br\/atuariais\/wp-content\/uploads\/sites\/179\/sites\/387\/2025\/09\/res-_consepe_12-2021.pdf\" target=\"_blank\" rel=\"noreferrer noopener\">Baixar<\/a><a href=\"https:\/\/www.ccsa.ufpb.br\/atuariais\/wp-content\/uploads\/sites\/179\/sites\/387\/2025\/09\/res-_consepe_12-2021.pdf\" class=\"wp-block-file__button wp-element-button\" download aria-describedby=\"wp-block-file--media-0b0dfbe0-7b84-48eb-949a-7ff4468ec61f\">Baixar<\/a><\/div>\n\n\n\n<p><\/p>\n\n\n\n<h2 class=\"wp-block-heading\"><div class=\"linha-header\">Resolu\u00e7\u00e3o Consepe 29\/2020<a href=\"https:\/\/www.ccsa.ufpb.br\/atuariais\/contents\/documentos\/rsep16_2015.pdf\"><\/a><\/div><\/h2>\n\n\n\n<p>Aprova o Regulamento Geral de Gradua\u00e7\u00e3o da Universidade Federal da Para\u00edba, e revoga a resolu\u00e7\u00e3o n\u00ba 16\/2015.<\/p>\n\n\n\n<div class=\"wp-block-file\"><a id=\"wp-block-file--media-7c40387a-2db2-4063-ac5b-a100e4017977\" href=\"https:\/\/www.ccsa.ufpb.br\/atuariais\/wp-content\/uploads\/sites\/179\/sites\/387\/2025\/09\/resp29-20-resolucao-de-graduacao-5.pdf\" target=\"_blank\" rel=\"noreferrer noopener\">Baixar<\/a><a href=\"https:\/\/www.ccsa.ufpb.br\/atuariais\/wp-content\/uploads\/sites\/179\/sites\/387\/2025\/09\/resp29-20-resolucao-de-graduacao-5.pdf\" class=\"wp-block-file__button wp-element-button\" download aria-describedby=\"wp-block-file--media-7c40387a-2db2-4063-ac5b-a100e4017977\">Baixar<\/a><\/div>\n\n\n\n<p><\/p>\n\n\n\n<h2 class=\"wp-block-heading\"><div class=\"linha-header\">Boletim PRG 03\/2020\u00a0<\/div><\/h2>\n\n\n\n<p>Atualiza\u00e7\u00e3o dos procedimentos institucionais relativos ao Per\u00edodo Suplementar&nbsp;2020.1<\/p>\n\n\n\n<div class=\"wp-block-file\"><a id=\"wp-block-file--media-dfd24d45-9371-42fc-bb47-6e14ef04e615\" href=\"https:\/\/www.ccsa.ufpb.br\/atuariais\/wp-content\/uploads\/sites\/179\/sites\/387\/2025\/09\/boletim_n_3-_2020_-_prg_colao.pdf\" target=\"_blank\" rel=\"noreferrer noopener\">Baixar<\/a><a href=\"https:\/\/www.ccsa.ufpb.br\/atuariais\/wp-content\/uploads\/sites\/179\/sites\/387\/2025\/09\/boletim_n_3-_2020_-_prg_colao.pdf\" class=\"wp-block-file__button wp-element-button\" download aria-describedby=\"wp-block-file--media-dfd24d45-9371-42fc-bb47-6e14ef04e615\">Baixar<\/a><\/div>\n\n\n\n<p><\/p>\n\n\n\n<h2 class=\"wp-block-heading\"><div class=\"linha-header\">Resolu\u00e7\u00e3o Consepe 35\/2020<\/div><\/h2>\n\n\n\n<p>Disp\u00f5e sobre a regulamenta\u00e7\u00e3o de oferta de&nbsp;componentes curriculares para a gradua\u00e7\u00e3o em&nbsp;um Per\u00edodo&nbsp; Suplementar (2020.2), considerando o&nbsp;isolamento social decorrente da pandemia da&nbsp;Doen\u00e7a causada pelo Coronav\u00edrus 2019 (Covid-19), com in\u00edcio em 03 de mar\u00e7o a 03 de julho de&nbsp;2021.<\/p>\n\n\n\n<div class=\"wp-block-file\"><a id=\"wp-block-file--media-696dadef-0b63-4c4a-b070-c54f044b87f6\" href=\"https:\/\/www.ccsa.ufpb.br\/atuariais\/wp-content\/uploads\/sites\/179\/sites\/387\/2025\/09\/resp35-20.pdf\" target=\"_blank\" rel=\"noreferrer noopener\">Baixar<\/a><a href=\"https:\/\/www.ccsa.ufpb.br\/atuariais\/wp-content\/uploads\/sites\/179\/sites\/387\/2025\/09\/resp35-20.pdf\" class=\"wp-block-file__button wp-element-button\" download aria-describedby=\"wp-block-file--media-696dadef-0b63-4c4a-b070-c54f044b87f6\">Baixar<\/a><\/div>\n\n\n\n<p><\/p>\n\n\n\n<h2 class=\"wp-block-heading\"><div class=\"linha-header\">Resolu\u00e7\u00e3o Consepe 19\/2020<\/div><\/h2>\n\n\n\n<p>Disp\u00f5e sobre a regulamenta\u00e7\u00e3o de oferta de componentes curriculares para a gradua\u00e7\u00e3o em um Per\u00edodo Suplementar, considerando o isolamento social decorrente da pandemia da Doen\u00e7a causada pelo Coronav\u00edrus 2019 (Covid-19), com in\u00edcio em 08 de setembro e t\u00e9rmino em 16 de dezembro de 2020.<\/p>\n\n\n\n<div class=\"wp-block-file\"><a id=\"wp-block-file--media-24599cff-c6f3-482a-8728-0446d10e9c0b\" href=\"https:\/\/www.ccsa.ufpb.br\/atuariais\/wp-content\/uploads\/sites\/179\/sites\/387\/2025\/09\/resp19-20.pdf\" target=\"_blank\" rel=\"noreferrer noopener\">Baixar<\/a><a href=\"https:\/\/www.ccsa.ufpb.br\/atuariais\/wp-content\/uploads\/sites\/179\/sites\/387\/2025\/09\/resp19-20.pdf\" class=\"wp-block-file__button wp-element-button\" download aria-describedby=\"wp-block-file--media-24599cff-c6f3-482a-8728-0446d10e9c0b\">Baixar<\/a><\/div>\n\n\n\n<p><\/p>\n\n\n\n<h2 class=\"wp-block-heading\"><div class=\"linha-header\">Resolu\u00e7\u00e3o Consepe 16\/2015<\/div><\/h2>\n\n\n\n<p>Aprova o Regulamento dos Cursos Regulares de Gradua\u00e7\u00e3o da Universidade Federal da Para\u00edba.<\/p>\n\n\n\n<div class=\"wp-block-file\"><a id=\"wp-block-file--media-d099b71f-3a71-4248-b4db-3c96833ee085\" href=\"https:\/\/www.ccsa.ufpb.br\/atuariais\/wp-content\/uploads\/sites\/179\/sites\/387\/2025\/09\/rsep16_2015-1.pdf\" target=\"_blank\" rel=\"noreferrer noopener\">Baixar<\/a><a href=\"https:\/\/www.ccsa.ufpb.br\/atuariais\/wp-content\/uploads\/sites\/179\/sites\/387\/2025\/09\/rsep16_2015-1.pdf\" class=\"wp-block-file__button wp-element-button\" download aria-describedby=\"wp-block-file--media-d099b71f-3a71-4248-b4db-3c96833ee085\">Baixar<\/a><\/div>\n\n\n\n<p><\/p>\n\n\n\n<h2 class=\"wp-block-heading\"><div class=\"linha-header\">Resolu\u00e7\u00e3o Consuni 23\/2010<\/div><\/h2>\n\n\n\n<p>Autoriza a cria\u00e7\u00e3o no Curso de Gradua\u00e7\u00e3o Ci\u00eancias Atuariais, na modalidade Bacharelado, do Centro de Ci\u00eancias Sociais Aplicadas, Campus I da UFPB.<\/p>\n\n\n\n<div class=\"wp-block-file\"><a id=\"wp-block-file--media-c683fc92-8218-4ccb-85b9-79578b80de4a\" href=\"https:\/\/www.ccsa.ufpb.br\/atuariais\/wp-content\/uploads\/sites\/179\/sites\/387\/2025\/09\/runi23_2010.pdf\" target=\"_blank\" rel=\"noreferrer noopener\">Baixar<\/a><a href=\"https:\/\/www.ccsa.ufpb.br\/atuariais\/wp-content\/uploads\/sites\/179\/sites\/387\/2025\/09\/runi23_2010.pdf\" class=\"wp-block-file__button wp-element-button\" download aria-describedby=\"wp-block-file--media-c683fc92-8218-4ccb-85b9-79578b80de4a\">Baixar<\/a><\/div>\n\n\n\n<p><\/p>\n\n\n\n<h2 class=\"wp-block-heading\"><div class=\"linha-header\">Resolu\u00e7\u00e3o Consepe 63\/2010<\/div><\/h2>\n\n\n\n<p>Aprova o Projeto Pol\u00edtico-Pedag\u00f3gico do Curso de Gradua\u00e7\u00e3o em Ci\u00eancias Atuariais, Bacharelado, do Centro de Ci\u00eancias Sociais Aplicadas, Campus I, desta Universidade.<\/p>\n\n\n\n<div class=\"wp-block-file\"><a id=\"wp-block-file--media-066be920-acf0-49d0-bf0b-a7c0f03405ed\" href=\"https:\/\/www.ccsa.ufpb.br\/atuariais\/wp-content\/uploads\/sites\/179\/sites\/387\/2025\/09\/rsep63_2010-1.pdf\" target=\"_blank\" rel=\"noreferrer noopener\">Baixar<\/a><a href=\"https:\/\/www.ccsa.ufpb.br\/atuariais\/wp-content\/uploads\/sites\/179\/sites\/387\/2025\/09\/rsep63_2010-1.pdf\" class=\"wp-block-file__button wp-element-button\" download aria-describedby=\"wp-block-file--media-066be920-acf0-49d0-bf0b-a7c0f03405ed\">Baixar<\/a><\/div>\n\n\n\n<p><\/p>\n\n\n\n<h2 class=\"wp-block-heading\"><div class=\"linha-header\">Portaria MEC 815\/2015 &#8211; Parte1\u00a0\/\u00a0Parte 2<\/div><\/h2>\n\n\n\n<p>Reconhece o Curso de Gradua\u00e7\u00e3o em Ci\u00eancias Atuariais da Universidade Federal da Para\u00edba, nos termos do disposto no art. 10, do Decreto n\u00ba 5.773, de 2006.<\/p>\n\n\n\n<div class=\"wp-block-columns is-layout-flex wp-container-core-columns-is-layout-9d6595d7 wp-block-columns-is-layout-flex\">\n<div class=\"wp-block-column is-layout-flow wp-block-column-is-layout-flow\">\n<div class=\"wp-block-file\"><a id=\"wp-block-file--media-ae18a497-70ce-4fba-aa14-797798346f9b\" href=\"https:\/\/www.ccsa.ufpb.br\/atuariais\/wp-content\/uploads\/sites\/179\/sites\/387\/2025\/09\/inpdfviewer-1.pdf\" target=\"_blank\" rel=\"noreferrer noopener\">Baixar Parte 1 <\/a><a href=\"https:\/\/www.ccsa.ufpb.br\/atuariais\/wp-content\/uploads\/sites\/179\/sites\/387\/2025\/09\/inpdfviewer-1.pdf\" class=\"wp-block-file__button wp-element-button\" download aria-describedby=\"wp-block-file--media-ae18a497-70ce-4fba-aa14-797798346f9b\">Baixar<\/a><\/div>\n<\/div>\n\n\n\n<div class=\"wp-block-column is-layout-flow wp-block-column-is-layout-flow\">\n<div class=\"wp-block-file\"><a id=\"wp-block-file--media-39fe1e24-757e-4bcd-ab4f-bcf531ba8d50\" href=\"https:\/\/www.ccsa.ufpb.br\/atuariais\/wp-content\/uploads\/sites\/179\/sites\/387\/2025\/09\/inpdfviewer.pdf\" target=\"_blank\" rel=\"noreferrer noopener\">Baixar Parte 2<\/a><a href=\"https:\/\/www.ccsa.ufpb.br\/atuariais\/wp-content\/uploads\/sites\/179\/sites\/387\/2025\/09\/inpdfviewer.pdf\" class=\"wp-block-file__button wp-element-button\" download aria-describedby=\"wp-block-file--media-39fe1e24-757e-4bcd-ab4f-bcf531ba8d50\">Baixar<\/a><\/div>\n<\/div>\n<\/div>\n\n\n\n<p><\/p>\n\n\n\n<h2 class=\"wp-block-heading\"><div class=\"linha-header\">Portaria 585\/19 MEC\u00a0<\/div><\/h2>\n\n\n\n<p>Portaria de renova\u00e7\u00e3o de autoriza\u00e7\u00e3o do Curso<\/p>\n\n\n\n<div class=\"wp-block-file\"><a id=\"wp-block-file--media-bd382d4b-71b5-4cb3-9418-d01a1dd12c8e\" href=\"https:\/\/www.ccsa.ufpb.br\/atuariais\/wp-content\/uploads\/sites\/179\/sites\/387\/2025\/09\/ciencias-atuarias-2019-renovacao.pdf\" target=\"_blank\" rel=\"noreferrer noopener\">Baixar<\/a><a href=\"https:\/\/www.ccsa.ufpb.br\/atuariais\/wp-content\/uploads\/sites\/179\/sites\/387\/2025\/09\/ciencias-atuarias-2019-renovacao.pdf\" class=\"wp-block-file__button wp-element-button\" download aria-describedby=\"wp-block-file--media-bd382d4b-71b5-4cb3-9418-d01a1dd12c8e\">Baixar<\/a><\/div>\n\n\n\n<p><\/p>\n\n\n\n<h2 class=\"wp-block-heading\"><div class=\"linha-header\">Resolu\u00e7\u00e3o Consepe 26\/2023<a href=\"https:\/\/www.ccsa.ufpb.br\/atuariais\/contents\/documentos\/rsep63_2010.pdf\"><\/a><\/div><\/h2>\n\n\n\n<p>Aprova a restrutura\u00e7\u00e3o do Projeto Pol\u00edtico-Pedag\u00f3gico do Curso de Gradua\u00e7\u00e3o em Ci\u00eancias Atuariais, Bacharelado, do Centro de Ci\u00eancias Sociais Aplicadas, Campus I, desta Universidade.<\/p>\n\n\n\n<div class=\"wp-block-file\"><a id=\"wp-block-file--media-7f42248e-1671-4b8b-bda7-f30bcae95431\" href=\"https:\/\/www.ccsa.ufpb.br\/atuariais\/wp-content\/uploads\/sites\/179\/sites\/387\/2025\/09\/resoluo_26-2023_consepe-1-1.pdf\" target=\"_blank\" rel=\"noreferrer noopener\">Baixar<\/a><a href=\"https:\/\/www.ccsa.ufpb.br\/atuariais\/wp-content\/uploads\/sites\/179\/sites\/387\/2025\/09\/resoluo_26-2023_consepe-1-1.pdf\" class=\"wp-block-file__button wp-element-button\" download aria-describedby=\"wp-block-file--media-7f42248e-1671-4b8b-bda7-f30bcae95431\">Baixar<\/a><\/div>\n\n\n\n<p><\/p>\n","protected":false},"excerpt":{"rendered":"<p>Resolu\u00e7\u00e3o Consepe 27\/2021 Disp\u00f5e, considerando o isolamento social decorrente da&nbsp;pandemia da Doen\u00e7a causada pelo novo [&hellip;]<\/p>\n","protected":false},"author":63,"featured_media":0,"parent":0,"menu_order":0,"comment_status":"closed","ping_status":"closed","template":"","meta":{"footnotes":""},"class_list":["post-318","page","type-page","status-publish","hentry"],"_links":{"self":[{"href":"https:\/\/www.ccsa.ufpb.br\/atuariais\/wp-json\/wp\/v2\/pages\/318","targetHints":{"allow":["GET"]}}],"collection":[{"href":"https:\/\/www.ccsa.ufpb.br\/atuariais\/wp-json\/wp\/v2\/pages"}],"about":[{"href":"https:\/\/www.ccsa.ufpb.br\/atuariais\/wp-json\/wp\/v2\/types\/page"}],"author":[{"embeddable":true,"href":"https:\/\/www.ccsa.ufpb.br\/atuariais\/wp-json\/wp\/v2\/users\/63"}],"replies":[{"embeddable":true,"href":"https:\/\/www.ccsa.ufpb.br\/atuariais\/wp-json\/wp\/v2\/comments?post=318"}],"version-history":[{"count":9,"href":"https:\/\/www.ccsa.ufpb.br\/atuariais\/wp-json\/wp\/v2\/pages\/318\/revisions"}],"predecessor-version":[{"id":344,"href":"https:\/\/www.ccsa.ufpb.br\/atuariais\/wp-json\/wp\/v2\/pages\/318\/revisions\/344"}],"wp:attachment":[{"href":"https:\/\/www.ccsa.ufpb.br\/atuariais\/wp-json\/wp\/v2\/media?parent=318"}],"curies":[{"name":"wp","href":"https:\/\/api.w.org\/{rel}","templated":true}]}}