{"id":83,"date":"2025-09-25T11:18:09","date_gmt":"2025-09-25T14:18:09","guid":{"rendered":"https:\/\/www.ccsa.ufpb.br\/atuariais1\/?page_id=83"},"modified":"2025-09-25T11:18:09","modified_gmt":"2025-09-25T14:18:09","slug":"links-uteis","status":"publish","type":"page","link":"https:\/\/www.ccsa.ufpb.br\/atuariais\/links-uteis\/","title":{"rendered":"Link&#8217;s \u00dateis"},"content":{"rendered":"\n<p><\/p>\n\n\n\n<p class=\" \"><strong><a href=\"https:\/\/www.ccsa.ufpb.br\/atuariais\/contents\/menu\/institucional\/links-uteis#UFPB\">Universidade Federal da Para\u00edba &#8211; UFPB<br><\/a><\/strong><strong><a href=\"https:\/\/www.ccsa.ufpb.br\/atuariais\/contents\/menu\/institucional\/links-uteis#pr--reitoria-de-gradua--o-da-ufpb--prg-\">Pr\u00f3-Reitoria de Gradua\u00e7\u00e3o da UFPB (PRG)&nbsp;<\/a><br><a href=\"https:\/\/www.ccsa.ufpb.br\/atuariais\/contents\/menu\/institucional\/links-uteis#pr--reitoria-de-assist-ncia-e-promo--o-ao-estudante-da-ufpb--prape\">Pr\u00f3-Reitoria de Assist\u00eancia e Promo\u00e7\u00e3o ao Estudante da UFPB \u2013Prape<\/a><br><a href=\"https:\/\/www.ccsa.ufpb.br\/atuariais\/contents\/menu\/institucional\/links-uteis#biblioteca-central-ufpb\">Biblioteca Central UFPB<\/a><br><a href=\"https:\/\/www.ccsa.ufpb.br\/atuariais\/contents\/menu\/institucional\/links-uteis#sigaa-ufpb---sistema-integrado-de-gest-o-de-atividades-acad-micas\">SIGAA UFPB&nbsp;&#8211;&nbsp;Sistema Integrado de Gest\u00e3o de Atividades Acad\u00eamicas<\/a><br><a href=\"https:\/\/www.ccsa.ufpb.br\/atuariais\/contents\/menu\/institucional\/links-uteis#iba---instituto-brasileiro-de-atu-ria\">Instituto Brasileiro de Atu\u00e1ria &#8211; IBA<\/a><\/strong><\/p>\n\n\n\n<h2 class=\"wp-block-heading\"><div class=\"linha-header\"><\/div><\/h2>\n\n\n\n<h2 class=\"wp-block-heading\"><div class=\"linha-header\"><strong><a href=\"http:\/\/www.ufpb.br\/\" target=\"_blank\" rel=\"noreferrer noopener\">Universidade Federal da Para\u00edba&nbsp;&#8211; UFPB<\/a><\/strong><\/div><\/h2>\n\n\n\n<p>A Universidade Federal da Para\u00edba, anteriormente Universidade da Para\u00edba, \u00e9 uma Institui\u00e7\u00e3o aut\u00e1rquica de regime especial de ensino, pesquisa e extens\u00e3o, vinculada ao Minist\u00e9rio da Educa\u00e7\u00e3o, com estrutura multi-campi e atua\u00e7\u00e3o nas cidades de Jo\u00e3o Pessoa, Areia, Rio Tinto e Mamanguape, e Bananeiras.<\/p>\n\n\n\n<h2 class=\"wp-block-heading\"><div class=\"linha-header\"><a><\/a><a><\/a><a href=\"http:\/\/www.prg.ufpb.br\/\" target=\"_blank\" rel=\"noreferrer noopener\">Pr\u00f3-Reitoria de Gradua\u00e7\u00e3o da UFPB (PRG)&nbsp;<\/a><\/div><\/h2>\n\n\n\n<p>A&nbsp;Pr\u00f3-Reitoria de Gradua\u00e7\u00e3o&nbsp;tem a fun\u00e7\u00e3o de planejar, coordenar e controlar as atividades de ensino de gradua\u00e7\u00e3o da&nbsp;Universidade Federal da Para\u00edba&nbsp;de forma permanentemente articulada com o Conselho Superior de Ensino, Pesquisa e Extens\u00e3o \u2013 CONSEPE, com as Pr\u00f3-Reitorias Acad\u00eamicas, com os Centros, Departamentos e Cursos desta Institui\u00e7\u00e3o.&nbsp;Compete-lhe ainda, propor e coordenar as formas de acesso aos cursos de gradua\u00e7\u00e3o da UFPB e interagir com \u00f3rg\u00e3os governamentais, com o F\u00f3rum Nacional de Pr\u00f3-Reitores de Gradua\u00e7\u00e3o e com Institui\u00e7\u00f5es de Ensino Superior, do pa\u00eds e do exterior, visando o desenvolvimento de pol\u00edticas e de parcerias que favore\u00e7am a eleva\u00e7\u00e3o da qualidade de forma\u00e7\u00e3o superior.<\/p>\n\n\n\n<h2 class=\"wp-block-heading\"><div class=\"linha-header\"><a><\/a><strong><a href=\"http:\/\/www.ufpb.br\/prape\/\" target=\"_blank\" rel=\"noreferrer noopener\">Pr\u00f3-Reitoria de Assist\u00eancia e Promo\u00e7\u00e3o ao Estudante da UFPB \u2013Prape<\/a><\/strong><\/div><\/h2>\n\n\n\n<p>Gerenciando os recursos do&nbsp;Plano Nacional de Assist\u00eancia Estudantil&nbsp;\u2013&nbsp;PNAES, a&nbsp;Pr\u00f3-Reitoria de Assist\u00eancia e Promo\u00e7\u00e3o ao Estudante&nbsp;\u2013&nbsp;Prape&nbsp;tem a principal fun\u00e7\u00e3o de planejar, coordenar e controlar as atividades de assist\u00eancia e promo\u00e7\u00e3o ao estudante, visando sobretudo \u00e0 sua perman\u00eancia nos cursos de gradua\u00e7\u00e3o presencial da Universidade Federal da Para\u00edba.<\/p>\n\n\n\n<h2 class=\"wp-block-heading\"><div class=\"linha-header\"><a><\/a><a href=\"http:\/\/www.biblioteca.ufpb.br\/\" target=\"_blank\" rel=\"noreferrer noopener\">Biblioteca Central UFPB<\/a><\/div><\/h2>\n\n\n\n<p>Dar suporte informacional aos programas de ensino, pesquisa e extens\u00e3o da UFPB.<\/p>\n\n\n\n<h2 class=\"wp-block-heading\"><div class=\"linha-header\"><a><\/a><a href=\"https:\/\/sigaa.ufpb.br\/sigaa\/verTelaLogin.do\" target=\"_blank\" rel=\"noreferrer noopener\">SIGAA UFPB&nbsp;&#8211;&nbsp;Sistema Integrado de Gest\u00e3o de Atividades Acad\u00eamicas<\/a><\/div><\/h2>\n\n\n\n<p>O SIGAA informatiza os procedimentos da \u00e1rea acad\u00eamica atrav\u00e9s de seus m\u00f3dulos. Nele \u00e9 possivel realizar fun\u00e7\u00f5es acad\u00eamicas, a exemplo de matr\u00edcula, emiss\u00e3o de declara\u00e7\u00e3o, emiss\u00e3o de hist\u00f3rico,&nbsp;&nbsp;submiss\u00e3o e controle de a\u00e7\u00f5es de extens\u00e3o, submiss\u00e3o e controle dos projetos de ensino (monitoria e inova\u00e7\u00f5es), registro e relat\u00f3rios da produ\u00e7\u00e3o acad\u00eamica dos docentes, atividades de ensino a dist\u00e2ncia e um ambiente virtual de aprendizado denominado Turma Virtual.&nbsp;<\/p>\n\n\n\n<h2 class=\"wp-block-heading\"><div class=\"linha-header\"><a><\/a><a href=\"http:\/\/www.atuarios.org.br\/\" target=\"_blank\" rel=\"noreferrer noopener\">IBA &#8211; Instituto Brasileiro de Atu\u00e1ria<\/a><\/div><\/h2>\n\n\n\n<p>O&nbsp;Instituto Brasileiro de Atu\u00e1ria (IBA)&nbsp;\u00e9 uma sociedade civil e sem fins lucrativos. Tem por objetivos: incentivar e proporcionar a pesquisa, o desenvolvimento e o aperfei\u00e7oamento da ci\u00eancia e da tecnologia dos fatos aleat\u00f3rios de natureza econ\u00f4mica, financeira e biom\u00e9trica, em todos os seus aspectos e aplica\u00e7\u00f5es; colaborar com as institui\u00e7\u00f5es de seguro, sa\u00fade e capitaliza\u00e7\u00e3o, previd\u00eancia social e complementar, organiza\u00e7\u00f5es banc\u00e1rias e cong\u00eaneres; e, cooperar com o Estado, no campo de atua\u00e7\u00e3o do profissional de atu\u00e1ria e na implementa\u00e7\u00e3o da t\u00e9cnica atuarial.<\/p>\n","protected":false},"excerpt":{"rendered":"<p>Universidade Federal da Para\u00edba &#8211; UFPBPr\u00f3-Reitoria de Gradua\u00e7\u00e3o da UFPB (PRG)&nbsp;Pr\u00f3-Reitoria de Assist\u00eancia e Promo\u00e7\u00e3o [&hellip;]<\/p>\n","protected":false},"author":63,"featured_media":0,"parent":0,"menu_order":0,"comment_status":"closed","ping_status":"closed","template":"","meta":{"footnotes":""},"class_list":["post-83","page","type-page","status-publish","hentry"],"_links":{"self":[{"href":"https:\/\/www.ccsa.ufpb.br\/atuariais\/wp-json\/wp\/v2\/pages\/83","targetHints":{"allow":["GET"]}}],"collection":[{"href":"https:\/\/www.ccsa.ufpb.br\/atuariais\/wp-json\/wp\/v2\/pages"}],"about":[{"href":"https:\/\/www.ccsa.ufpb.br\/atuariais\/wp-json\/wp\/v2\/types\/page"}],"author":[{"embeddable":true,"href":"https:\/\/www.ccsa.ufpb.br\/atuariais\/wp-json\/wp\/v2\/users\/63"}],"replies":[{"embeddable":true,"href":"https:\/\/www.ccsa.ufpb.br\/atuariais\/wp-json\/wp\/v2\/comments?post=83"}],"version-history":[{"count":1,"href":"https:\/\/www.ccsa.ufpb.br\/atuariais\/wp-json\/wp\/v2\/pages\/83\/revisions"}],"predecessor-version":[{"id":84,"href":"https:\/\/www.ccsa.ufpb.br\/atuariais\/wp-json\/wp\/v2\/pages\/83\/revisions\/84"}],"wp:attachment":[{"href":"https:\/\/www.ccsa.ufpb.br\/atuariais\/wp-json\/wp\/v2\/media?parent=83"}],"curies":[{"name":"wp","href":"https:\/\/api.w.org\/{rel}","templated":true}]}}