{"id":11,"date":"2025-09-24T15:35:04","date_gmt":"2025-09-24T18:35:04","guid":{"rendered":"https:\/\/www.ccsa.ufpb.br\/bap\/?page_id=11"},"modified":"2025-10-01T14:29:06","modified_gmt":"2025-10-01T17:29:06","slug":"estrutura-do-curso","status":"publish","type":"page","link":"https:\/\/www.ccsa.ufpb.br\/bap\/estrutura-do-curso\/","title":{"rendered":"Estrutura do Curso"},"content":{"rendered":"\n<p>O Curso de Bacharelado em Administra\u00e7\u00e3o P\u00fablica tem como objetivo geral formar um aluno com capacita\u00e7\u00e3o e aptid\u00e3o para compreender as quest\u00f5es cient\u00edficas, t\u00e9cnicas, sociais e econ\u00f4micas da produ\u00e7\u00e3o e de seu gerenciamento, observados n\u00edveis graduais do processo de tomada de decis\u00e3o, bem como para desenvolver gerenciamento qualitativo e adequado, revelando a assimila\u00e7\u00e3o de novas informa\u00e7\u00f5es e apresentando flexibilidade intelectual e adaptabilidade contextualizada no trato de situa\u00e7\u00f5es diversas, presentes ou emergentes, nos v\u00e1rios segmentos do campo de atua\u00e7\u00e3o do administrador.<\/p>\n\n\n\n<p>Para atender a demanda pela forma\u00e7\u00e3o superior de gestores p\u00fablicos no Estado da Para\u00edba, incluindo seus mais distantes munic\u00edpios, a Universidade Federal da Para\u00edba oferta o curso de Administra\u00e7\u00e3o P\u00fablica na modalidade a dist\u00e2ncia (EaD), como forma eficaz para ampliar o n\u00famero de benefici\u00e1rios da forma\u00e7\u00e3o superior gratuita e de qualidade, cumprindo assim sua miss\u00e3o e colaborando com o desenvolvimento da sociedade brasileira.<\/p>\n\n\n\n<h2 class=\"wp-block-heading has-text-align-center\"><div class=\"linha-header\"><strong>Informa\u00e7\u00f5es&nbsp; Gerais sobre o&nbsp;&nbsp;Bacharelado em Administra\u00e7\u00e3o P\u00fablica a Dist\u00e2ncia<\/strong><\/div><\/h2>\n\n\n\n<figure class=\"wp-block-table\"><table class=\"has-fixed-layout\"><tbody><tr><td><img decoding=\"async\" src=\"http:\/\/www.ccsa.ufpb.br\/bap\/wp-content\/uploads\/sites\/179\/sites\/392\/2025\/09\/mortarboard_3418726-2-e1758740686805.png\" alt=\"\"> <strong>GRAU ACAD\u00caMICO:<\/strong> Bacharelado <\/td><td><img loading=\"lazy\" decoding=\"async\" width=\"30\" height=\"30\" class=\"wp-image-17\" style=\"width: 30px\" src=\"http:\/\/www.ccsa.ufpb.br\/bap\/wp-content\/uploads\/sites\/179\/sites\/392\/2025\/09\/student-computer_78663-e1758741141803.png\" alt=\"\"> <strong>MODALIDADE:<\/strong> A dist\u00e2ncia\u00b9<\/td><\/tr><tr><td><img loading=\"lazy\" decoding=\"async\" width=\"30\" height=\"30\" class=\"wp-image-18\" style=\"width: 30px\" src=\"http:\/\/www.ccsa.ufpb.br\/bap\/wp-content\/uploads\/sites\/179\/sites\/392\/2025\/09\/hourglass_5665166-e1758742012301.png\" alt=\"\"><strong>DURA\u00c7\u00c3O:<\/strong> 9 Semestres<\/td><td><img loading=\"lazy\" decoding=\"async\" width=\"30\" height=\"30\" class=\"wp-image-36\" style=\"width: 30px\" src=\"http:\/\/www.ccsa.ufpb.br\/bap\/wp-content\/uploads\/sites\/179\/sites\/392\/2025\/09\/sentido-horario-e1758909909843.png\" alt=\"\"> <strong>CARGA HOR\u00c1RIA:<\/strong>&nbsp;3000 horas\/aulas<\/td><\/tr><tr><td><img loading=\"lazy\" decoding=\"async\" width=\"30\" height=\"30\" class=\"wp-image-34\" style=\"width: 30px\" src=\"http:\/\/www.ccsa.ufpb.br\/bap\/wp-content\/uploads\/sites\/179\/sites\/392\/2025\/09\/calendario-e1758909457803.png\" alt=\"\"> <strong>REGIME DE MATR\u00cdCULA:<\/strong>&nbsp;Semestral<\/td><td><img loading=\"lazy\" decoding=\"async\" width=\"30\" height=\"30\" class=\"wp-image-38\" style=\"width: 30px\" src=\"http:\/\/www.ccsa.ufpb.br\/bap\/wp-content\/uploads\/sites\/179\/sites\/392\/2025\/09\/trofeu-e1758910071824.png\" alt=\"\"><strong>FORMAS DE INGRESSO:<\/strong>&nbsp;ENEM, Graduado\u00b2, Transfer\u00eancia\u00b2&nbsp;<\/td><\/tr><\/tbody><\/table><\/figure>\n\n\n\n<p>\u00b9\u00e9 uma modalidade de educa\u00e7\u00e3o mediada por tecnologias em que discentes e docentes est\u00e3o separados espacial e\/ou temporalmente, ou seja, n\u00e3o est\u00e3o fisicamente presentes em um ambiente presencial de ensino-aprendizagem mas, num Ambiente Virtual de Aprendizagem(AVA), com aulas e conte\u00fados virtuais, por computador, e prova presencial no polo em que o aluno estiver matriculado.<\/p>\n\n\n\n<p>\u00b2quando houver vagas remanescentes.<\/p>\n\n\n\n<h2 class=\"wp-block-heading has-text-align-center\"><div class=\"linha-header\"><strong>Organiza\u00e7\u00e3o Curricular<\/strong>&nbsp;<\/div><\/h2>\n\n\n\n<p>A estrutura curricular do curso contempla disciplinas cujos conte\u00fados revelam as interrela\u00e7\u00f5es das dimens\u00f5es da realidade p\u00fablico-privado, nacional-internacional e das esferas federal, estadual e municipal, numa perspectiva hist\u00f3rica e contextualizada de sua aplicabilidade no \u00e2mbito das organiza\u00e7\u00f5es e do meio, utilizando tecnologias inovadoras assim como atendendo aos seguintes campos interligados de forma\u00e7\u00e3o, conforme especificado nas Diretrizes Curriculares Nacionais (DCN) para os Cursos de Administra\u00e7\u00e3o.<\/p>\n\n\n\n<figure class=\"wp-block-gallery has-nested-images columns-default is-cropped wp-block-gallery-1 is-layout-flex wp-block-gallery-is-layout-flex\">\n<figure class=\"wp-block-image size-large\"><img loading=\"lazy\" decoding=\"async\" width=\"1024\" height=\"552\" data-id=\"42\" src=\"https:\/\/www.ccsa.ufpb.br\/bap\/wp-content\/uploads\/sites\/179\/sites\/392\/2025\/09\/Matriz-Curricular-1-1024x552.jpg\" alt=\"\" class=\"wp-image-42\" srcset=\"https:\/\/www.ccsa.ufpb.br\/bap\/wp-content\/uploads\/sites\/179\/sites\/392\/2025\/09\/Matriz-Curricular-1-1024x552.jpg 1024w, https:\/\/www.ccsa.ufpb.br\/bap\/wp-content\/uploads\/sites\/179\/sites\/392\/2025\/09\/Matriz-Curricular-1-300x162.jpg 300w, https:\/\/www.ccsa.ufpb.br\/bap\/wp-content\/uploads\/sites\/179\/sites\/392\/2025\/09\/Matriz-Curricular-1-768x414.jpg 768w, https:\/\/www.ccsa.ufpb.br\/bap\/wp-content\/uploads\/sites\/179\/sites\/392\/2025\/09\/Matriz-Curricular-1.jpg 1460w\" sizes=\"auto, (max-width: 1024px) 100vw, 1024px\" \/><\/figure>\n<\/figure>\n\n\n\n<p><\/p>\n\n\n\n<p>Para acessar informa\u00e7\u00f5es completas sobre o Curr\u00edculo do Bacharelado em Administra\u00e7\u00e3o P\u00fablica a Distancia, clique&nbsp;<a href=\"https:\/\/sigaa.ufpb.br\/sigaa\/link\/public\/curso\/curriculo\/1813984\" target=\"_blank\" rel=\"noreferrer noopener\">aqui.<\/a><\/p>\n\n\n\n<h2 class=\"wp-block-heading has-text-align-center\"><div class=\"linha-header\">Hist\u00f3rico<\/div><\/h2>\n\n\n\n<p>O Curso de Bacharelado em Administra\u00e7\u00e3o P\u00fablica &#8211; EaD da UFPB foi implantado em 2013, atrav\u00e9s da Resolu\u00e7\u00e3o n\u00ba 4\/2013 \/ CONSEPE \/ UFPB, baseado no Programa Nacional de Forma\u00e7\u00e3o em Administra\u00e7\u00e3o P\u00fablica (PNAP), vem ao encontro das necessidades das organiza\u00e7\u00f5es p\u00fablicas contempor\u00e2neas, que buscam gestores com vis\u00e3o hol\u00edstica das a\u00e7\u00f5es administrativas e pol\u00edticas governamentais, capacitados para exercitar a gest\u00e3o nas esferas regional, nacional e internacional, de forma a contribuir para o alcance dos objetivos da na\u00e7\u00e3o.<\/p>\n\n\n\n<p>Os primeiros egressos do curso conclu\u00edram no per\u00edodo de 2017.1 em cerimonia realizada no polo de Campina Grande. A&nbsp;cerim\u00f4nia&nbsp;contou com a presen\u00e7a do Coordenador&nbsp;Ex-Coordenador Geraldo Magela.<\/p>\n\n\n\n<div class=\"wp-block-columns is-layout-flex wp-container-core-columns-is-layout-9d6595d7 wp-block-columns-is-layout-flex\">\n<div class=\"wp-block-column is-layout-flow wp-block-column-is-layout-flow\" style=\"flex-basis:50%\">\n<figure class=\"wp-block-image size-full is-style-default\"><img loading=\"lazy\" decoding=\"async\" width=\"400\" height=\"225\" src=\"https:\/\/www.ccsa.ufpb.br\/bap\/wp-content\/uploads\/sites\/179\/sites\/392\/2025\/09\/Egressos-1.jpeg\" alt=\"\" class=\"wp-image-47\" srcset=\"https:\/\/www.ccsa.ufpb.br\/bap\/wp-content\/uploads\/sites\/179\/sites\/392\/2025\/09\/Egressos-1.jpeg 400w, https:\/\/www.ccsa.ufpb.br\/bap\/wp-content\/uploads\/sites\/179\/sites\/392\/2025\/09\/Egressos-1-300x169.jpeg 300w\" sizes=\"auto, (max-width: 400px) 100vw, 400px\" \/><\/figure>\n<\/div>\n\n\n\n<div class=\"wp-block-column is-layout-flow wp-block-column-is-layout-flow\" style=\"flex-basis:50%\">\n<figure class=\"wp-block-image size-full\"><img loading=\"lazy\" decoding=\"async\" width=\"400\" height=\"225\" src=\"http:\/\/www.ccsa.ufpb.br\/bap\/wp-content\/uploads\/sites\/179\/sites\/392\/2025\/09\/Egressos-2.jpeg\" alt=\"\" class=\"wp-image-48\" srcset=\"https:\/\/www.ccsa.ufpb.br\/bap\/wp-content\/uploads\/sites\/179\/sites\/392\/2025\/09\/Egressos-2.jpeg 400w, https:\/\/www.ccsa.ufpb.br\/bap\/wp-content\/uploads\/sites\/179\/sites\/392\/2025\/09\/Egressos-2-300x169.jpeg 300w\" sizes=\"auto, (max-width: 400px) 100vw, 400px\" \/><\/figure>\n<\/div>\n<\/div>\n\n\n\n<figure class=\"wp-block-gallery has-nested-images columns-default is-cropped wp-block-gallery-2 is-layout-flex wp-block-gallery-is-layout-flex\">\n<figure class=\"wp-block-image size-large\"><img loading=\"lazy\" decoding=\"async\" width=\"1024\" height=\"755\" data-id=\"49\" src=\"https:\/\/www.ccsa.ufpb.br\/bap\/wp-content\/uploads\/sites\/179\/sites\/392\/2025\/09\/Quadro-de-alunos-1024x755.jpeg\" alt=\"\" class=\"wp-image-49\" srcset=\"https:\/\/www.ccsa.ufpb.br\/bap\/wp-content\/uploads\/sites\/179\/sites\/392\/2025\/09\/Quadro-de-alunos-1024x755.jpeg 1024w, https:\/\/www.ccsa.ufpb.br\/bap\/wp-content\/uploads\/sites\/179\/sites\/392\/2025\/09\/Quadro-de-alunos-300x221.jpeg 300w, https:\/\/www.ccsa.ufpb.br\/bap\/wp-content\/uploads\/sites\/179\/sites\/392\/2025\/09\/Quadro-de-alunos-768x566.jpeg 768w, https:\/\/www.ccsa.ufpb.br\/bap\/wp-content\/uploads\/sites\/179\/sites\/392\/2025\/09\/Quadro-de-alunos.jpeg 1270w\" sizes=\"auto, (max-width: 1024px) 100vw, 1024px\" \/><\/figure>\n<\/figure>\n\n\n\n<p><\/p>\n\n\n\n<h2 class=\"wp-block-heading has-text-align-center\"><div class=\"linha-header\">Ex-Coordenadores<\/div><\/h2>\n\n\n\n<div class=\"wp-block-media-text is-stacked-on-mobile\" style=\"grid-template-columns:41% auto\"><figure class=\"wp-block-media-text__media\"><img loading=\"lazy\" decoding=\"async\" width=\"360\" height=\"480\" src=\"https:\/\/www.ccsa.ufpb.br\/bap\/wp-content\/uploads\/sites\/179\/sites\/392\/2025\/09\/Ex-coordenadora-1-1.jpeg\" alt=\"\" class=\"wp-image-57 size-full\" srcset=\"https:\/\/www.ccsa.ufpb.br\/bap\/wp-content\/uploads\/sites\/179\/sites\/392\/2025\/09\/Ex-coordenadora-1-1.jpeg 360w, https:\/\/www.ccsa.ufpb.br\/bap\/wp-content\/uploads\/sites\/179\/sites\/392\/2025\/09\/Ex-coordenadora-1-1-225x300.jpeg 225w\" sizes=\"auto, (max-width: 360px) 100vw, 360px\" \/><\/figure><div class=\"wp-block-media-text__content\">\n<h2 class=\"wp-block-heading\"><div class=\"linha-header\"><strong><strong>Prof.\u00aa&nbsp;Nayana Ruth Mangueira de Figueiredo (In Memoriam) <\/strong>&nbsp;<\/strong><\/div><\/h2>\n\n\n\n<p><strong>&nbsp;<\/strong>Idealizadora, fundadora e primeira coordenadora do curso de Bacharelado em Administra\u00e7\u00e3o P\u00fablica na modalidade \u00e0 dist\u00e2ncia. Foi professora do Departamento de Gest\u00e3o P\u00fablica DGP-UFPB. Foi Integrante da Divis\u00e3o de Apoio ao Desenvolvimento de Pequenos Munic\u00edpios do IDEP. Mestre e Graduada em Economia pela Universidade Federal da Para\u00edba.&nbsp; Com experi\u00eancia na \u00e1rea de Economia, com \u00eanfase em Economia do Trabalho, Aplicada, atuando principalmente nos seguintes temas: matriz de insumo-produto, energia, diferencial de sal\u00e1rio e economia rural.<\/p>\n<\/div><\/div>\n\n\n\n<div class=\"wp-block-media-text is-stacked-on-mobile\" style=\"grid-template-columns:41% auto\"><figure class=\"wp-block-media-text__media\"><img loading=\"lazy\" decoding=\"async\" width=\"835\" height=\"1024\" src=\"http:\/\/www.ccsa.ufpb.br\/bap\/wp-content\/uploads\/sites\/179\/sites\/392\/2025\/09\/Ex-coordenador-2-835x1024.jpeg\" alt=\"Doutor em Ci\u00eancia e Engenharia de Materiais (UFPB); mestre em Ci\u00eancias Cont\u00e1beis (UnB); especialista em Contabilidade de Custos (UFPB); especialista em Metodologia do Ensino Superior (UNIPE). graduado em Ci\u00eancias Cont\u00e1beis (UFPB); graduado em Engenharia Civil (UNIPE). Professor Adjunto da Universidade Federal da Para\u00edba (UFPB); Coordenador de Curso P\u00f3s-Gradua\u00e7\u00e3o - Especializa\u00e7\u00e3o em Gest\u00e3o P\u00fablica - EaD (UFPB); Pesquisador no grupo: Laborat\u00f3rio de Inova\u00e7\u00e3o em Contratos P\u00fablicos e Governo - LabGov UFPB (CNPq); Pesquisador no Grupo Interdisciplinar de Materiais e Eletroqu\u00edmica - GIME UFPB (CNPq). Ex-Coordenador do curso de Bacharelado em Administra\u00e7\u00e3o P\u00fablica - EaD (UFPB); Ex-Assessor de Gradua\u00e7\u00e3o do CTDR\/UFPB; Ex-Coordenador do curso de Tecnologia em Gest\u00e3o P\u00fablica (UFPB); Ex-Professor \/ Coordenador do curso de Ci\u00eancias Cont\u00e1beis do Instituto de Educa\u00e7\u00e3o Superior da Para\u00edba (IESP); Ex-Professor \/ Coordenador do curso de Ci\u00eancias Cont\u00e1beis do Centro Universit\u00e1rio de Jo\u00e3o Pessoa - UNIPE. Ex-Professor \/ Coordenador do curso de Ci\u00eancias Cont\u00e1beis da Associa\u00e7\u00e3o Paraibana de Ensino Renovado - ASPER (INPER). Lattes: http:\/\/lattes.cnpq.br\/8702083303100940\" class=\"wp-image-63 size-full\" srcset=\"https:\/\/www.ccsa.ufpb.br\/bap\/wp-content\/uploads\/sites\/179\/sites\/392\/2025\/09\/Ex-coordenador-2-835x1024.jpeg 835w, https:\/\/www.ccsa.ufpb.br\/bap\/wp-content\/uploads\/sites\/179\/sites\/392\/2025\/09\/Ex-coordenador-2-245x300.jpeg 245w, https:\/\/www.ccsa.ufpb.br\/bap\/wp-content\/uploads\/sites\/179\/sites\/392\/2025\/09\/Ex-coordenador-2-768x941.jpeg 768w, https:\/\/www.ccsa.ufpb.br\/bap\/wp-content\/uploads\/sites\/179\/sites\/392\/2025\/09\/Ex-coordenador-2.jpeg 881w\" sizes=\"auto, (max-width: 835px) 100vw, 835px\" \/><\/figure><div class=\"wp-block-media-text__content\">\n<h2 class=\"wp-block-heading\"><div class=\"linha-header\"><strong><strong>Prof.&nbsp; Dr. Geraldo Magela de Andrade<\/strong><\/strong><\/div><\/h2>\n\n\n\n<p>Doutor em Ci\u00eancia e Engenharia de Materiais (UFPB); mestre em Ci\u00eancias Cont\u00e1beis (UnB); especialista em Contabilidade de Custos (UFPB); especialista em Metodologia do Ensino Superior (UNIPE). graduado em Ci\u00eancias Cont\u00e1beis (UFPB); graduado em Engenharia Civil (UNIPE). Professor Adjunto da Universidade Federal da Para\u00edba (UFPB); Coordenador de Curso P\u00f3s-Gradua\u00e7\u00e3o &#8211; Especializa\u00e7\u00e3o em Gest\u00e3o P\u00fablica &#8211; EaD (UFPB); Ex-Coordenador do curso de Bacharelado em Administra\u00e7\u00e3o P\u00fablica &#8211; EaD (UFPB). <\/p>\n\n\n\n<p>Lattes: <a href=\"http:\/\/lattes.cnpq.br\/8702083303100940\">http:\/\/lattes.cnpq.br\/8702083303100940<\/a><\/p>\n<\/div><\/div>\n\n\n\n<div class=\"wp-block-media-text is-stacked-on-mobile\" style=\"grid-template-columns:41% auto\"><figure class=\"wp-block-media-text__media\"><img loading=\"lazy\" decoding=\"async\" width=\"663\" height=\"884\" src=\"https:\/\/www.ccsa.ufpb.br\/bap\/wp-content\/uploads\/sites\/179\/sites\/392\/2025\/09\/Ex-coordenadora-3-1.jpeg\" alt=\"\" class=\"wp-image-68 size-full\" srcset=\"https:\/\/www.ccsa.ufpb.br\/bap\/wp-content\/uploads\/sites\/179\/sites\/392\/2025\/09\/Ex-coordenadora-3-1.jpeg 663w, https:\/\/www.ccsa.ufpb.br\/bap\/wp-content\/uploads\/sites\/179\/sites\/392\/2025\/09\/Ex-coordenadora-3-1-225x300.jpeg 225w\" sizes=\"auto, (max-width: 663px) 100vw, 663px\" \/><\/figure><div class=\"wp-block-media-text__content\">\n<h2 class=\"wp-block-heading\"><div class=\"linha-header\">Prof.\u00aa Dra. Sabrina de Melo Cabral <\/div><\/h2>\n\n\n\n<p>Graduada em Administra\u00e7\u00e3o pela Universidade de Pernambuco UPE (2003). Mestre em Administra\u00e7\u00e3o pelo Programa de P\u00f3s-Gradua\u00e7\u00e3o em Administra\u00e7\u00e3o da Universidade Federal de Pernambuco PROPAD &#8211; UFPE (2009). Doutora em Administra\u00e7\u00e3o pelo PROPAD &#8211; UFPE (2015). Atualmente \u00e9 Professora Associada I do Departamento de Gest\u00e3o P\u00fablica do Centro de Ci\u00eancias Sociais Aplicadas da Universidade Federal da Para\u00edba, nos cursos de Bacharelado em Gest\u00e3o P\u00fablica e Administra\u00e7\u00e3o P\u00fablica a dist\u00e2ncia pela UAB &#8211; UFPB. <\/p>\n\n\n\n<p>Lattes: <a href=\"http:\/\/lattes.cnpq.br\/3444294796399061\">http:\/\/lattes.cnpq.br\/3444294796399061<\/a><\/p>\n<\/div><\/div>\n\n\n\n<div class=\"wp-block-media-text is-stacked-on-mobile\" style=\"grid-template-columns:41% auto\"><figure class=\"wp-block-media-text__media\"><img loading=\"lazy\" decoding=\"async\" width=\"768\" height=\"1024\" src=\"https:\/\/www.ccsa.ufpb.br\/bap\/wp-content\/uploads\/sites\/179\/sites\/392\/2025\/09\/Profa.-Juliana-768x1024.jpeg\" alt=\"\" class=\"wp-image-70 size-full\" srcset=\"https:\/\/www.ccsa.ufpb.br\/bap\/wp-content\/uploads\/sites\/179\/sites\/392\/2025\/09\/Profa.-Juliana-768x1024.jpeg 768w, https:\/\/www.ccsa.ufpb.br\/bap\/wp-content\/uploads\/sites\/179\/sites\/392\/2025\/09\/Profa.-Juliana-225x300.jpeg 225w, https:\/\/www.ccsa.ufpb.br\/bap\/wp-content\/uploads\/sites\/179\/sites\/392\/2025\/09\/Profa.-Juliana.jpeg 791w\" sizes=\"auto, (max-width: 768px) 100vw, 768px\" \/><\/figure><div class=\"wp-block-media-text__content\">\n<h2 class=\"wp-block-heading\"><div class=\"linha-header\">Prof.\u00aa Dra. Juliana Fernandes Moreira<\/div><\/h2>\n\n\n\n<p>Professora Adjunto IV da Universidade Federal da Para\u00edba. .Coordenadora do Curso de Bacharelado em Administra\u00e7\u00e3o P\u00fablica \u00e0 Dist\u00e2ncia (2020-2022). Docente do Departamento de Gest\u00e3o P\u00fablica do CCSA\/UFPB. Doutora em Desenvolvimento e Meio Ambiente pelo PRODEMA\/ UFPB. Mestre em Desenvolvimento e Meio Ambiente pelo PRODEMA\/ UFPB. Especialista em Direito Administrativo Econ\u00f4mico pela Mackenzie\/SP.<\/p>\n\n\n\n<p>Lattes: <a href=\"http:\/\/lattes.cnpq.br\/6763618902327008\">http:\/\/lattes.cnpq.br\/6763618902327008<\/a> <\/p>\n<\/div><\/div>\n","protected":false},"excerpt":{"rendered":"<p>O Curso de Bacharelado em Administra\u00e7\u00e3o P\u00fablica tem como objetivo geral formar um aluno com [&hellip;]<\/p>\n","protected":false},"author":423,"featured_media":0,"parent":0,"menu_order":0,"comment_status":"closed","ping_status":"closed","template":"","meta":{"footnotes":""},"class_list":["post-11","page","type-page","status-publish","hentry"],"_links":{"self":[{"href":"https:\/\/www.ccsa.ufpb.br\/bap\/wp-json\/wp\/v2\/pages\/11","targetHints":{"allow":["GET"]}}],"collection":[{"href":"https:\/\/www.ccsa.ufpb.br\/bap\/wp-json\/wp\/v2\/pages"}],"about":[{"href":"https:\/\/www.ccsa.ufpb.br\/bap\/wp-json\/wp\/v2\/types\/page"}],"author":[{"embeddable":true,"href":"https:\/\/www.ccsa.ufpb.br\/bap\/wp-json\/wp\/v2\/users\/423"}],"replies":[{"embeddable":true,"href":"https:\/\/www.ccsa.ufpb.br\/bap\/wp-json\/wp\/v2\/comments?post=11"}],"version-history":[{"count":16,"href":"https:\/\/www.ccsa.ufpb.br\/bap\/wp-json\/wp\/v2\/pages\/11\/revisions"}],"predecessor-version":[{"id":76,"href":"https:\/\/www.ccsa.ufpb.br\/bap\/wp-json\/wp\/v2\/pages\/11\/revisions\/76"}],"wp:attachment":[{"href":"https:\/\/www.ccsa.ufpb.br\/bap\/wp-json\/wp\/v2\/media?parent=11"}],"curies":[{"name":"wp","href":"https:\/\/api.w.org\/{rel}","templated":true}]}}