{"id":488,"date":"2025-05-29T16:02:00","date_gmt":"2025-05-29T19:02:00","guid":{"rendered":"https:\/\/www.ccsa.ufpb.br\/bap\/?page_id=488"},"modified":"2025-11-07T10:12:38","modified_gmt":"2025-11-07T13:12:38","slug":"conheca-o-polo-uab-de-pombal-pb","status":"publish","type":"page","link":"https:\/\/www.ccsa.ufpb.br\/bap\/conheca-o-polo-uab-de-pombal-pb\/","title":{"rendered":"Conhe\u00e7a o Polo UAB de Pombal &#8211; PB"},"content":{"rendered":"\n<figure class=\"wp-block-image size-large\"><img loading=\"lazy\" decoding=\"async\" width=\"1024\" height=\"461\" src=\"https:\/\/www.ccsa.ufpb.br\/bap\/wp-content\/uploads\/sites\/179\/sites\/392\/2025\/11\/Secretaria1-1024x461.jpeg\" alt=\"\" class=\"wp-image-489\" srcset=\"https:\/\/www.ccsa.ufpb.br\/bap\/wp-content\/uploads\/sites\/179\/sites\/392\/2025\/11\/Secretaria1-1024x461.jpeg 1024w, https:\/\/www.ccsa.ufpb.br\/bap\/wp-content\/uploads\/sites\/179\/sites\/392\/2025\/11\/Secretaria1-300x135.jpeg 300w, https:\/\/www.ccsa.ufpb.br\/bap\/wp-content\/uploads\/sites\/179\/sites\/392\/2025\/11\/Secretaria1-768x346.jpeg 768w, https:\/\/www.ccsa.ufpb.br\/bap\/wp-content\/uploads\/sites\/179\/sites\/392\/2025\/11\/Secretaria1-1536x691.jpeg 1536w, https:\/\/www.ccsa.ufpb.br\/bap\/wp-content\/uploads\/sites\/179\/sites\/392\/2025\/11\/Secretaria1.jpeg 1600w\" sizes=\"auto, (max-width: 1024px) 100vw, 1024px\" \/><figcaption class=\"wp-element-caption\">\u00a0<strong>Secretaria da Coordena\u00e7\u00e3o do Polo de Pombal<\/strong><\/figcaption><\/figure>\n\n\n\n<p>O Polo UAB de Pombal, localizado no Polo de Apoio Presencial UAB \u201cJairo Vieira Feitosa\u201d (Rua Manoel Pires de Sousa, S\/N, Centro, Pombal\/PB, CEP: 58.840-000), refor\u00e7a seu compromisso com a educa\u00e7\u00e3o a dist\u00e2ncia ao receber novos estudantes do Curso de Administra\u00e7\u00e3o P\u00fablica em 2025. Este polo oferece uma estrutura completa para os discentes, promovendo um ambiente prop\u00edcio ao aprendizado.<\/p>\n\n\n\n<p>O polo atende atualmente 11 cursos de Educa\u00e7\u00e3o a Dist\u00e2ncia (EAD) e disp\u00f5e de uma infraestrutura moderna, incluindo 33 computadores em funcionamento, 1 notebook, 3 impressoras e 1 datashow, al\u00e9m de uma internet de qualidade que garante o acesso \u00e0s atividades acad\u00eamicas. A sala de inform\u00e1tica \u00e9 ampla, equipada com mesas e cadeiras em bom estado, al\u00e9m de espa\u00e7os destinados ao estudo individual e ao uso de notebooks.<\/p>\n\n\n\n<figure class=\"wp-block-image size-large\"><img loading=\"lazy\" decoding=\"async\" width=\"1024\" height=\"461\" src=\"https:\/\/www.ccsa.ufpb.br\/bap\/wp-content\/uploads\/sites\/179\/sites\/392\/2025\/11\/Biblioteca3-1024x461.jpeg\" alt=\"\" class=\"wp-image-490\" srcset=\"https:\/\/www.ccsa.ufpb.br\/bap\/wp-content\/uploads\/sites\/179\/sites\/392\/2025\/11\/Biblioteca3-1024x461.jpeg 1024w, https:\/\/www.ccsa.ufpb.br\/bap\/wp-content\/uploads\/sites\/179\/sites\/392\/2025\/11\/Biblioteca3-300x135.jpeg 300w, https:\/\/www.ccsa.ufpb.br\/bap\/wp-content\/uploads\/sites\/179\/sites\/392\/2025\/11\/Biblioteca3-768x346.jpeg 768w, https:\/\/www.ccsa.ufpb.br\/bap\/wp-content\/uploads\/sites\/179\/sites\/392\/2025\/11\/Biblioteca3-1536x691.jpeg 1536w, https:\/\/www.ccsa.ufpb.br\/bap\/wp-content\/uploads\/sites\/179\/sites\/392\/2025\/11\/Biblioteca3.jpeg 1600w\" sizes=\"auto, (max-width: 1024px) 100vw, 1024px\" \/><figcaption class=\"wp-element-caption\"><strong>Biblioteca &#8211; Polo de Pombal<\/strong><\/figcaption><\/figure>\n\n\n\n<p>A coordenadora do Polo de Pombal \u00e9 Erisl\u00e2ndia Rejane de S\u00e1, que destaca os avan\u00e7os alcan\u00e7ados ao longo dos \u00faltimos 8 anos, fortalecendo a atua\u00e7\u00e3o do polo e ampliando as oportunidades de forma\u00e7\u00e3o para os estudantes. A assistente de apoio acad\u00eamico \u00e9 Ralydiana Joyce Formiga Moura.<\/p>\n\n\n\n<figure class=\"wp-block-image size-large\"><img loading=\"lazy\" decoding=\"async\" width=\"1024\" height=\"461\" src=\"https:\/\/www.ccsa.ufpb.br\/bap\/wp-content\/uploads\/sites\/179\/sites\/392\/2025\/11\/Labotatorio-de-Informatica1-1024x461.jpeg\" alt=\"\" class=\"wp-image-491\" srcset=\"https:\/\/www.ccsa.ufpb.br\/bap\/wp-content\/uploads\/sites\/179\/sites\/392\/2025\/11\/Labotatorio-de-Informatica1-1024x461.jpeg 1024w, https:\/\/www.ccsa.ufpb.br\/bap\/wp-content\/uploads\/sites\/179\/sites\/392\/2025\/11\/Labotatorio-de-Informatica1-300x135.jpeg 300w, https:\/\/www.ccsa.ufpb.br\/bap\/wp-content\/uploads\/sites\/179\/sites\/392\/2025\/11\/Labotatorio-de-Informatica1-768x346.jpeg 768w, https:\/\/www.ccsa.ufpb.br\/bap\/wp-content\/uploads\/sites\/179\/sites\/392\/2025\/11\/Labotatorio-de-Informatica1-1536x691.jpeg 1536w, https:\/\/www.ccsa.ufpb.br\/bap\/wp-content\/uploads\/sites\/179\/sites\/392\/2025\/11\/Labotatorio-de-Informatica1.jpeg 1600w\" sizes=\"auto, (max-width: 1024px) 100vw, 1024px\" \/><figcaption class=\"wp-element-caption\"><strong>Laborat\u00f3rio de Inform\u00e1tica &#8211; Polo de Pombal<\/strong><\/figcaption><\/figure>\n\n\n\n<p>Para manter uma comunica\u00e7\u00e3o eficiente com os discentes, o Polo de Pombal utiliza o Instagram&nbsp;<a href=\"https:\/\/www.instagram.com\/uabpombal\/\">@uabpombal<\/a>, onde divulga todas as a\u00e7\u00f5es, eventos e novidades relacionadas ao trabalho realizado na unidade.<\/p>\n\n\n\n<p>As avalia\u00e7\u00f5es presenciais ocorrem semestralmente, em dois s\u00e1bados consecutivos, al\u00e9m de um s\u00e1bado dedicado \u00e0 reposi\u00e7\u00e3o de provas, garantindo organiza\u00e7\u00e3o e acompanhamento adequado do processo avaliativo.<\/p>\n\n\n\n<p>O funcionamento do polo \u00e9 de segunda a sexta-feira, das 7h30 \u00e0s 11h30 e das 13h \u00e0s 17h, e aos s\u00e1bados, das 8h \u00e0s 12h, atendendo \u00e0s demandas dos cursos e dos estudantes de forma cont\u00ednua e acess\u00edvel.&nbsp;Para contato, voc\u00ea pode ligar para os telefones (83) 3431 2220 \/ (83) 99937 2114 ou enviar um e-mail para polouabpombal@gmail.com. Estamos sempre \u00e0 disposi\u00e7\u00e3o para esclarecer d\u00favidas, receber sugest\u00f5es e melhorar a experi\u00eancia de todos.<\/p>\n\n\n\n<p>Acreditamos que a presen\u00e7a e o engajamento dos discentes no Polo s\u00e3o essenciais para o sucesso do nosso curso. Venha nos visitar e fazer parte dessa comunidade de aprendizagem!<\/p>\n","protected":false},"excerpt":{"rendered":"<p>O Polo UAB de Pombal, localizado no Polo de Apoio Presencial UAB \u201cJairo Vieira Feitosa\u201d [&hellip;]<\/p>\n","protected":false},"author":423,"featured_media":0,"parent":0,"menu_order":0,"comment_status":"closed","ping_status":"closed","template":"","meta":{"footnotes":""},"class_list":["post-488","page","type-page","status-publish","hentry"],"_links":{"self":[{"href":"https:\/\/www.ccsa.ufpb.br\/bap\/wp-json\/wp\/v2\/pages\/488","targetHints":{"allow":["GET"]}}],"collection":[{"href":"https:\/\/www.ccsa.ufpb.br\/bap\/wp-json\/wp\/v2\/pages"}],"about":[{"href":"https:\/\/www.ccsa.ufpb.br\/bap\/wp-json\/wp\/v2\/types\/page"}],"author":[{"embeddable":true,"href":"https:\/\/www.ccsa.ufpb.br\/bap\/wp-json\/wp\/v2\/users\/423"}],"replies":[{"embeddable":true,"href":"https:\/\/www.ccsa.ufpb.br\/bap\/wp-json\/wp\/v2\/comments?post=488"}],"version-history":[{"count":1,"href":"https:\/\/www.ccsa.ufpb.br\/bap\/wp-json\/wp\/v2\/pages\/488\/revisions"}],"predecessor-version":[{"id":492,"href":"https:\/\/www.ccsa.ufpb.br\/bap\/wp-json\/wp\/v2\/pages\/488\/revisions\/492"}],"wp:attachment":[{"href":"https:\/\/www.ccsa.ufpb.br\/bap\/wp-json\/wp\/v2\/media?parent=488"}],"curies":[{"name":"wp","href":"https:\/\/api.w.org\/{rel}","templated":true}]}}