{"id":39,"date":"2025-12-15T20:34:48","date_gmt":"2025-12-15T23:34:48","guid":{"rendered":"https:\/\/www.ccsa.ufpb.br\/cce\/?page_id=39"},"modified":"2026-06-10T09:13:32","modified_gmt":"2026-06-10T12:13:32","slug":"legislacao","status":"publish","type":"page","link":"https:\/\/www.ccsa.ufpb.br\/cce\/legislacao\/","title":{"rendered":"Legisla\u00e7\u00e3o"},"content":{"rendered":"\n<p class=\"wp-block-paragraph\"><strong>Documenta\u00e7\u00e3o Normativa e Regulamentar<\/strong><\/p>\n\n\n\n<p class=\"wp-block-paragraph\"><a href=\"https:\/\/www.ufpb.br\/sods\/contents\/menu\/estatuto\" target=\"_blank\" rel=\"noreferrer noopener\">Estatuto da UFPB<\/a><\/p>\n\n\n\n<p class=\"wp-block-paragraph\"><a href=\"https:\/\/www.ufpb.br\/sods\/contents\/menu\/estatuto\" target=\"_blank\" rel=\"noreferrer noopener\"><\/a>Resolu\u00e7\u00e3o n\u00ba 07\/2002 _Aprova o Estatuto da Universidade Federal da Para\u00edba &#8211; UFPB.<\/p>\n\n\n\n<p class=\"wp-block-paragraph\"><a href=\"https:\/\/www.ufpb.br\/sods\/contents\/menu\/copy_of_regimentos\/regimento-geral\" target=\"_blank\" rel=\"noreferrer noopener\">Regimento Geral da UFPB<\/a><\/p>\n\n\n\n<p class=\"wp-block-paragraph\">O Regimento Geral disciplina os aspectos de organiza\u00e7\u00e3o e funcionamento comuns aos v\u00e1rios \u00f3rg\u00e3os e servi\u00e7os da Universidade Federal da Para\u00edba, complementando o seu Estatuto.<\/p>\n\n\n\n<p class=\"wp-block-paragraph\"><a href=\"https:\/\/sig-arq.ufpb.br\/arquivos\/201521608686d909558571934a188b05\/Resoluo_62_2008.htm\" target=\"_blank\" rel=\"noreferrer noopener\">Resolu\u00e7\u00e3o CONSEPE 62\/2008<\/a><\/p>\n\n\n\n<p class=\"wp-block-paragraph\">Aprova o Projeto Pol\u00edtico-Pedag\u00f3gico do Curso de Ci\u00eancias Econ\u00f4micas, do Centro de Ci\u00eancias Sociais Aplicadas, Campus I, desta Universidade.<\/p>\n\n\n\n<p class=\"wp-block-paragraph\"><a href=\"https:\/\/drive.ufpb.br\/s\/oModeWx22eHWp7E\">Resolu\u00e7\u00e3o CONSEPE 29\/2020<\/a><\/p>\n\n\n\n<p class=\"wp-block-paragraph\">Regulamento Geral de Gradua\u00e7\u00e3o da Universidade Federal da Para\u00edba, e revoga a resolu\u00e7\u00e3o n\u00ba 16\/2015.<\/p>\n\n\n\n<p class=\"wp-block-paragraph\"><a href=\"http:\/\/plone.ufpb.br\/ccgp\/contents\/menu\/portarias-e-resolucoes-da-ufpb\/regimento-geral-da-ufpb\"><\/a><a href=\"http:\/\/www.prg.ufpb.br\/prg\/codesc\/documentos\/legislacao\/resolucao-consepe-no-27-2021\/view\" target=\"_blank\" rel=\"noreferrer noopener\">Resolu\u00e7\u00e3o CONSEPE 27\/2021<\/a><\/p>\n\n\n\n<p class=\"wp-block-paragraph\">Regulamenta\u00e7\u00e3o de oferta de componentes curriculares para a gradua\u00e7\u00e3o no Per\u00edodo Suplementar 2021.1.<\/p>\n\n\n\n<p class=\"wp-block-paragraph\"><a href=\"http:\/\/plone.ufpb.br\/cce\/contents\/documentos\/resolucoes\/res_consepe_452021.pdf\">Resolu\u00e7\u00e3o CONSEPE 45\/2021<\/a><\/p>\n\n\n\n<p class=\"wp-block-paragraph\">Regulamenta\u00e7\u00e3o de oferta de componentes curriculares para a gradua\u00e7\u00e3o no Per\u00edodo Suplementar 2021.2.<\/p>\n\n\n\n<p class=\"wp-block-paragraph\"><a href=\"http:\/\/plone.ufpb.br\/cce\/contents\/documentos\/resolucao-de-migracao_assinado.pdf\">Resolu\u00e7\u00e3o&nbsp; n\u00ba 01\/2026 CGCE\/CCSA\/UFPB <\/a><\/p>\n\n\n\n<p class=\"wp-block-paragraph\"><a href=\"http:\/\/plone.ufpb.br\/cce\/contents\/documentos\/copy2_of_PPC2025_resoluon42_2025.pdf\">PPC &#8211; Projeto Pol\u00edtico Pedag\u00f3gico&nbsp; do curso de Ci\u00eancias Econ\u00f4micas&nbsp;<\/a><\/p>\n\n\n\n<p class=\"wp-block-paragraph\">Regulamenta o processo de transi\u00e7\u00e3o e a migra\u00e7\u00e3o curricular entre os Projetos Pedag\u00f3gicos aprovados<br>em 2008 e em 2025 do Curso de Ci\u00eancias Econ\u00f4micas.<\/p>\n\n\n\n<h2 class=\"wp-block-heading\"><div class=\"linha-header\"><a href=\"https:\/\/drive.google.com\/drive\/folders\/1-tw0iauP3maeZ87V5aPivK9HEXBAFtQD\">Resolu\u00e7\u00e3o&nbsp; n\u00ba 02\/2026 CGCE\/CCSA\/UFPB<\/a><\/div><\/h2>\n\n\n\n<p class=\"wp-block-paragraph\">Regulamenta o Est\u00e1gio Supervisionado do curso de ci\u00eancias Econ\u00f4micas. <\/p>\n\n\n\n<p class=\"wp-block-paragraph\"><\/p>\n","protected":false},"excerpt":{"rendered":"<p>Documenta\u00e7\u00e3o Normativa e Regulamentar Estatuto da UFPB Resolu\u00e7\u00e3o n\u00ba 07\/2002 _Aprova o Estatuto da Universidade [&hellip;]<\/p>\n","protected":false},"author":47,"featured_media":0,"parent":0,"menu_order":0,"comment_status":"closed","ping_status":"closed","template":"","meta":{"footnotes":""},"class_list":["post-39","page","type-page","status-publish","hentry"],"_links":{"self":[{"href":"https:\/\/www.ccsa.ufpb.br\/cce\/wp-json\/wp\/v2\/pages\/39","targetHints":{"allow":["GET"]}}],"collection":[{"href":"https:\/\/www.ccsa.ufpb.br\/cce\/wp-json\/wp\/v2\/pages"}],"about":[{"href":"https:\/\/www.ccsa.ufpb.br\/cce\/wp-json\/wp\/v2\/types\/page"}],"author":[{"embeddable":true,"href":"https:\/\/www.ccsa.ufpb.br\/cce\/wp-json\/wp\/v2\/users\/47"}],"replies":[{"embeddable":true,"href":"https:\/\/www.ccsa.ufpb.br\/cce\/wp-json\/wp\/v2\/comments?post=39"}],"version-history":[{"count":17,"href":"https:\/\/www.ccsa.ufpb.br\/cce\/wp-json\/wp\/v2\/pages\/39\/revisions"}],"predecessor-version":[{"id":275,"href":"https:\/\/www.ccsa.ufpb.br\/cce\/wp-json\/wp\/v2\/pages\/39\/revisions\/275"}],"wp:attachment":[{"href":"https:\/\/www.ccsa.ufpb.br\/cce\/wp-json\/wp\/v2\/media?parent=39"}],"curies":[{"name":"wp","href":"https:\/\/api.w.org\/{rel}","templated":true}]}}