{"id":115,"date":"2025-11-27T10:15:06","date_gmt":"2025-11-27T13:15:06","guid":{"rendered":"https:\/\/www.ccsa.ufpb.br\/cgp\/?page_id=115"},"modified":"2026-03-06T13:51:59","modified_gmt":"2026-03-06T16:51:59","slug":"atividades-complementares-flexiveis","status":"publish","type":"page","link":"https:\/\/www.ccsa.ufpb.br\/cgp\/atividades-complementares-flexiveis\/","title":{"rendered":"Atividades Complementares Flex\u00edveis"},"content":{"rendered":"\n<h3 class=\"wp-block-heading\">1. O que s\u00e3o as Atividades Complementares Flex\u00edveis<\/h3>\n\n\n\n<p>S\u00e3o atividades opcionais, intra e interdisciplinares, de <strong>ensino, pesquisa, extens\u00e3o, gest\u00e3o \/ representa\u00e7\u00e3o e produ\u00e7\u00e3o t\u00e9cnica<\/strong>, regulamentadas pelo <a href=\"https:\/\/sig-arq.ufpb.br\/arquivos\/2020189051e2be2611980cbe468246287\/Resp29.20.pdf\">Regulamento Geral da Gradua\u00e7\u00e3o da UFPB<\/a>, <a href=\"https:\/\/sig-arq.ufpb.br\/arquivos\/2026092215dcd68539457a2c245b58f67\/Res._n._79.2025_Consepe_PPC_Gesto_Pblica.pdf\">Projeto Pedag\u00f3gico do Curso<\/a> e <a href=\"https:\/\/sig-arq.ufpb.br\/arquivos\/2023105089926a5481767147521926474\/Resoluo_CGGP_01-2023_-_Atividades_Complementares.pdf\">Resolu\u00e7\u00e3o CGGP n\u00ba 01\/2023<\/a>, com o objetivo de <strong>desenvolver compet\u00eancias acad\u00eamicas, profissionais e sociais<\/strong> do estudante.<\/p>\n\n\n\n<ul class=\"wp-block-list\">\n<li><strong>Carga hor\u00e1ria total obrigat\u00f3ria:<\/strong> 300 horas<\/li>\n\n\n\n<li><strong>Car\u00e1ter:<\/strong> obrigat\u00f3rio e complementar<\/li>\n\n\n\n<li><strong>Realiza\u00e7\u00e3o:<\/strong> ao longo de todo o curso<\/li>\n<\/ul>\n\n\n\n<h2 class=\"wp-block-heading\"><div class=\"linha-header\">2. Modalidades de atividades aceitas<\/div><\/h2>\n\n\n\n<p>O discente deve integralizar horas em <strong>pelo menos duas<\/strong> das cinco modalidades abaixo :<\/p>\n\n\n\n<ol class=\"wp-block-list\">\n<li>Ensino<\/li>\n\n\n\n<li>Pesquisa<\/li>\n\n\n\n<li>Extens\u00e3o<\/li>\n\n\n\n<li>Gest\u00e3o ou Representa\u00e7\u00e3o<\/li>\n\n\n\n<li>Produ\u00e7\u00e3o T\u00e9cnica<\/li>\n<\/ol>\n\n\n\n<p>Cada modalidade possui atividades espec\u00edficas com carga hor\u00e1ria individual e limite m\u00e1ximo de aproveitamento (confira o quadro de atividades nos documentos normativos ou formul\u00e1rio espec\u00edfico).<\/p>\n\n\n\n<h2 class=\"wp-block-heading\"><div class=\"linha-header\">3. Responsabilidades do(a) discente<\/div><\/h2>\n\n\n\n<p>\u00c9 responsabilidade do(a) estudante :<\/p>\n\n\n\n<ul class=\"wp-block-list\">\n<li>Participar de atividades relacionadas \u00e0 Gest\u00e3o P\u00fablica ou \u00e1reas afins<\/li>\n\n\n\n<li>Cumprir <strong>300 horas<\/strong> em, no m\u00ednimo, <strong>duas modalidades diferentes<\/strong><\/li>\n\n\n\n<li>Preencher corretamente o <strong><a href=\"https:\/\/docs.google.com\/document\/d\/1v5G0JMUExVmwZJxbxUpB6rWO6Uxu6j6hLwFEOm6ir8U\/edit?tab=t.0\"><strong><a href=\"https:\/\/docs.google.com\/document\/d\/1v5G0JMUExVmwZJxbxUpB6rWO6Uxu6j6hLwFEOm6ir8U\/edit?tab=t.0\">Requerimento de Conte\u00fados Complementares Flex\u00edveis<\/a><\/strong><\/a><\/strong><\/li>\n\n\n\n<li>Reunir e enviar toda a <strong>documenta\u00e7\u00e3o comprobat\u00f3ria<\/strong><\/li>\n\n\n\n<li>Acompanhar notifica\u00e7\u00f5es pelo <strong>SIGAA<\/strong> ou e-mail e manter seus dados atualizados<\/li>\n<\/ul>\n\n\n\n<h2 class=\"wp-block-heading\"><div class=\"linha-header\">4. Passo a passo para integraliza\u00e7\u00e3o<\/div><\/h2>\n\n\n\n<p><strong>1 \u2013 Participar das atividades<\/strong><br>Realize atividades de ensino, pesquisa, extens\u00e3o, gest\u00e3o\/representa\u00e7\u00e3o ou produ\u00e7\u00e3o t\u00e9cnica, observando as regras e limites de carga hor\u00e1ria por atividade<\/p>\n\n\n\n<p><strong>2 \u2013 Organizar a documenta\u00e7\u00e3o<\/strong><br>Guarde certificados, declara\u00e7\u00f5es ou comprovantes que indiquem:<\/p>\n\n\n\n<ul class=\"wp-block-list\">\n<li>Nome da atividade<\/li>\n\n\n\n<li>Per\u00edodo de realiza\u00e7\u00e3o<\/li>\n\n\n\n<li>Carga hor\u00e1ria<\/li>\n\n\n\n<li>Institui\u00e7\u00e3o respons\u00e1vel<\/li>\n<\/ul>\n\n\n\n<p><strong>3 \u2013 Preencher o requerimento<\/strong><br>Preencha o <strong><a href=\"https:\/\/docs.google.com\/document\/d\/1v5G0JMUExVmwZJxbxUpB6rWO6Uxu6j6hLwFEOm6ir8U\/edit?tab=t.0\">Requerimento de Conte\u00fados Complementares Flex\u00edveis<\/a><\/strong> e o quadro de registro das atividades.<\/p>\n\n\n\n<p><strong>4 \u2013 Enviar para a Coordena\u00e7\u00e3o<\/strong><br>Envie o <a href=\"https:\/\/docs.google.com\/document\/d\/1v5G0JMUExVmwZJxbxUpB6rWO6Uxu6j6hLwFEOm6ir8U\/edit?tab=t.0\">requerimento<\/a> e toda a documenta\u00e7\u00e3o comprobat\u00f3ria, em um \u00fanico arquivo pdf, para <strong><a href=\"mailto:ccgp@ccsa.ufpb.br\">ccgp@ccsa.ufpb.br<\/a><\/strong>, observando o prazo estipulado no calend\u00e1rio disponibilizado no <a href=\"https:\/\/www.ccsa.ufpb.br\/cgp\/documentos\/manuais\/\">manual<\/a>, atualizado a cada per\u00edodo letivo.<\/p>\n\n\n\n<p><strong>5 \u2013 Aguardar avalia\u00e7\u00e3o<\/strong><br>O Colegiado do Curso analisar\u00e1 o pedido em at\u00e9 <strong>30 dias<\/strong> ap\u00f3s o recebimento.<\/p>\n\n\n\n<p><strong>6 \u2013 Resolver pend\u00eancias (se houver)<\/strong><br>Caso haja pend\u00eancias, o discente ser\u00e1 notificado por e-mail ou pelo SIGAA e ter\u00e1 <strong>5 dias \u00fateis<\/strong> para regulariza\u00e7\u00e3o.<\/p>\n\n\n\n<p><strong>7 \u2013 Integraliza\u00e7\u00e3o da carga hor\u00e1ria<\/strong><br>Ap\u00f3s aprova\u00e7\u00e3o pelo Colegiado do Curso, a Coordena\u00e7\u00e3o registrar\u00e1 as horas no SIGAA.<\/p>\n\n\n\n<h2 class=\"wp-block-heading\"><div class=\"linha-header\"><strong>5. Documentos importantes<\/strong><\/div><\/h2>\n\n\n\n<ol class=\"wp-block-list\">\n<li><a href=\"https:\/\/docs.google.com\/document\/d\/1v5G0JMUExVmwZJxbxUpB6rWO6Uxu6j6hLwFEOm6ir8U\/edit?tab=t.0\">Requerimento de Conte\u00fados Complementares Flex\u00edveis<\/a><\/li>\n\n\n\n<li><a href=\"https:\/\/www.ccsa.ufpb.br\/cgp\/documentos\/manuais\/\">Manual de Atividades Complementares Flex\u00edveis<\/a><\/li>\n\n\n\n<li><a href=\"https:\/\/sig-arq.ufpb.br\/arquivos\/2023105089926a5481767147521926474\/Resoluo_CGGP_01-2023_-_Atividades_Complementares.pdf\">Resolu\u00e7\u00e3o CGGP n\u00ba 01\/2023<\/a><\/li>\n\n\n\n<li><a href=\"https:\/\/sig-arq.ufpb.br\/arquivos\/2020189051e2be2611980cbe468246287\/Resp29.20.pdf\">Resolu\u00e7\u00e3o CONSEPE 29\/2020<\/a><\/li>\n<\/ol>\n\n\n\n<p><\/p>\n","protected":false},"excerpt":{"rendered":"<p>1. O que s\u00e3o as Atividades Complementares Flex\u00edveis S\u00e3o atividades opcionais, intra e interdisciplinares, de [&hellip;]<\/p>\n","protected":false},"author":440,"featured_media":0,"parent":0,"menu_order":0,"comment_status":"closed","ping_status":"closed","template":"","meta":{"footnotes":""},"class_list":["post-115","page","type-page","status-publish","hentry"],"_links":{"self":[{"href":"https:\/\/www.ccsa.ufpb.br\/cgp\/wp-json\/wp\/v2\/pages\/115","targetHints":{"allow":["GET"]}}],"collection":[{"href":"https:\/\/www.ccsa.ufpb.br\/cgp\/wp-json\/wp\/v2\/pages"}],"about":[{"href":"https:\/\/www.ccsa.ufpb.br\/cgp\/wp-json\/wp\/v2\/types\/page"}],"author":[{"embeddable":true,"href":"https:\/\/www.ccsa.ufpb.br\/cgp\/wp-json\/wp\/v2\/users\/440"}],"replies":[{"embeddable":true,"href":"https:\/\/www.ccsa.ufpb.br\/cgp\/wp-json\/wp\/v2\/comments?post=115"}],"version-history":[{"count":11,"href":"https:\/\/www.ccsa.ufpb.br\/cgp\/wp-json\/wp\/v2\/pages\/115\/revisions"}],"predecessor-version":[{"id":220,"href":"https:\/\/www.ccsa.ufpb.br\/cgp\/wp-json\/wp\/v2\/pages\/115\/revisions\/220"}],"wp:attachment":[{"href":"https:\/\/www.ccsa.ufpb.br\/cgp\/wp-json\/wp\/v2\/media?parent=115"}],"curies":[{"name":"wp","href":"https:\/\/api.w.org\/{rel}","templated":true}]}}