{"id":18,"date":"2025-10-03T10:13:54","date_gmt":"2025-10-03T13:13:54","guid":{"rendered":"https:\/\/www.ccsa.ufpb.br\/cgp\/?page_id=18"},"modified":"2026-03-06T15:44:14","modified_gmt":"2026-03-06T18:44:14","slug":"apresentacao","status":"publish","type":"page","link":"https:\/\/www.ccsa.ufpb.br\/cgp\/apresentacao\/","title":{"rendered":"Apresenta\u00e7\u00e3o"},"content":{"rendered":"\n<p>O curso de Gest\u00e3o P\u00fablica \u00e9 vinculado ao Centro de Ci\u00eancias Sociais Aplicadas&nbsp;(CCSA), da Universidade Federal da Para\u00edba, Campus I. Atualmente, na modalidade&nbsp;Bacharelado, s\u00e3o ofertadas 100 vagas anuais, sendo 50 por semestre letivo, no turno&nbsp;vespertino (14h \u00e0s 18h). A dura\u00e7\u00e3o total do curso \u00e9 de 3.000 horas, com dura\u00e7\u00e3o m\u00ednima&nbsp;prevista de 04 anos (oito per\u00edodos). Todas as informa\u00e7\u00f5es sobre o funcionamento do&nbsp;curso encontram-se dispon\u00edveis nesta p\u00e1gina.<\/p>\n\n\n\n<p>O Curso de Bacharelado em Gest\u00e3o P\u00fablica iniciou suas atividades em 2017, foi resultante da necessidade de expandir as conquistas do Tecn\u00f3logo em Gest\u00e3o P\u00fablica (extinto). Al\u00e9m disso, busca atender as demandas do setor p\u00fablico por uma forma\u00e7\u00e3o mais robusta, completa e diversificada, considerando a qualifica\u00e7\u00e3o t\u00e9cnico-pol\u00edtica e o fortalecimento da trajet\u00f3ria profissional do(a) discente.<br><\/p>\n\n\n\n<h2 class=\"wp-block-heading\"><div class=\"linha-header\"><strong>Objetivo do Curso<\/strong><\/div><\/h2>\n\n\n\n<ul class=\"wp-block-list\">\n<li>Formar profissionais com amplo conhecimento em gest\u00e3o p\u00fablica, capazes de atuar no \u00e2mbito federal, estadual e municipal, gerindo com compet\u00eancia as organiza\u00e7\u00f5es governamentais e n\u00e3o governamentais, de modo proativo, democr\u00e1tico e \u00e9tico, tendo em vista a transforma\u00e7\u00e3o e o desenvolvimento da sociedade<\/li>\n<\/ul>\n\n\n\n<h2 class=\"wp-block-heading\"><div class=\"linha-header\"><strong>Perfil do Profissional<\/strong><\/div><\/h2>\n\n\n\n<ul class=\"wp-block-list\">\n<li>Formar um indiv\u00edduo intelectual, cr\u00edtico, t\u00e9cnico e agente de transforma\u00e7\u00e3o na sociedade brasileira<\/li>\n\n\n\n<li>Garantir uma forma\u00e7\u00e3o acad\u00eamica que d\u00ea ao egresso, um perfil de pesquisador, consultor e analista de gest\u00e3o p\u00fablica e gest\u00e3o social<\/li>\n\n\n\n<li>Formar um profissional respons\u00e1vel e \u00e9tico em seu fazer cotidiano em todas as inst\u00e2ncias da vida<\/li>\n<\/ul>\n\n\n\n<h2 class=\"wp-block-heading\"><div class=\"linha-header\"><strong>Compet\u00eancias, Atitudes e Habilidades<\/strong><\/div><\/h2>\n\n\n\n<ul class=\"wp-block-list\">\n<li>Reconhecer e analisar problemas, identificar rela\u00e7\u00f5es e prioridades da agenda p\u00fablica, formular solu\u00e7\u00f5es, compreender e atuar no processo da tomada de decis\u00e3o e situa\u00e7\u00f5es de risco<\/li>\n\n\n\n<li>Pensar estrategicamente, propor e efetivar modifica\u00e7\u00f5es, atuar preventivamente, transferir e disseminar conhecimentos, em diferentes graus de complexidade<\/li>\n\n\n\n<li>Estimular a iniciativa, criatividade e determina\u00e7\u00e3o, compreendendo os pap\u00e9is dos diversos atores e agentes envolvidos, com capacidade de articular, negociar e gerir acordos<\/li>\n\n\n\n<li>Desenvolver a capacidade para elaborar, implementar, consolidar e inovar programas, projetos e processos institucionais na esfera p\u00fablica, com a consci\u00eancia da qualidade, bem-estar e justi\u00e7a social para todos os cidad\u00e3os brasileiros, levando em considera\u00e7\u00e3o as implica\u00e7\u00f5es \u00e9ticas e pol\u00edticas do seu exerc\u00edcio profissional<\/li>\n<\/ul>\n\n\n\n<h2 class=\"wp-block-heading\"><div class=\"linha-header\"><strong>Campo de Atua\u00e7\u00e3o Profissional<\/strong><\/div><\/h2>\n\n\n\n<ul class=\"wp-block-list\">\n<li><strong>Setor p\u00fablico<\/strong>\n<ul class=\"wp-block-list\">\n<li>Formula\u00e7\u00e3o, implementa\u00e7\u00e3o, monitoramento e avalia\u00e7\u00e3o de pol\u00edticas, programas e projetos governamentais<\/li>\n<\/ul>\n<\/li>\n\n\n\n<li><strong>Organiza\u00e7\u00f5es p\u00fablicas<\/strong>\n<ul class=\"wp-block-list\">\n<li>Empresas p\u00fablicas e de economia mista&nbsp;<\/li>\n\n\n\n<li>Ag\u00eancias reguladoras da presta\u00e7\u00e3o de servi\u00e7os de interesse coletivo<\/li>\n<\/ul>\n<\/li>\n\n\n\n<li><strong>Organiza\u00e7\u00f5es internacionais e multilaterais<\/strong>\n<ul class=\"wp-block-list\">\n<li>PNUD, OIT, UNESCO, OMS,MERCOSUL, OEA, Cepal e outras<\/li>\n<\/ul>\n<\/li>\n\n\n\n<li><strong>Organiza\u00e7\u00f5es privadas<\/strong>\n<ul class=\"wp-block-list\">\n<li>Prestadoras de servi\u00e7os de interesse p\u00fablico<\/li>\n\n\n\n<li>Prestadoras de servi\u00e7os \u00e0s organiza\u00e7\u00f5es p\u00fablicas<\/li>\n\n\n\n<li>Fornecedoras de insumos para o funcionamento e opera\u00e7\u00e3o das organiza\u00e7\u00f5es e das pol\u00edticas p\u00fablicas<\/li>\n<\/ul>\n<\/li>\n\n\n\n<li><strong>Institui\u00e7\u00f5es sem fins lucrativos<\/strong>\n<ul class=\"wp-block-list\">\n<li>Atuantes em atividades de interesse coletivo<\/li>\n<\/ul>\n<\/li>\n\n\n\n<li><strong>Consultorias, assessorias, pesquisa e avalia\u00e7\u00e3o de pol\u00edticas, programas e organiza\u00e7\u00f5es p\u00fablicas<\/strong><\/li>\n<\/ul>\n\n\n\n<p><\/p>\n\n\n\n<h2 class=\"wp-block-heading\"><div class=\"linha-header\"><a href=\"https:\/\/sig-arq.ufpb.br\/arquivos\/202211703250f446263106c913c20fa68\/Resoluo_Consepe_15-2016_-_Criacao_do_Curso_-_BGP.pdf\">RESOLU\u00c7\u00c3O N\u00ba 15\/2016 &#8211; CONSUNI: Cria\u00e7\u00e3o do Curso de Gradua\u00e7\u00e3o em Gest\u00e3o P\u00fablica<\/a><\/div><\/h2>\n\n\n\n<p><\/p>\n","protected":false},"excerpt":{"rendered":"<p>O curso de Gest\u00e3o P\u00fablica \u00e9 vinculado ao Centro de Ci\u00eancias Sociais Aplicadas&nbsp;(CCSA), da Universidade [&hellip;]<\/p>\n","protected":false},"author":47,"featured_media":0,"parent":0,"menu_order":0,"comment_status":"closed","ping_status":"closed","template":"","meta":{"footnotes":""},"class_list":["post-18","page","type-page","status-publish","hentry"],"_links":{"self":[{"href":"https:\/\/www.ccsa.ufpb.br\/cgp\/wp-json\/wp\/v2\/pages\/18","targetHints":{"allow":["GET"]}}],"collection":[{"href":"https:\/\/www.ccsa.ufpb.br\/cgp\/wp-json\/wp\/v2\/pages"}],"about":[{"href":"https:\/\/www.ccsa.ufpb.br\/cgp\/wp-json\/wp\/v2\/types\/page"}],"author":[{"embeddable":true,"href":"https:\/\/www.ccsa.ufpb.br\/cgp\/wp-json\/wp\/v2\/users\/47"}],"replies":[{"embeddable":true,"href":"https:\/\/www.ccsa.ufpb.br\/cgp\/wp-json\/wp\/v2\/comments?post=18"}],"version-history":[{"count":8,"href":"https:\/\/www.ccsa.ufpb.br\/cgp\/wp-json\/wp\/v2\/pages\/18\/revisions"}],"predecessor-version":[{"id":228,"href":"https:\/\/www.ccsa.ufpb.br\/cgp\/wp-json\/wp\/v2\/pages\/18\/revisions\/228"}],"wp:attachment":[{"href":"https:\/\/www.ccsa.ufpb.br\/cgp\/wp-json\/wp\/v2\/media?parent=18"}],"curies":[{"name":"wp","href":"https:\/\/api.w.org\/{rel}","templated":true}]}}