{"id":233,"date":"2026-03-18T12:05:58","date_gmt":"2026-03-18T15:05:58","guid":{"rendered":"https:\/\/www.ccsa.ufpb.br\/cgp\/?page_id=233"},"modified":"2026-04-30T14:11:40","modified_gmt":"2026-04-30T17:11:40","slug":"editais-e-selecoes","status":"publish","type":"page","link":"https:\/\/www.ccsa.ufpb.br\/cgp\/editais-e-selecoes\/","title":{"rendered":"Editais e Sele\u00e7\u00f5es"},"content":{"rendered":"\n<p><\/p>\n\n\n\n<h2 class=\"wp-block-heading has-text-align-center\"><div class=\"linha-header\"><br>CONSULTA PARA ESCOLHA DE COORDENADOR E VICE-COORDENADOR DA COORDENA\u00c7\u00c3O DE GEST\u00c3O P\u00daBLICA PARA O BI\u00caNIO 2026-2028<\/div><\/h2>\n\n\n\n<p><br>A Comiss\u00e3o Eleitoral (PORTARIA N\u00ba 02\/2026 &#8211; CGP\/CCSA\/UFPB) no uso de suas atribui\u00e7\u00f5es e com base nas Resolu\u00e7\u00f5es 04\/2020-CONSUNI\/UFPB publica as Normas Internas para Escolha de Coordenador(a) e Vice-Coordenador(a) do Curso de Bacharelado em Gest\u00e3o P\u00fablica\/CCSA\/UFPB:<\/p>\n\n\n\n<ul class=\"wp-block-list\">\n<li><a href=\"https:\/\/sig-arq.ufpb.br\/arquivos\/2026153162210d8655098f8e0a2edcbd5\/Edital_CGP_01_-_Consulta_Eleitoral_-_2026_-_Coordenacao_assinado_1.pdf\">Edital 01\/2026 CGP\/CCSA\/UFPB<\/a><\/li>\n\n\n\n<li><a href=\"https:\/\/sig-arq.ufpb.br\/arquivos\/2026218185802586851760448317e093b\/Informe_-_Ausncia_de_Recursos_Impugnao_do_Edital_-_Consulta_BGP.pdf\">INFORME N\u00ba 1 \/ 2026 &#8211; CCSA-DGP (aus\u00eancia de impugna\u00e7\u00e3o do edital)<\/a><\/li>\n\n\n\n<li><a href=\"https:\/\/sig-arq.ufpb.br\/arquivos\/202614417570578710322f4f96ced8482\/Lista_Provisria_de_Candidatura_Inscrita-_Consulta-BGP.pdf\">LISTA PROVIS\u00d3RIA DE CANDIDATURA INSCRITA<\/a> <\/li>\n\n\n\n<li><a href=\"https:\/\/sig-arq.ufpb.br\/arquivos\/2026185065e5f08716665829453691e92\/Nota_Informativa_-_ausncia_de_pedido_de_impugnao_de_candidatura.pdf\">NOTA INFORMATIVA &#8211; Aus\u00eancia de pedido de impugna\u00e7\u00e3o de candidatura<\/a> <\/li>\n\n\n\n<li><a href=\"https:\/\/sig-arq.ufpb.br\/arquivos\/2026211179a3178743555f65232816030\/Homologacao_da_Candidatura_Inscrita_-_Consulta_BGP.docx_assinado.pdf\">LISTA FINAL DE CANDIDATURA INSCRITA <\/a><\/li>\n\n\n\n<li><a href=\"https:\/\/sig-arq.ufpb.br\/arquivos\/202613707910df876838935b8a3676045\/Resultado_Preliminar_da_Consulta_Eleitoral_por_Aclamao.pdf\">RESULTADO PRELIMINAR DA CONSULTA ELEITORAL POR ACLAMA\u00c7\u00c3O<\/a> <\/li>\n<\/ul>\n\n\n\n<p><\/p>\n\n\n\n<h2 class=\"wp-block-heading has-text-align-center\"><div class=\"linha-header\">L\u00e1urea Acad\u00eamica Destaque da Gradua\u00e7\u00e3o &#8211; 2025.2<\/div><\/h2>\n\n\n\n<ul class=\"wp-block-list\">\n<li><a href=\"https:\/\/sig-arq.ufpb.br\/arquivos\/202601419515a48705661c4ab9f47a614\/Relatrio_de_Lurea_Acadmica_-_2025.2_-_CCGP.pdf\">RELAT\u00d3RIO DA COMISS\u00c3O AVALIADORA<\/a><\/li>\n<\/ul>\n\n\n\n<p><\/p>\n","protected":false},"excerpt":{"rendered":"<p>CONSULTA PARA ESCOLHA DE COORDENADOR E VICE-COORDENADOR DA COORDENA\u00c7\u00c3O DE GEST\u00c3O P\u00daBLICA PARA O BI\u00caNIO [&hellip;]<\/p>\n","protected":false},"author":47,"featured_media":0,"parent":0,"menu_order":0,"comment_status":"closed","ping_status":"closed","template":"","meta":{"footnotes":""},"class_list":["post-233","page","type-page","status-publish","hentry"],"_links":{"self":[{"href":"https:\/\/www.ccsa.ufpb.br\/cgp\/wp-json\/wp\/v2\/pages\/233","targetHints":{"allow":["GET"]}}],"collection":[{"href":"https:\/\/www.ccsa.ufpb.br\/cgp\/wp-json\/wp\/v2\/pages"}],"about":[{"href":"https:\/\/www.ccsa.ufpb.br\/cgp\/wp-json\/wp\/v2\/types\/page"}],"author":[{"embeddable":true,"href":"https:\/\/www.ccsa.ufpb.br\/cgp\/wp-json\/wp\/v2\/users\/47"}],"replies":[{"embeddable":true,"href":"https:\/\/www.ccsa.ufpb.br\/cgp\/wp-json\/wp\/v2\/comments?post=233"}],"version-history":[{"count":11,"href":"https:\/\/www.ccsa.ufpb.br\/cgp\/wp-json\/wp\/v2\/pages\/233\/revisions"}],"predecessor-version":[{"id":267,"href":"https:\/\/www.ccsa.ufpb.br\/cgp\/wp-json\/wp\/v2\/pages\/233\/revisions\/267"}],"wp:attachment":[{"href":"https:\/\/www.ccsa.ufpb.br\/cgp\/wp-json\/wp\/v2\/media?parent=233"}],"curies":[{"name":"wp","href":"https:\/\/api.w.org\/{rel}","templated":true}]}}