{"id":46,"date":"2025-10-04T21:40:06","date_gmt":"2025-10-05T00:40:06","guid":{"rendered":"https:\/\/www.ccsa.ufpb.br\/cgp\/?page_id=46"},"modified":"2026-03-02T15:46:15","modified_gmt":"2026-03-02T18:46:15","slug":"colegiado-do-curso","status":"publish","type":"page","link":"https:\/\/www.ccsa.ufpb.br\/cgp\/colegiado-do-curso\/","title":{"rendered":"Colegiado do Curso"},"content":{"rendered":"\n<p class=\" \">O <a href=\"https:\/\/www.ufpb.br\/sods\/contents\/menu\/copy_of_regimentos\/regimento-geral\" target=\"_blank\" rel=\"noreferrer noopener\">Regimento Geral da UFPB<\/a> estabelece a composi\u00e7\u00e3o (Art. 20.) e&nbsp;atribui\u00e7\u00f5es do Colegiado de Curso (Art. 22.). Para o Curso de Gest\u00e3o P\u00fablica, os representantes s\u00e3o listados a seguir.<\/p>\n\n\n\n<p><\/p>\n\n\n\n<h2 class=\"wp-block-heading\"><div class=\"linha-header\"><strong>Membros Natos<\/strong><\/div><\/h2>\n\n\n\n<p class=\" \"><strong>Presidente:&nbsp;<\/strong><a href=\"https:\/\/sigaa.ufpb.br\/sigaa\/public\/docente\/portal.jsf?siape=1573322\">Profa Dra. Sabrina de Melo Cabral<\/a><\/p>\n\n\n\n<p class=\" \"><strong>Vice-Presidente<\/strong>:&nbsp;<a href=\"https:\/\/sigaa.ufpb.br\/sigaa\/public\/docente\/portal.jsf?siape=1064711\">Profa. Dra. Joyce Amancio de Aquino Alves<strong><\/strong><\/a><\/p>\n\n\n\n<p class=\" \"><strong>Mandato: <\/strong>10\/07\/24 a 09\/07\/26<\/p>\n\n\n\n<p><\/p>\n\n\n\n<h2 class=\"wp-block-heading\"><div class=\"linha-header\"><strong>Departamento de Gest\u00e3o P\u00fablica<\/strong><\/div><\/h2>\n\n\n\n<p class=\" \"><strong>Titular: <\/strong>Carla Calixto da Silva<\/p>\n\n\n\n<p class=\" \"><strong>Suplente: <\/strong>Flavio Perrazo Barbosa Mota<\/p>\n\n\n\n<p class=\" \"><strong>Mandato: <\/strong><a href=\"https:\/\/drive.google.com\/file\/d\/1hlCcBbbexGorB917FpgGnfkCxf4uGH6s\/view?usp=sharing\">10\/07\/2024 a 09\/07\/2026<\/a><\/p>\n\n\n\n<p><\/p>\n\n\n\n<h2 class=\"wp-block-heading\"><div class=\"linha-header\"><strong>Representante do Departamento de Direito P\u00fablico &#8211; DDPu<\/strong><\/div><\/h2>\n\n\n\n<p class=\" \"><strong>Titular:<\/strong> em processo de designa\u00e7\u00e3o<\/p>\n\n\n\n<p class=\" \"><strong>Suplente: <\/strong><strong><\/strong><\/p>\n\n\n\n<p class=\" \"><strong>Mandato: <\/strong><strong><\/strong><\/p>\n\n\n\n<p><\/p>\n\n\n\n<h2 class=\"wp-block-heading\"><div class=\"linha-header\"><strong>Representante do Departamento de Direito Privado &#8211; DDPr<\/strong><\/div><\/h2>\n\n\n\n<p><strong>Titular:&nbsp;<\/strong>ALFREDO RANGEL RIBEIRO<\/p>\n\n\n\n<p><strong>Suplente:<\/strong>&nbsp;JULIAN NOGUEIRA DE QUEIROZ<\/p>\n\n\n\n<p><a href=\"https:\/\/drive.google.com\/drive\/folders\/1yBTa4VikdzEPJqxkRkuFTcvhukDTD8K_\"><strong>Mandato: <\/strong>05\/02\/2026 a 04\/02\/2028<\/a><\/p>\n\n\n\n<p><\/p>\n\n\n\n<h2 class=\"wp-block-heading\"><div class=\"linha-header\"><strong>Representante do Departamento de Estat\u00edstica &#8211; DEST<\/strong><\/div><\/h2>\n\n\n\n<p><strong>Titular:&nbsp;<\/strong>em processo de designa\u00e7\u00e3o<\/p>\n\n\n\n<p><strong>Suplente:&nbsp;<\/strong><\/p>\n\n\n\n<p><strong>Mandato: <\/strong><\/p>\n\n\n\n<p><\/p>\n\n\n\n<h2 class=\"wp-block-heading\"><div class=\"linha-header\"><strong>Representante do Departamento de Matem\u00e1tica &#8211; DM<\/strong><\/div><\/h2>\n\n\n\n<p><strong>Titular:&nbsp;<\/strong>LIZANDRO SANCHEZ CHALLAPA<\/p>\n\n\n\n<p><strong>Suplente:&nbsp;<\/strong>S\u00c9RGIO DE ALBUQUERQUE SOUZA<\/p>\n\n\n\n<p><a href=\"https:\/\/drive.google.com\/file\/d\/16ibsb0tfJf3C1idOxWCKCFUVHpaWf62p\/view?usp=drive_link\"><strong>Mandato: <\/strong>09\/02\/2026 a 08\/02\/2028<\/a><\/p>\n\n\n\n<p><\/p>\n\n\n\n<h2 class=\"wp-block-heading\"><div class=\"linha-header\"><strong>Representante Discente<\/strong><\/div><\/h2>\n\n\n\n<p><strong>Titular:\u00a0<\/strong>Lucas Truta Barbosa<\/p>\n\n\n\n<p><strong>Suplente:\u00a0<\/strong>Maria Eduarda Silva Pontes<\/p>\n\n\n\n<p><\/p>\n\n\n\n<p><\/p>\n","protected":false},"excerpt":{"rendered":"<p>O Regimento Geral da UFPB estabelece a composi\u00e7\u00e3o (Art. 20.) e&nbsp;atribui\u00e7\u00f5es do Colegiado de Curso [&hellip;]<\/p>\n","protected":false},"author":47,"featured_media":0,"parent":0,"menu_order":0,"comment_status":"closed","ping_status":"closed","template":"","meta":{"footnotes":""},"class_list":["post-46","page","type-page","status-publish","hentry"],"_links":{"self":[{"href":"https:\/\/www.ccsa.ufpb.br\/cgp\/wp-json\/wp\/v2\/pages\/46","targetHints":{"allow":["GET"]}}],"collection":[{"href":"https:\/\/www.ccsa.ufpb.br\/cgp\/wp-json\/wp\/v2\/pages"}],"about":[{"href":"https:\/\/www.ccsa.ufpb.br\/cgp\/wp-json\/wp\/v2\/types\/page"}],"author":[{"embeddable":true,"href":"https:\/\/www.ccsa.ufpb.br\/cgp\/wp-json\/wp\/v2\/users\/47"}],"replies":[{"embeddable":true,"href":"https:\/\/www.ccsa.ufpb.br\/cgp\/wp-json\/wp\/v2\/comments?post=46"}],"version-history":[{"count":7,"href":"https:\/\/www.ccsa.ufpb.br\/cgp\/wp-json\/wp\/v2\/pages\/46\/revisions"}],"predecessor-version":[{"id":216,"href":"https:\/\/www.ccsa.ufpb.br\/cgp\/wp-json\/wp\/v2\/pages\/46\/revisions\/216"}],"wp:attachment":[{"href":"https:\/\/www.ccsa.ufpb.br\/cgp\/wp-json\/wp\/v2\/media?parent=46"}],"curies":[{"name":"wp","href":"https:\/\/api.w.org\/{rel}","templated":true}]}}