{"id":48,"date":"2025-10-04T21:40:47","date_gmt":"2025-10-05T00:40:47","guid":{"rendered":"https:\/\/www.ccsa.ufpb.br\/cgp\/?page_id=48"},"modified":"2026-04-30T14:14:09","modified_gmt":"2026-04-30T17:14:09","slug":"formularios","status":"publish","type":"page","link":"https:\/\/www.ccsa.ufpb.br\/cgp\/formularios\/","title":{"rendered":"Formul\u00e1rios"},"content":{"rendered":"\n<h2 class=\"wp-block-heading has-medium-font-size\"><div class=\"linha-header\"><strong>Acad\u00eamicos<\/strong><\/div><\/h2>\n\n\n\n<ul class=\"wp-block-list\">\n<li><a href=\"https:\/\/docs.google.com\/document\/d\/1HYV9PBUxPguNT6CSDLJ_9L2A6EUNrIC1K8LvlY18VJw\/edit?usp=sharing\" target=\"_blank\" rel=\"noreferrer noopener\">Aproveitamento de Estudos<\/a><\/li>\n\n\n\n<li><a href=\"https:\/\/docs.google.com\/document\/d\/1k1ES1hm-DgLL7CYGmiZMD6wayEM8Skf_YhL0I_zvGNo\/edit?usp=sharing\" target=\"_blank\" rel=\"noreferrer noopener\">Atualiza\u00e7\u00e3o de Dados Cadastrais (PRG\/ UFPB)<\/a><\/li>\n\n\n\n<li><a href=\"https:\/\/docs.google.com\/document\/d\/19U5QZW6qA-TqV-xtnivszxtIFhiC3Oqahbynp7qN4mc\/edit?usp=sharing\" target=\"_blank\" rel=\"noreferrer noopener\">Cancelamento de V\u00ednculo (CSA\/ PRG)<\/a><\/li>\n\n\n\n<li><a href=\"https:\/\/docs.google.com\/document\/d\/1aoSiXDM-PFHVF30Jq5j2rc4kIfmI2kLNrIH5ZAa1aJk\/edit?usp=sharing\" target=\"_blank\" rel=\"noreferrer noopener\">Dilata\u00e7\u00e3o de Prazo de Curso<\/a><\/li>\n\n\n\n<li><a href=\"https:\/\/docs.google.com\/document\/d\/1ze4VH0wbWM1BAR39rK1UpaHzp5-YlOmg\/edit?usp=sharing&amp;ouid=100431818175213590070&amp;rtpof=true&amp;sd=true\">Regime de exerc\u00edcios domiciliares<\/a><\/li>\n\n\n\n<li><a href=\"https:\/\/drive.ufpb.br\/s\/dF66rLgWkAfxZ3e\">Reingresso<\/a><\/li>\n\n\n\n<li><a href=\"https:\/\/docs.google.com\/document\/d\/12CFn79bqtfcqEQHzElU0IJwQmTc2cJxyV7oL7Bsd53Y\/edit?usp=sharing\" target=\"_blank\" rel=\"noreferrer noopener\">Revis\u00e3o de Avalia\u00e7\u00e3o Acad\u00eamica<\/a><\/li>\n\n\n\n<li><a href=\"https:\/\/docs.google.com\/document\/d\/1a12UKqV0SkLqQjCxbj14Btv6cqt1EFwAfBs1-Xtp0a0\/edit?usp=sharing\">Turma de F\u00e9rias<\/a><\/li>\n<\/ul>\n\n\n\n<h2 class=\"wp-block-heading has-medium-font-size\"><div class=\"linha-header\"><strong>Trabalho Conclus\u00e3o de Curso<\/strong><\/div><\/h2>\n\n\n\n<ul class=\"wp-block-list\">\n<li><a href=\"https:\/\/docs.google.com\/document\/d\/1WJPtMIOsWxvWXW1lmGROihUsJaJmPmuTUuqqGE_pNZc\/edit?usp=sharing\" target=\"_blank\" rel=\"noreferrer noopener\">Formul\u00e1rio 01 &#8211; Termo de Compromisso de Orienta\u00e7\u00e3o de TCC<\/a><\/li>\n\n\n\n<li><a href=\"https:\/\/docs.google.com\/document\/d\/1m9i384SeMGJ_hZKhB2tX_qg2Z2i9ICJ1LrKxNBioctk\/edit?usp=sharing\" target=\"_blank\" rel=\"noreferrer noopener\">Formul\u00e1rio 02 &#8211; Autoriza\u00e7\u00e3o do Orientador para Defesa de TCC <\/a><\/li>\n\n\n\n<li><a href=\"https:\/\/docs.google.com\/document\/d\/1EqlLDak24NV7DV1xkvilqJhcG_-FMAc1cF12Aqbf_4s\/edit?usp=sharing\" target=\"_blank\" rel=\"noreferrer noopener\">Formul\u00e1rio 03 &#8211; Ficha de Avalia\u00e7\u00e3o de banca TCC <\/a><\/li>\n\n\n\n<li><a href=\"https:\/\/docs.google.com\/document\/d\/1nuOQKwYpDw_9iSKBdaDV9aCnEkYp00xsglYJqVvo5wE\/edit?usp=sharing\" target=\"_blank\" rel=\"noreferrer noopener\">Formul\u00e1rio 04 &#8211; Autoriza\u00e7\u00e3o para Publica\u00e7\u00e3o do TCC para a Coordena\u00e7\u00e3o<\/a><\/li>\n\n\n\n<li><a href=\"https:\/\/docs.google.com\/document\/d\/1Ivhwf3OYxDLYYkIV_5dp4x4YBIOf8Cgk\/edit\">Formul\u00e1rio 05 &#8211; Formul\u00e1rio de Dep\u00f3sito Final do TCC<\/a><\/li>\n\n\n\n<li><a href=\"https:\/\/docs.google.com\/document\/d\/1MxuMK5ucbEU5-z8t31773tE_N6BgrQE3jeBuVmLQxAY\/edit?usp=sharing\" target=\"_blank\" rel=\"noreferrer noopener\">Formul\u00e1rio 06 &#8211; &nbsp; Termo de Compromisso de Coorienta\u00e7\u00e3o de TCC<\/a><\/li>\n\n\n\n<li><a href=\"https:\/\/docs.google.com\/document\/d\/1HEUhPd_-xDdqaPfsr1D-Gx1tL1bU_lRQ8JnTk15XiwY\/edit?usp=sharing\" target=\"_blank\" rel=\"noreferrer noopener\">Formul\u00e1rio 07 &#8211; Termo de Mudan\u00e7a de Orienta\u00e7\u00e3o de TCC<\/a><\/li>\n\n\n\n<li><a href=\"https:\/\/docs.google.com\/document\/d\/13BMJz-ddnMcz-1N1FlbDoCNcTwQq7bw4mJpvYnKVs6c\/edit?usp=sharing\" target=\"_blank\" rel=\"noreferrer noopener\">Formul\u00e1rio 08 &#8211; Termo de Cancelamento de Matr\u00edcula de TCC<\/a><\/li>\n\n\n\n<li><a href=\"https:\/\/docs.google.com\/document\/d\/11TfjMk9knlbUnhP1Rqy6Fyh_OFAO3NaUGOsVedc0Guw\/edit?usp=sharing\" target=\"_blank\" rel=\"noreferrer noopener\">Termo de Autorizacao para Publicacao Eletr\u00f4nica no Reposit\u00f3rio Institucional da UFPB<\/a><\/li>\n\n\n\n<li><a href=\"https:\/\/docs.google.com\/document\/d\/1fPBcDLOImgT9ST-as6v9x_eeltK8Uajt9xZPwrdX_Mc\/edit?tab=t.0\" target=\"_blank\" rel=\"noreferrer noopener\">Modelo de Ata de Apresenta\u00e7\u00e3o de TCC<\/a><\/li>\n<\/ul>\n\n\n\n<h2 class=\"wp-block-heading\"><div class=\"linha-header\">&nbsp;<strong>Est\u00e1gio Supervisionado<\/strong><\/div><\/h2>\n\n\n\n<ul class=\"wp-block-list\">\n<li><a href=\"https:\/\/docs.google.com\/document\/d\/1BWIju9Hqt9lDnI7S1XQXbA2lmFP7IyExK5X3O4JsZhs\/edit?usp=sharing\" target=\"_blank\" rel=\"noreferrer noopener\">Termo de Compromisso de Orienta\u00e7\u00e3o de Est\u00e1gio Supervisionado<\/a><\/li>\n\n\n\n<li><a href=\"https:\/\/docs.google.com\/document\/d\/101XHyxq21YAtMIac5Szb_OXo9ArZ2XUTPuMkydbBOyw\/edit?usp=sharing\" target=\"_blank\" rel=\"noreferrer noopener\">Ficha de Avalia\u00e7\u00e3o de Est\u00e1gio Supervisionado<\/a><\/li>\n\n\n\n<li><a href=\"https:\/\/docs.google.com\/document\/d\/1yolh0wtc7OZnYbDch_r2Ywdmqe-ohPT7ifl2m2CD1GI\/edit?usp=sharing\" target=\"_blank\" rel=\"noreferrer noopener\">Modelo de Relat\u00f3rio de Est\u00e1gio Supervisionado<\/a><\/li>\n\n\n\n<li><a href=\"https:\/\/docs.google.com\/document\/d\/13ifgkXJsctQ4ludHN1cP0_UxrKZc647j_xB8jT0PhUQ\/edit?usp=sharing\" target=\"_blank\" rel=\"noreferrer noopener\">Termo de Mudan\u00e7a de Orienta\u00e7\u00e3o de Est\u00e1gio<\/a><\/li>\n\n\n\n<li><a href=\"https:\/\/docs.google.com\/document\/d\/1wJmzcsrwBBvhA2uEQwPRDkvY0YqN5ySI\/edit\" target=\"_blank\" rel=\"noreferrer noopener\">Termo de Cancelamento de Est\u00e1gio<\/a><\/li>\n\n\n\n<li><a href=\"https:\/\/docs.google.com\/document\/d\/1x8E6O0BkodRmSIKoqkM4sQE8Q1RmtkEG7VuXxQlldXc\/edit?tab=t.0\">Formul\u00e1rio de Aproveitamento de Experi\u00eancia Profissional para dispensa de est\u00e1gio<\/a><\/li>\n\n\n\n<li><a href=\"https:\/\/docs.google.com\/document\/d\/19fRE81B9kYqcibqdKf7mE4Dch2x9vBTTpNjt3otWd68\/edit?tab=t.0\">Modelo de Relat\u00f3rio de Aproveitamento de Experi\u00eancia Profissional para Est\u00e1gio Supervisionado<\/a><\/li>\n<\/ul>\n\n\n\n<h2 class=\"wp-block-heading\"><div class=\"linha-header\"><strong>Atividades Complementares<\/strong><\/div><\/h2>\n\n\n\n<ul class=\"wp-block-list\">\n<li><a href=\"https:\/\/docs.google.com\/document\/d\/1v5G0JMUExVmwZJxbxUpB6rWO6Uxu6j6hLwFEOm6ir8U\/edit?usp=sharing\" target=\"_blank\" rel=\"noreferrer noopener\">Registro de Atividades Complementares Flex\u00edveis<\/a><a href=\"https:\/\/docs.google.com\/document\/d\/1tvXHufS7zfGkwj_xZKSGhnANU1qNInqrkDyK-nWJ2do\/edit?usp=sharing\" target=\"_blank\" rel=\"noreferrer noopener\"><br><\/a><\/li>\n<\/ul>\n\n\n\n<h2 class=\"wp-block-heading\"><div class=\"linha-header\"><strong>Diplomas<\/strong><\/div><\/h2>\n\n\n\n<ul class=\"wp-block-list\">\n<li><a href=\"https:\/\/docs.google.com\/document\/d\/1U07z7rj6sUCckRfF_40Q974-maSj5wwcEqbUubuPGv8\/edit?usp=sharing\" target=\"_blank\" rel=\"noreferrer noopener\">Requerimento 1\u00aa via do Diploma<\/a><\/li>\n\n\n\n<li><a href=\"http:\/\/plone.ufpb.br\/cstgp\/contents\/documentos\/RequerimentodeDiploma2via.pdf\" target=\"_blank\" rel=\"noreferrer noopener\">Requerimento 2\u00aa via do Diploma<\/a><\/li>\n<\/ul>\n\n\n\n<p><\/p>\n","protected":false},"excerpt":{"rendered":"<p>Acad\u00eamicos Trabalho Conclus\u00e3o de Curso &nbsp;Est\u00e1gio Supervisionado Atividades Complementares Diplomas<\/p>\n","protected":false},"author":47,"featured_media":0,"parent":0,"menu_order":0,"comment_status":"closed","ping_status":"closed","template":"","meta":{"footnotes":""},"class_list":["post-48","page","type-page","status-publish","hentry"],"_links":{"self":[{"href":"https:\/\/www.ccsa.ufpb.br\/cgp\/wp-json\/wp\/v2\/pages\/48","targetHints":{"allow":["GET"]}}],"collection":[{"href":"https:\/\/www.ccsa.ufpb.br\/cgp\/wp-json\/wp\/v2\/pages"}],"about":[{"href":"https:\/\/www.ccsa.ufpb.br\/cgp\/wp-json\/wp\/v2\/types\/page"}],"author":[{"embeddable":true,"href":"https:\/\/www.ccsa.ufpb.br\/cgp\/wp-json\/wp\/v2\/users\/47"}],"replies":[{"embeddable":true,"href":"https:\/\/www.ccsa.ufpb.br\/cgp\/wp-json\/wp\/v2\/comments?post=48"}],"version-history":[{"count":11,"href":"https:\/\/www.ccsa.ufpb.br\/cgp\/wp-json\/wp\/v2\/pages\/48\/revisions"}],"predecessor-version":[{"id":269,"href":"https:\/\/www.ccsa.ufpb.br\/cgp\/wp-json\/wp\/v2\/pages\/48\/revisions\/269"}],"wp:attachment":[{"href":"https:\/\/www.ccsa.ufpb.br\/cgp\/wp-json\/wp\/v2\/media?parent=48"}],"curies":[{"name":"wp","href":"https:\/\/api.w.org\/{rel}","templated":true}]}}