{"id":34,"date":"2025-02-18T19:28:55","date_gmt":"2025-02-18T19:28:55","guid":{"rendered":"https:\/\/www.ccsa.ufpb.br\/gadm\/?page_id=34"},"modified":"2026-04-30T19:14:15","modified_gmt":"2026-04-30T19:14:15","slug":"documentos","status":"publish","type":"page","link":"https:\/\/www.ccsa.ufpb.br\/gadm\/documentos\/","title":{"rendered":"Normas"},"content":{"rendered":"\n<p><\/p>\n\n\n\n<h2 class=\"wp-block-heading\"><strong>Resolu\u00e7\u00f5es Atuais -Gradua\u00e7\u00e3o em Administra\u00e7\u00e3o<\/strong>:<\/h2>\n\n\n\n<p><a href=\"https:\/\/drive.google.com\/file\/d\/1PW9uIcm8I7IcOq_8DtCtx8cU3Tyo2bTv\/view?usp=sharing\" target=\"_blank\" rel=\"noreferrer noopener\">Resolu\u00e7\u00e3o N\u00ba 30\/2024 &#8211; CONSEPE &#8211; Projeto Pol\u00edtico Pedag\u00f3gico do Curso de Administra\u00e7\u00e3o &#8211; PPC 2024<\/a>;<\/p>\n\n\n\n<p><a href=\"https:\/\/drive.google.com\/file\/d\/1yUfdPgTj7nNBo6S5uK125bLtdoASeNuA\/view?usp=sharing\" target=\"_blank\" rel=\"noreferrer noopener\">Resolu\u00e7\u00e3o&nbsp;N\u00ba 01\/2021 &#8211; GADM\/CCSA &#8211;&nbsp;Revalida\u00e7\u00e3o de Diploma<\/a>;<\/p>\n\n\n\n<p><a href=\"https:\/\/drive.google.com\/file\/d\/1HtA5oW0KwtdKKdflqLmk3vitWmLG9nOU\/view\" target=\"_blank\" rel=\"noreferrer noopener\">Resolu\u00e7\u00e3o N\u00ba 02\/2021 &#8211; GADM\/CCSA &#8211; Atividades Complementares Flex\u00edveis<\/a> <strong>(PARA O CURR\u00cdCULO 2019);<\/strong><\/p>\n\n\n\n<p><a href=\"https:\/\/drive.google.com\/file\/d\/1gyruZRr0hd3I4dw8ZA9x2MB5TxylAjpw\/view?usp=sharing\" target=\"_blank\" rel=\"noreferrer noopener\">Resolu\u00e7\u00e3o N\u00ba 04\/2026 &#8211; GADM\/CCSA &#8211; Atividades Complementares Flex\u00edveis<\/a> <strong>(PARA O CURR\u00cdCULO 2024);<\/strong><\/p>\n\n\n\n<p><strong><a href=\"https:\/\/drive.google.com\/file\/d\/19934UkTvjM8lB7vfaZUGVZWm44fcvtLH\/view?usp=sharing\" target=\"_blank\" rel=\"noreferrer noopener\">Resolu\u00e7\u00e3o N\u00ba 05\/2026 &#8211; <\/a><a href=\"https:\/\/drive.google.com\/file\/d\/19934UkTvjM8lB7vfaZUGVZWm44fcvtLH\/view?usp=sharing\" target=\"_blank\" rel=\"noreferrer noopener\">GADM\/CCSA <\/a>&#8211; Est\u00e1gio Supervisionado em Administra\u00e7\u00e3o;<\/strong><\/p>\n\n\n\n<p><a href=\"https:\/\/drive.google.com\/file\/d\/1ASkWV2-OWHqtYobPaojjP2hanf2CECiM\/view?usp=sharing\" target=\"_blank\" rel=\"noreferrer noopener\">Resolu\u00e7\u00e3o N\u00ba 06\/2026- GADM\/CCSA &#8211; Trabalho de Conclus\u00e3o de Curso<\/a>;<\/p>\n\n\n\n<p><\/p>\n\n\n\n<p><\/p>\n\n\n\n<h2 class=\"wp-block-heading\">Resolu\u00e7\u00f5es &nbsp;&#8211; UFPB:<\/h2>\n\n\n\n<p><a href=\"https:\/\/drive.google.com\/file\/d\/1rTbDNQjkR0W4Dl0s8FNsWuzfsjaqfPJb\/view?usp=sharing\" target=\"_blank\" rel=\"noreferrer noopener\">Resolu\u00e7\u00e3o N\u00ba 29\/2020 &#8211; CONSEPE\/UFPB &#8211; Regulamenta os Cursos de Gradua\u00e7\u00e3o da UFPB<\/a>&nbsp;(atual)<\/p>\n\n\n\n<p><\/p>\n\n\n\n<h2 class=\"wp-block-heading\">Portarias&nbsp; &#8211; UFPB:<\/h2>\n\n\n\n<p><a href=\"https:\/\/www.ccsa.ufpb.br\/cadm\/contents\/arquivos\/resolucoes-e-portarias\/portaria-prg-no-45_2012-quadro-de-equivalencias-de-disciplinas\">Portaria PRG N\u00ba 45\/2012 &#8211; Quadro de Equival\u00eancias de Disciplinas<\/a><\/p>\n\n\n\n<p><a href=\"https:\/\/www.ccsa.ufpb.br\/cadm\/contents\/arquivos\/resolucoes-e-portarias\/portaria-prg-no-01-2016-colacao-de-grau-e-diploma\">Portaria PRG N\u00ba 01\/2016 &#8211; Cola\u00e7\u00e3o de Grau e Diploma<\/a><a href=\"https:\/\/www.ccsa.ufpb.br\/cadm\/contents\/arquivos\/resolucoes-e-portarias\/portaria-prg-no-45_2012-quadro-de-equivalencias-de-disciplinas\"><\/a><\/p>\n\n\n\n<p><a href=\"https:\/\/docs.google.com\/document\/d\/1_J-48HhD89gWBuahYBVDZ4D8PZpV-m6O\/edit\" target=\"_blank\" rel=\"noreferrer noopener\">Portaria GADM N\u00ba 01\/2022 &#8211; Mudan\u00e7a de Turno<\/a><strong><\/strong><\/p>\n\n\n\n<p><a href=\"https:\/\/www.ccsa.ufpb.br\/cadm\/contents\/documentos\/portaria_n_29-_2022_-_prg.pdf\">Portaria PRG N\u00ba 29\/2022 &#8211;&nbsp;<\/a><a href=\"https:\/\/www.ccsa.ufpb.br\/cadm\/contents\/documentos\/portaria_n_29-_2022_-_prg.pdf\">Altera Pr\u00e9-Requisitos de componentes curriculares do Curso de Gradua\u00e7\u00e3o em Administra\u00e7\u00e3o<\/a><\/p>\n\n\n\n<h2 class=\"wp-block-heading\">Legisla\u00e7\u00e3o geral:<\/h2>\n\n\n\n<p class=\" \">Externamente, o curso de Administra\u00e7\u00e3o tem regulamenta\u00e7\u00e3o definida, principalmente, pelos seguintes dispositivos:<\/p>\n\n\n\n<p class=\" \"><a href=\"http:\/\/portal.mec.gov.br\/component\/content\/article?id=12991\" target=\"_blank\" rel=\"noreferrer noopener\">Diretrizes Curriculares Nacionais do Curso de Administra\u00e7\u00e3o<\/a>&nbsp;<\/p>\n\n\n\n<p class=\" \"><a href=\"http:\/\/www.planalto.gov.br\/ccivil_03\/leis\/l4769.htm\" target=\"_blank\" rel=\"noreferrer noopener\">Lei Federal 4769, de 9 de setembro de 1965 que regulamenta a profiss\u00e3o<\/a>&nbsp;<\/p>\n\n\n\n<p class=\" \"><a href=\"http:\/\/www.planalto.gov.br\/ccivil_03\/_ato2007-2010\/2008\/lei\/l11788.htm\" target=\"_blank\" rel=\"noreferrer noopener\">Lei Federal 11.788, de 25 de setembro de 2008 que regulamenta o Est\u00e1gio Acad\u00eamico<\/a><\/p>\n\n\n\n<h2 class=\"wp-block-heading\">Resolu\u00e7\u00f5es Revogadas:<\/h2>\n\n\n\n<p><s><a href=\"https:\/\/drive.google.com\/file\/d\/1NWfoif8bxpB7QOKSkoCY0iibWmiC4Yf7\/view?usp=sharing\" target=\"_blank\" rel=\"noreferrer noopener\">Resolu\u00e7\u00e3o N\u00ba 16\/2015 &#8211; CONSEPE\/UFPB &#8211; Regulamento dos Cursos Regulares de Gradua\u00e7\u00e3o da UFPB<\/a><\/s>&nbsp;<\/p>\n\n\n\n<p><s><a href=\"https:\/\/drive.google.com\/file\/d\/1WhG4lZEh_1HUeGkT2Dkr8Nygohqcer4T\/view?usp=sharing\" target=\"_blank\" rel=\"noreferrer noopener\">Resolu\u00e7\u00e3o N\u00ba 50\/2019 &#8211; CONSEPE\/UFPB &#8211;&nbsp;Projeto Pol\u00edtico Pedag\u00f3gico do Curso de Administra\u00e7\u00e3o &#8211; PPC 2019<\/a><\/s>&nbsp;<\/p>\n\n\n\n<p><s><a href=\"https:\/\/drive.google.com\/file\/d\/13FIiBpJ6qnXMqfDYvAX_IpOPGBaP7-Wl\/view?usp=sharing\" target=\"_blank\" rel=\"noreferrer noopener\">Resolu\u00e7\u00e3o N\u00ba 64\/2011 &#8211; CONSEPE\/UFPB &#8211;&nbsp;Projeto Pol\u00edtico Pedag\u00f3gico do Curso de Administra\u00e7\u00e3o &#8211; PPC 2011<\/a><\/s>&nbsp;<\/p>\n\n\n\n<p><s><a href=\"https:\/\/drive.google.com\/file\/d\/1dd7hdagbWQmFtXot4_XGNfB-ecGT9iq-\/view?usp=sharing\" target=\"_blank\" rel=\"noreferrer noopener\">Resolu\u00e7\u00e3o N\u00ba 57\/2007 &#8211; CONSEPE\/UFPB &#8211;&nbsp;Projeto Pol\u00edtico Pedag\u00f3gico do Curso de Administra\u00e7\u00e3o &#8211; PPC 2007<\/a><\/s>&nbsp;<\/p>\n\n\n\n<p><s><a href=\"https:\/\/drive.google.com\/file\/d\/1EykXUeMOozbq-mqyg_QNETbXowKj4ml7\/view?usp=sharing\" target=\"_blank\" rel=\"noreferrer noopener\">Resolu\u00e7\u00e3o N\u00ba 17\/1995 &#8211; CONSEPE\/UFPB &#8211; Projeto Pol\u00edtico Pedag\u00f3gico do Curso de Administra\u00e7\u00e3o &#8211; PPC 1995<\/a><\/s>&nbsp;<\/p>\n\n\n\n<p><a href=\"http:\/\/www.ccsa.ufpb.br\/gadm\/wp-content\/uploads\/sites\/179\/sites\/259\/2026\/04\/resolucao-no-02_2015-cca-ccsa-estagio-curricular-supervisionado_compressed.pdf\"><s>Resolu\u00e7\u00e3o N\u00ba 02\/2015 &#8211; GADM\/CCSA &#8211; Est\u00e1gio Curricular Supervisionado II<\/s>\u00a0<\/a><\/p>\n\n\n\n<p><s><a href=\"https:\/\/drive.google.com\/file\/d\/1kbDzRe4jlEFmRb4KmIFQCsQqJB9DhMkA\/view?usp=sharing\" target=\"_blank\" rel=\"noreferrer noopener\">Resolu\u00e7\u00e3o N\u00ba 01\/2022- GADM\/CCSA &#8211; Trabalho de Conclus\u00e3o de Curso<\/a>;<\/s><\/p>\n\n\n\n<p><\/p>\n","protected":false},"excerpt":{"rendered":"<p>Resolu\u00e7\u00f5es Atuais -Gradua\u00e7\u00e3o em Administra\u00e7\u00e3o: Resolu\u00e7\u00e3o N\u00ba 30\/2024 &#8211; CONSEPE &#8211; Projeto Pol\u00edtico Pedag\u00f3gico do Curso de Administra\u00e7\u00e3o &#8211; PPC 2024; Resolu\u00e7\u00e3o&nbsp;N\u00ba 01\/2021 &#8211; GADM\/CCSA &#8211;&nbsp;Revalida\u00e7\u00e3o de Diploma; Resolu\u00e7\u00e3o N\u00ba 02\/2021 &#8211; GADM\/CCSA &#8211; Atividades Complementares Flex\u00edveis (PARA O CURR\u00cdCULO 2019); Resolu\u00e7\u00e3o N\u00ba 04\/2026 &#8211; GADM\/CCSA &#8211; Atividades Complementares Flex\u00edveis (PARA O CURR\u00cdCULO 2024); Resolu\u00e7\u00e3o [&hellip;]<\/p>\n","protected":false},"author":47,"featured_media":0,"parent":0,"menu_order":2,"comment_status":"closed","ping_status":"closed","template":"","meta":{"footnotes":""},"class_list":["post-34","page","type-page","status-publish","hentry"],"_links":{"self":[{"href":"https:\/\/www.ccsa.ufpb.br\/gadm\/wp-json\/wp\/v2\/pages\/34","targetHints":{"allow":["GET"]}}],"collection":[{"href":"https:\/\/www.ccsa.ufpb.br\/gadm\/wp-json\/wp\/v2\/pages"}],"about":[{"href":"https:\/\/www.ccsa.ufpb.br\/gadm\/wp-json\/wp\/v2\/types\/page"}],"author":[{"embeddable":true,"href":"https:\/\/www.ccsa.ufpb.br\/gadm\/wp-json\/wp\/v2\/users\/47"}],"replies":[{"embeddable":true,"href":"https:\/\/www.ccsa.ufpb.br\/gadm\/wp-json\/wp\/v2\/comments?post=34"}],"version-history":[{"count":21,"href":"https:\/\/www.ccsa.ufpb.br\/gadm\/wp-json\/wp\/v2\/pages\/34\/revisions"}],"predecessor-version":[{"id":489,"href":"https:\/\/www.ccsa.ufpb.br\/gadm\/wp-json\/wp\/v2\/pages\/34\/revisions\/489"}],"wp:attachment":[{"href":"https:\/\/www.ccsa.ufpb.br\/gadm\/wp-json\/wp\/v2\/media?parent=34"}],"curies":[{"name":"wp","href":"https:\/\/api.w.org\/{rel}","templated":true}]}}