{"id":37,"date":"2025-02-18T19:30:16","date_gmt":"2025-02-18T19:30:16","guid":{"rendered":"https:\/\/www.ccsa.ufpb.br\/gadm\/?page_id=37"},"modified":"2026-04-30T19:23:16","modified_gmt":"2026-04-30T19:23:16","slug":"calendario","status":"publish","type":"page","link":"https:\/\/www.ccsa.ufpb.br\/gadm\/calendario\/","title":{"rendered":"Calend\u00e1rios"},"content":{"rendered":"\n<p><\/p>\n\n\n\n<p><strong>2026.1<\/strong><\/p>\n\n\n\n<p><\/p>\n\n\n\n<p><a href=\"http:\/\/www.ccsa.ufpb.br\/gadm\/wp-content\/uploads\/sites\/179\/sites\/259\/2026\/04\/2026.1-Calendario-Geral-MODELO-GADMUFPB-1.pdf\">Calend\u00e1rio Geral GADM<\/a><\/p>\n\n\n\n<p><a href=\"https:\/\/www.prg.ufpb.br\/calendarios-academicos-cursos-presenciais\/\">Calend\u00e1rio cursos presenciais PRG<\/a><\/p>\n\n\n\n<p>&#8211;<\/p>\n\n\n\n<p><strong>2025.2<\/strong><\/p>\n\n\n\n<p><\/p>\n\n\n\n<p><strong><a href=\"https:\/\/drive.google.com\/file\/d\/1LD1EQWeHfp7UhTDC17CEsAEQUlkFSbuW\/view?usp=sharing\">Calend\u00e1rio Geral GADM<\/a><\/strong><\/p>\n\n\n\n<p><strong><a href=\"https:\/\/www.ccsa.ufpb.br\/gadm\/wp-content\/uploads\/sites\/179\/sites\/259\/2025\/10\/CALENDARIO-ACADEMICO-CURSOS-PRESENCIAIS-2025.2-Atualizado-em-30-07-2025.pdf\" data-type=\"attachment\" data-id=\"293\">Calend\u00e1rio cursos presenciais PRG<\/a><\/strong><\/p>\n\n\n\n<p><\/p>\n\n\n\n<p>&#8211;<\/p>\n\n\n\n<p><strong>2025.1<\/strong><\/p>\n\n\n\n<p class=\"has-medium-font-size\"><\/p>\n\n\n\n<p><a href=\"https:\/\/www.ccsa.ufpb.br\/gadm\/wp-content\/uploads\/sites\/179\/sites\/259\/2025\/06\/Calendario-Geral-2025.1-GADMUFPB.pdf\" data-type=\"attachment\" data-id=\"80\">Calend\u00e1rio GERAL GADM <\/a><\/p>\n\n\n\n<p><a href=\"https:\/\/www.ccsa.ufpb.br\/gadm\/wp-content\/uploads\/sites\/179\/sites\/259\/2025\/06\/CALENDARIO-ACADEMICO-CURSOS-PRESENCIAIS-2025.1.pdf\" data-type=\"attachment\" data-id=\"82\">Calend\u00e1rio cursos presenciais PRG <\/a><\/p>\n\n\n\n<p><\/p>\n\n\n\n<h2 class=\"wp-block-heading\"><\/h2>\n\n\n\n<p><\/p>\n\n\n\n<p><\/p>\n","protected":false},"excerpt":{"rendered":"<p>2026.1 Calend\u00e1rio Geral GADM Calend\u00e1rio cursos presenciais PRG &#8211; 2025.2 Calend\u00e1rio Geral GADM Calend\u00e1rio cursos presenciais PRG &#8211; 2025.1 Calend\u00e1rio GERAL GADM Calend\u00e1rio cursos presenciais PRG<\/p>\n","protected":false},"author":47,"featured_media":0,"parent":0,"menu_order":4,"comment_status":"closed","ping_status":"closed","template":"","meta":{"footnotes":""},"class_list":["post-37","page","type-page","status-publish","hentry"],"_links":{"self":[{"href":"https:\/\/www.ccsa.ufpb.br\/gadm\/wp-json\/wp\/v2\/pages\/37","targetHints":{"allow":["GET"]}}],"collection":[{"href":"https:\/\/www.ccsa.ufpb.br\/gadm\/wp-json\/wp\/v2\/pages"}],"about":[{"href":"https:\/\/www.ccsa.ufpb.br\/gadm\/wp-json\/wp\/v2\/types\/page"}],"author":[{"embeddable":true,"href":"https:\/\/www.ccsa.ufpb.br\/gadm\/wp-json\/wp\/v2\/users\/47"}],"replies":[{"embeddable":true,"href":"https:\/\/www.ccsa.ufpb.br\/gadm\/wp-json\/wp\/v2\/comments?post=37"}],"version-history":[{"count":28,"href":"https:\/\/www.ccsa.ufpb.br\/gadm\/wp-json\/wp\/v2\/pages\/37\/revisions"}],"predecessor-version":[{"id":491,"href":"https:\/\/www.ccsa.ufpb.br\/gadm\/wp-json\/wp\/v2\/pages\/37\/revisions\/491"}],"wp:attachment":[{"href":"https:\/\/www.ccsa.ufpb.br\/gadm\/wp-json\/wp\/v2\/media?parent=37"}],"curies":[{"name":"wp","href":"https:\/\/api.w.org\/{rel}","templated":true}]}}