{"id":294,"date":"2016-11-03T16:50:09","date_gmt":"2016-11-03T16:50:09","guid":{"rendered":"http:\/\/lawyer2.mythemecloud.io\/?page_id=294"},"modified":"2025-06-29T18:22:13","modified_gmt":"2025-06-29T21:22:13","slug":"sobre-nos","status":"publish","type":"page","link":"https:\/\/www.ccsa.ufpb.br\/pesquisarquivistica\/","title":{"rendered":"Sobre n\u00f3s"},"content":{"rendered":"\n<p>A Base de Dados Pesquisas Arquiv\u00edsticas Brasileiras foi desenvolvida em 2021 e \u00e9 resultado da proposta sugerida na <a href=\"http:\/\/www.doi.org\/10.6084\/m9.figshare.14727408\" data-type=\"URL\" data-id=\"www.doi.org\/10.6084\/m9.figshare.14727408\" target=\"_blank\" rel=\"noreferrer noopener\">Tese de Doutorado<\/a> da Prof\u00aa Dr\u00aa Maria Meriane Vieira Rocha, tendo como objetivo disseminar as pesquisas que foram finalizadas e aquelas que est\u00e3o sendo desenvolvidas sobre tem\u00e1ticas arquiv\u00edsticas (Projetos de pesquisas, Projetos de extens\u00e3o, Teses, Disserta\u00e7\u00f5es e Trabalhos de Conclus\u00e3o de Cursos de especializa\u00e7\u00e3o e gradua\u00e7\u00e3o) por docentes dos Cursos de Arquivologia brasileiros, ou seja, dos atores sociais que fazem parte dos 17 cursos de gradua\u00e7\u00e3o em Arquivologia em institui\u00e7\u00f5es p\u00fablicas.<\/p>\n\n\n\n<p>Com o intuito de ampliar a PAB, decidiu-se que as pesquisas dos Arquivistas de Institui\u00e7\u00f5es brasileiras, tamb\u00e9m far\u00e3o parte do escopo da Base, com o mesmo objetivo de disseminar suas pesquisas com tem\u00e1ticas Arquiv\u00edsticas. Estas adi\u00e7\u00f5es iniciaram em julho de 2022, caso voc\u00ea tenha alguma pesquisa que ainda n\u00e3o est\u00e1 dispon\u00edvel aqui <a href=\"http:\/\/www.ccsa.ufpb.br\/pesquisarquivistica\/contato\/\" data-type=\"URL\" data-id=\"http:\/\/www.ccsa.ufpb.br\/pesquisarquivistica\/contato\/\" target=\"_blank\" rel=\"noreferrer noopener\">envie-nos uma mensagem<\/a>.<\/p>\n\n\n\n<p>Assim, docentes, discentes, pesquisadores e pesquisadores em forma\u00e7\u00e3o ter\u00e3o um espa\u00e7o espec\u00edfico para organizar essas informa\u00e7\u00f5es, de forma que a pesquisa seja realizada em bloco, por universidade e por ator social, evitando uma pesquisa de forma individualizada, como ocorre na Plataforma Lattes.<\/p>\n\n\n\n<p>As l\u00edderes da base s\u00e3o as professoras Dr\u00aa Maria Meriane Vieira Rocha (<a href=\"http:\/\/lattes.cnpq.br\/1894263401266798\" data-type=\"URL\" data-id=\"http:\/\/lattes.cnpq.br\/1894263401266798\" target=\"_blank\" rel=\"noreferrer noopener\">Lattes<\/a> e <a href=\"https:\/\/orcid.org\/0000-0002-9093-969X\" data-type=\"URL\" data-id=\"https:\/\/orcid.org\/0000-0002-9093-969X\" target=\"_blank\" rel=\"noreferrer noopener\">ORCiD<\/a>) e Dr\u00aa Adelaide Helena Targino Casimiro (<a href=\"http:\/\/lattes.cnpq.br\/3440365758494156\" data-type=\"URL\" data-id=\"http:\/\/lattes.cnpq.br\/3440365758494156\" target=\"_blank\" rel=\"noreferrer noopener\">Lattes<\/a> e <a href=\"https:\/\/orcid.org\/0000-0001-9088-9621\" data-type=\"URL\" data-id=\"https:\/\/orcid.org\/0000-0001-9088-9621\" target=\"_blank\" rel=\"noreferrer noopener\">ORCiD<\/a>).<\/p>\n\n\n<div class=\"wp-block-image is-resized\">\n<figure class=\"aligncenter size-large\"><img loading=\"lazy\" decoding=\"async\" width=\"995\" height=\"1024\" src=\"http:\/\/www.ccsa.ufpb.br\/pesquisarquivistica\/wp-content\/uploads\/2021\/06\/Mapa-2-red-995x1024.png\" alt=\"\" class=\"wp-image-720\" srcset=\"https:\/\/www.ccsa.ufpb.br\/pesquisarquivistica\/wp-content\/uploads\/2021\/06\/Mapa-2-red-995x1024.png 995w, https:\/\/www.ccsa.ufpb.br\/pesquisarquivistica\/wp-content\/uploads\/2021\/06\/Mapa-2-red-291x300.png 291w, https:\/\/www.ccsa.ufpb.br\/pesquisarquivistica\/wp-content\/uploads\/2021\/06\/Mapa-2-red-768x791.png 768w, https:\/\/www.ccsa.ufpb.br\/pesquisarquivistica\/wp-content\/uploads\/2021\/06\/Mapa-2-red-1492x1536.png 1492w, https:\/\/www.ccsa.ufpb.br\/pesquisarquivistica\/wp-content\/uploads\/2021\/06\/Mapa-2-red-1990x2048.png 1990w\" sizes=\"auto, (max-width: 995px) 100vw, 995px\" \/><figcaption class=\"wp-element-caption\">Identidade visual PAB<\/figcaption><\/figure>\n<\/div>\n\n\n<p>Nossa identidade visual, \u00a0o mapa ilustrado acima, tem o intuito de representar os Estados brasileiros que possuem cursos de Bacharelado em Arquivologia, 17 no total, em especial os de institui\u00e7\u00f5es p\u00fablicas. D\u00e1 \u00eanfase \u00e0s conex\u00f5es que existem entre os atores sociais dos referidos cursos.<\/p>\n\n\n\n<p><strong>Redes sociais do cursos de Arquivologia brasileiros:<\/strong><\/p>\n\n\n\n<figure class=\"wp-block-table is-style-regular\"><table class=\"has-background has-fixed-layout\" style=\"background-color:#e7f5fe\"><thead><tr><th>Institui\u00e7\u00e3o<\/th><th>Sites<\/th><th>Facebook<\/th><th>Instagram<\/th><\/tr><\/thead><tbody><tr><td><strong>Universidade Estadual Paulista J\u00falio de Mesquita Filho (Unesp)<\/strong><\/td><td><a href=\"http:\/\/www.marilia.unesp.br\/#!\/graduacao\/cursos\/arquivologia\/\" data-type=\"URL\" data-id=\"www.marilia.unesp.br\/#!\/graduacao\/cursos\/arquivologia\/\" target=\"_blank\" rel=\"noreferrer noopener\">www.marilia.unesp.br\/#!\/graduacao\/cursos\/arquivologia\/<\/a><\/td><td><a href=\"https:\/\/www.facebook.com\/profile.php?id=100089803027398\" data-type=\"link\" data-id=\"https:\/\/www.facebook.com\/profile.php?id=100089803027398\" target=\"_blank\" rel=\"noreferrer noopener\">Arquivologia Unesp de Mar\u00edlia<\/a><\/td><td><a href=\"https:\/\/www.instagram.com\/arquivologiaunespmarilia\/\" data-type=\"link\" data-id=\"https:\/\/www.instagram.com\/arquivologiaunespmarilia\/\" target=\"_blank\" rel=\"noreferrer noopener\">arquivologiaunespmarilia<\/a><\/td><\/tr><tr><td><strong>Universidade Estadual da Para\u00edba (UEPB)<\/strong><\/td><td><a href=\"http:\/\/www.arquivologiauepb.com.br\/\" data-type=\"URL\" data-id=\"www.arquivologiauepb.com.br\/\" target=\"_blank\" rel=\"noreferrer noopener\">www.arquivologiauepb.com.br\/<\/a><\/td><td><a rel=\"noreferrer noopener\" href=\"http:\/\/www.facebook.com\/arquivologia.uepb.1\" data-type=\"URL\" data-id=\"www.facebook.com\/arquivologia.uepb.1\" target=\"_blank\">arquivologia.uepb.1<\/a><\/td><td>N\u00e3o possui<\/td><\/tr><tr><td><strong>Universidade Federal da Para\u00edba (UFPB)<\/strong><\/td><td><a href=\"http:\/\/www.ccsa.ufpb.br\/arqv\/\" data-type=\"URL\" data-id=\"www.ccsa.ufpb.br\/arqv\/\" target=\"_blank\" rel=\"noreferrer noopener\">www.ccsa.ufpb.br\/arqv\/<\/a><\/td><td><a rel=\"noreferrer noopener\" href=\"http:\/\/www.facebook.com\/arquivologia.ufpb.9\" data-type=\"URL\" data-id=\"www.facebook.com\/arquivologia.ufpb.9\" target=\"_blank\">arquivologia.ufpb.9<\/a><\/td><td><a href=\"https:\/\/www.instagram.com\/arquivologia_ufpb\/\" data-type=\"URL\" data-id=\"https:\/\/www.instagram.com\/arquivologia_ufpb\/\" target=\"_blank\" rel=\"noreferrer noopener\">arquivologia_ufpb<\/a><\/td><\/tr><tr><td><strong>Universidade Federal de Minas Gerais (UFMG)<\/strong><\/td><td><a href=\"http:\/\/www.colgradarquivo.eci.ufmg.br\/\" data-type=\"URL\" data-id=\"www.colgradarquivo.eci.ufmg.br\/\" target=\"_blank\" rel=\"noreferrer noopener\">www.colgradarquivo.eci.ufmg.br\/<\/a><\/td><td><a rel=\"noreferrer noopener\" href=\"http:\/\/www.facebook.com\/Arquivologia-UFMG-101710831636722\/\" data-type=\"URL\" data-id=\"www.facebook.com\/Arquivologia-UFMG-101710831636722\/\" target=\"_blank\">Arquivologia-UFMG-101710831636722<\/a><\/td><td>N\u00e3o possui<\/td><\/tr><tr><td><strong>Universidade Federal do Rio Grande (FURG)<\/strong><\/td><td><a href=\"http:\/\/www.arquivologia.furg.br\/\" data-type=\"URL\" data-id=\"www.arquivologia.furg.br\/\" target=\"_blank\" rel=\"noreferrer noopener\">www.arquivologia.furg.br\/<\/a><\/td><td><a rel=\"noreferrer noopener\" href=\"http:\/\/www.facebook.com\/Curso-de-Arquivologia-FURG-111797100551143\/\" data-type=\"URL\" data-id=\"www.facebook.com\/Curso-de-Arquivologia-FURG-111797100551143\/\" target=\"_blank\">Curso-de-Arquivologia-FURG-111797100551143<\/a><\/td><td><a href=\"https:\/\/www.instagram.com\/arquivologiafurg\/\" data-type=\"URL\" data-id=\"https:\/\/www.instagram.com\/arquivologiafurg\/\" target=\"_blank\" rel=\"noreferrer noopener\">arquivologiafurg<\/a><\/td><\/tr><tr><td><strong>Univesidade Federa do Amazonas (UFAM)<\/strong><\/td><td><a href=\"http:\/\/www.ficufam.com.br\/cursos-de-graduacao\/curso-de-arquivologia\/\" data-type=\"URL\" data-id=\"www.ficufam.com.br\/cursos-de-graduacao\/curso-de-arquivologia\/\" target=\"_blank\" rel=\"noreferrer noopener\">www.ficufam.com.br\/cursos-de-graduacao\/curso-de-arquivologia\/<\/a><\/td><td><a rel=\"noreferrer noopener\" href=\"http:\/\/www.facebook.com\/cursoarquivologia.ufam\" data-type=\"URL\" data-id=\"www.facebook.com\/cursoarquivologia.ufam\" target=\"_blank\">cursoarquivologia.ufam<\/a><\/td><td><a href=\"https:\/\/www.instagram.com\/arquivologiaufam\/\" data-type=\"URL\" data-id=\"https:\/\/www.instagram.com\/arquivologiaufam\/\" target=\"_blank\" rel=\"noreferrer noopener\">arquivologiaufam<\/a><\/td><\/tr><tr><td><strong>Universidade Federal de Santa Catarina (UFSC)<\/strong><\/td><td><a href=\"http:\/\/www.arquivologia.ufsc.br\/\" data-type=\"URL\" data-id=\"www.arquivologia.ufsc.br\/\" target=\"_blank\" rel=\"noreferrer noopener\">www.arquivologia.ufsc.br\/<\/a><\/td><td><a rel=\"noreferrer noopener\" href=\"http:\/\/www.facebook.com\/groups\/116276725123282\/\" data-type=\"URL\" data-id=\"www.facebook.com\/groups\/116276725123282\/\" target=\"_blank\">groups\/116276725123282<\/a><\/td><td><a href=\"https:\/\/www.instagram.com\/arquivologiaufsc\/\" data-type=\"URL\" data-id=\"https:\/\/www.instagram.com\/arquivologiaufsc\/\" target=\"_blank\" rel=\"noreferrer noopener\">arquivologiaufsc<\/a><\/td><\/tr><tr><td><strong>Universidade Federal do Par\u00e1 (UFPA)<\/strong><\/td><td><a href=\"http:\/\/www.icsa.ufpa.br\/index.php\/arquivologia\/\" data-type=\"URL\" data-id=\"www.icsa.ufpa.br\/index.php\/arquivologia\/\" target=\"_blank\" rel=\"noreferrer noopener\">www.icsa.ufpa.br\/index.php\/arquivologia\/<\/a><\/td><td><a rel=\"noreferrer noopener\" href=\"http:\/\/www.facebook.com\/faculdade.arquivologia\/\" data-type=\"URL\" data-id=\"www.facebook.com\/faculdade.arquivologia\/\" target=\"_blank\">faculdade.arquivologia<\/a><\/td><td>N\u00e3o possui<\/td><\/tr><tr><td><strong>Universidade Estadual de Londrina (UEL)<\/strong><\/td><td><a href=\"http:\/\/www.uel.br\/ceca\/cin\/pages\/arquivologia.php\" target=\"_blank\" rel=\"noreferrer noopener\">http:\/\/www.uel.br\/ceca\/cin\/pages\/arquivologia.php<\/a><\/td><td><a href=\"https:\/\/m.facebook.com\/uelarquivologia\/\" target=\"_blank\" rel=\"noreferrer noopener\">uelarquivologia<\/a><\/td><td><a href=\"https:\/\/instagram.com\/arquivologiauel?utm_medium=copy_link\" target=\"_blank\" rel=\"noreferrer noopener\">arquivologiauel<\/a><\/td><\/tr><tr><td><strong>Universidade Federal da Bahia (UFBA)<\/strong><\/td><td><a href=\"https:\/\/www.ufba.br\/cursos\/arquivologia\" target=\"_blank\" rel=\"noreferrer noopener\">https:\/\/www.ufba.br\/cursos\/arquivologia<\/a><\/td><td><a href=\"https:\/\/www.facebook.com\/UFBA-Arquivologia-187627547926626\/\" target=\"_blank\" rel=\"noreferrer noopener\">UFBA-Arquivologia<\/a><\/td><td> N\u00e3o possui <\/td><\/tr><tr><td><strong>Universidade de Bras\u00edlia (UNB)<\/strong><\/td><td><a href=\"http:\/\/arquivologia.fci.unb.br\/\" target=\"_blank\" rel=\"noreferrer noopener\">http:\/\/arquivologia.fci.unb.br\/<\/a><\/td><td><a href=\"https:\/\/www.facebook.com\/arquivologia.unb.10\" target=\"_blank\" rel=\"noreferrer noopener\">Arquivologia UnB<\/a><\/td><td> N\u00e3o possui <\/td><\/tr><tr><td><strong>Universidade Federal Fluminense (UFF)<\/strong><\/td><td><a href=\"https:\/\/www.uff.br\/?q=curso\/arquivologia\/12684\/bacharelado\/niteroi\" target=\"_blank\" rel=\"noreferrer noopener\">https:\/\/www.uff.br\/?q=curso\/arquivologia\/12684\/bacharelado\/niteroi<\/a><\/td><td><a href=\"https:\/\/www.facebook.com\/people\/Arquivologia-Uff\/100009571927415\/\" target=\"_blank\" rel=\"noreferrer noopener\">Arquivologia Uff<\/a><\/td><td> N\u00e3o possui <\/td><\/tr><tr><td><strong>Universidade Federal do Esp\u00edrito Santo (UFES)<\/strong><\/td><td><a href=\"https:\/\/arquivologia.ufes.br\/\" target=\"_blank\" rel=\"noreferrer noopener\">https:\/\/arquivologia.ufes.br\/<\/a><\/td><td><a href=\"https:\/\/instagram.com\/arquivologiaufes?utm_medium=copy_link\" target=\"_blank\" rel=\"noreferrer noopener\">ArquivologiaUFES<\/a><\/td><td><a href=\"https:\/\/instagram.com\/arquivologiaufes?utm_medium=copy_link\" target=\"_blank\" rel=\"noreferrer noopener\">arquivologiaufes<\/a><\/td><\/tr><tr><td><strong>Universidade Federal do Rio Grande do Sul (UFRGS)<\/strong><\/td><td><a href=\"http:\/\/www.ufrgs.br\/fabico\/graduacao\/arquivologia\" target=\"_blank\" rel=\"noreferrer noopener\">http:\/\/www.ufrgs.br\/fabico\/graduacao\/arquivologia<\/a><\/td><td><a href=\"https:\/\/www.facebook.com\/groups\/377668568944226\/\" target=\"_blank\" rel=\"noreferrer noopener\">https:\/\/www.facebook.com\/groups\/377668568944226\/<\/a><\/td><td> N\u00e3o possui  <\/td><\/tr><tr><td><strong>Universidade Federal de Santa Maria (UFSM)<\/strong><\/td><td><a href=\"https:\/\/www.ufsm.br\/cursos\/graduacao\/santa-maria\/arquivologia\/\" target=\"_blank\" rel=\"noreferrer noopener\">https:\/\/www.ufsm.br\/cursos\/graduacao\/santa-maria\/arquivologia\/<\/a><\/td><td><a href=\"https:\/\/m.facebook.com\/arquivologiaufsm\/\" target=\"_blank\" rel=\"noreferrer noopener\">arquivologiaufsm<\/a><\/td><td> <a href=\"https:\/\/www.instagram.com\/arquivologiaufsm\/\" target=\"_blank\" rel=\"noreferrer noopener\">arquivologiaufsm<\/a><\/td><\/tr><tr><td><strong>Universidade Federal do Estado do Rio de Janeiro (UNIRIO)<\/strong><\/td><td><a href=\"http:\/\/www.unirio.br\/arquivologia\" target=\"_blank\" rel=\"noreferrer noopener\">http:\/\/www.unirio.br\/arquivologia<\/a><\/td><td><a href=\"https:\/\/m.facebook.com\/arquivologiaunirio\/?locale2=pt_BR\" target=\"_blank\" rel=\"noreferrer noopener\">arquivologiaunirio<\/a><\/td><td> <a href=\"https:\/\/instagram.com\/arquivologiaunirio?utm_medium=copy_link\" target=\"_blank\" rel=\"noreferrer noopener\">arquivologiaunirio<\/a> <\/td><\/tr><\/tbody><\/table><figcaption class=\"wp-element-caption\">Quadro extra\u00eddo de Rocha (2021)<\/figcaption><\/figure>\n\n\n\n<p><\/p>\n","protected":false},"excerpt":{"rendered":"<p>A Base de Dados Pesquisas Arquiv\u00edsticas Brasileiras foi desenvolvida em 2021 e \u00e9 resultado da proposta sugerida na Tese de Doutorado da Prof\u00aa Dr\u00aa Maria Meriane Vieira Rocha, tendo como objetivo disseminar as pesquisas que foram finalizadas e aquelas que est\u00e3o sendo desenvolvidas sobre tem\u00e1ticas arquiv\u00edsticas (Projetos de pesquisas, Projetos de extens\u00e3o, Teses, Disserta\u00e7\u00f5es e [&hellip;]<\/p>\n","protected":false},"author":1,"featured_media":838,"parent":0,"menu_order":0,"comment_status":"closed","ping_status":"closed","template":"","meta":{"ocean_post_layout":"right-sidebar","ocean_both_sidebars_style":"","ocean_both_sidebars_content_width":0,"ocean_both_sidebars_sidebars_width":0,"ocean_sidebar":"0","ocean_second_sidebar":"0","ocean_disable_margins":"enable","ocean_add_body_class":"","ocean_shortcode_before_top_bar":"","ocean_shortcode_after_top_bar":"","ocean_shortcode_before_header":"","ocean_shortcode_after_header":"","ocean_has_shortcode":"","ocean_shortcode_after_title":"","ocean_shortcode_before_footer_widgets":"","ocean_shortcode_after_footer_widgets":"","ocean_shortcode_before_footer_bottom":"","ocean_shortcode_after_footer_bottom":"","ocean_display_top_bar":"default","ocean_display_header":"default","ocean_header_style":"","ocean_center_header_left_menu":"0","ocean_custom_header_template":"0","ocean_custom_logo":0,"ocean_custom_retina_logo":0,"ocean_custom_logo_max_width":0,"ocean_custom_logo_tablet_max_width":0,"ocean_custom_logo_mobile_max_width":0,"ocean_custom_logo_max_height":0,"ocean_custom_logo_tablet_max_height":0,"ocean_custom_logo_mobile_max_height":0,"ocean_header_custom_menu":"0","ocean_menu_typo_font_family":"0","ocean_menu_typo_font_subset":"","ocean_menu_typo_font_size":0,"ocean_menu_typo_font_size_tablet":0,"ocean_menu_typo_font_size_mobile":0,"ocean_menu_typo_font_size_unit":"px","ocean_menu_typo_font_weight":"","ocean_menu_typo_font_weight_tablet":"","ocean_menu_typo_font_weight_mobile":"","ocean_menu_typo_transform":"","ocean_menu_typo_transform_tablet":"","ocean_menu_typo_transform_mobile":"","ocean_menu_typo_line_height":0,"ocean_menu_typo_line_height_tablet":0,"ocean_menu_typo_line_height_mobile":0,"ocean_menu_typo_line_height_unit":"","ocean_menu_typo_spacing":0,"ocean_menu_typo_spacing_tablet":0,"ocean_menu_typo_spacing_mobile":0,"ocean_menu_typo_spacing_unit":"","ocean_menu_link_color":"","ocean_menu_link_color_hover":"","ocean_menu_link_color_active":"","ocean_menu_link_background":"","ocean_menu_link_hover_background":"","ocean_menu_link_active_background":"","ocean_menu_social_links_bg":"","ocean_menu_social_hover_links_bg":"","ocean_menu_social_links_color":"","ocean_menu_social_hover_links_color":"","ocean_disable_title":"default","ocean_disable_heading":"default","ocean_post_title":"","ocean_post_subheading":"","ocean_post_title_style":"","ocean_post_title_background_color":"","ocean_post_title_background":0,"ocean_post_title_bg_image_position":"","ocean_post_title_bg_image_attachment":"","ocean_post_title_bg_image_repeat":"","ocean_post_title_bg_image_size":"","ocean_post_title_height":0,"ocean_post_title_bg_overlay":0.5,"ocean_post_title_bg_overlay_color":"","ocean_disable_breadcrumbs":"default","ocean_breadcrumbs_color":"","ocean_breadcrumbs_separator_color":"","ocean_breadcrumbs_links_color":"","ocean_breadcrumbs_links_hover_color":"","ocean_display_footer_widgets":"default","ocean_display_footer_bottom":"default","ocean_custom_footer_template":"0","footnotes":""},"class_list":["post-294","page","type-page","status-publish","has-post-thumbnail","hentry","entry","has-media"],"_links":{"self":[{"href":"https:\/\/www.ccsa.ufpb.br\/pesquisarquivistica\/wp-json\/wp\/v2\/pages\/294","targetHints":{"allow":["GET"]}}],"collection":[{"href":"https:\/\/www.ccsa.ufpb.br\/pesquisarquivistica\/wp-json\/wp\/v2\/pages"}],"about":[{"href":"https:\/\/www.ccsa.ufpb.br\/pesquisarquivistica\/wp-json\/wp\/v2\/types\/page"}],"author":[{"embeddable":true,"href":"https:\/\/www.ccsa.ufpb.br\/pesquisarquivistica\/wp-json\/wp\/v2\/users\/1"}],"replies":[{"embeddable":true,"href":"https:\/\/www.ccsa.ufpb.br\/pesquisarquivistica\/wp-json\/wp\/v2\/comments?post=294"}],"version-history":[{"count":27,"href":"https:\/\/www.ccsa.ufpb.br\/pesquisarquivistica\/wp-json\/wp\/v2\/pages\/294\/revisions"}],"predecessor-version":[{"id":9915,"href":"https:\/\/www.ccsa.ufpb.br\/pesquisarquivistica\/wp-json\/wp\/v2\/pages\/294\/revisions\/9915"}],"wp:featuredmedia":[{"embeddable":true,"href":"https:\/\/www.ccsa.ufpb.br\/pesquisarquivistica\/wp-json\/wp\/v2\/media\/838"}],"wp:attachment":[{"href":"https:\/\/www.ccsa.ufpb.br\/pesquisarquivistica\/wp-json\/wp\/v2\/media?parent=294"}],"curies":[{"name":"wp","href":"https:\/\/api.w.org\/{rel}","templated":true}]}}