{"id":27,"date":"2025-07-12T15:38:24","date_gmt":"2025-07-12T18:38:24","guid":{"rendered":"https:\/\/www.ccsa.ufpb.br\/ppga\/?page_id=27"},"modified":"2026-08-18T14:17:21","modified_gmt":"2026-08-18T17:17:21","slug":"docentes","status":"publish","type":"page","link":"https:\/\/www.ccsa.ufpb.br\/ppga\/docentes\/","title":{"rendered":"Docentes"},"content":{"rendered":"\n<p class=\"wp-block-paragraph\"><strong>Docentes da Linha 1 &#8211; Organiza\u00e7\u00f5es, Gest\u00e3o de Pessoas e Educa\u00e7\u00e3o<\/strong><\/p>\n\n\n\n<p class=\"wp-block-paragraph\"><strong><\/strong>1.&nbsp;<a href=\"http:\/\/plone.ufpb.br\/ppga\/contents\/paginas\/paginas-dos-docentes\/ana-carolina-kruta-bispo-colaboradora\">Ana Carolina Kruta de Ara\u00fajo Bispo<\/a><\/p>\n\n\n\n<ul class=\"wp-block-list\">\n<li><strong>Temas de interesse:<\/strong>&nbsp;Gest\u00e3o de pessoas por compet\u00eancias \/&nbsp;Aprendizagem \/ Carreira e desenvolvimento gerencial<\/li>\n<\/ul>\n\n\n\n<p class=\"wp-block-paragraph\"><a href=\"http:\/\/plone.ufpb.br\/ppga\/contents\/paginas\/paginas-dos-docentes\/ana-carolina-kruta-bispo-colaboradora\"><\/a>2.&nbsp;<a href=\"http:\/\/plone.ufpb.br\/ppga\/contents\/paginas\/paginas-dos-docentes\/ana-lucia-de-araujo-lima-coelho\">Ana L\u00facia de Ara\u00fajo Lima Coelho<\/a><\/p>\n\n\n\n<ul class=\"wp-block-list\">\n<li><strong>Temas de interesse:&nbsp;<\/strong>Educa\u00e7\u00e3o e Sustentabilidade \/&nbsp;Saberes e Pr\u00e1ticas Docentes<\/li>\n<\/ul>\n\n\n\n<p class=\"wp-block-paragraph\"><a href=\"http:\/\/plone.ufpb.br\/ppga\/contents\/paginas\/paginas-dos-docentes\/ana-lucia-de-araujo-lima-coelho\"><\/a>3.&nbsp;<a href=\"http:\/\/plone.ufpb.br\/ppga\/contents\/paginas\/paginas-dos-docentes\/anielson-barbosa-da-silva\">Anielson Barbosa da Silva<\/a><\/p>\n\n\n\n<ul class=\"wp-block-list\">\n<li><strong>Temas de interesse:&nbsp;<\/strong>Ambientes de Aprendizagem \/&nbsp;Compet\u00eancias Socioemocionais \/&nbsp;Carreiras Adaptativas<\/li>\n<\/ul>\n\n\n\n<p class=\"wp-block-paragraph\"><a href=\"http:\/\/plone.ufpb.br\/ppga\/contents\/paginas\/paginas-dos-docentes\/andre-gustavo-carvalho-machado\"><\/a>4.&nbsp;<a href=\"http:\/\/plone.ufpb.br\/ppga\/contents\/paginas\/paginas-dos-docentes\/carlos-eduardo\">Carlos Eduardo Cavalcante<\/a><\/p>\n\n\n\n<ul class=\"wp-block-list\">\n<li><strong>Temas de interesse:&nbsp;<\/strong>Gest\u00e3o de organiza\u00e7\u00f5es do terceiro setor \/ Participa\u00e7\u00e3o cidad\u00e3\/civil<\/li>\n<\/ul>\n\n\n\n<p class=\"wp-block-paragraph\">5.&nbsp;<a href=\"http:\/\/plone.ufpb.br\/ppga\/contents\/paginas\/paginas-dos-docentes\/marcelo-de-souza-bispo\">Marcelo de Souza Bispo<\/a><\/p>\n\n\n\n<ul class=\"wp-block-list\">\n<li><strong>Temas de interesse:&nbsp;<\/strong>Gest\u00e3o educacional \/ Gest\u00e3o escolar\/Educa\u00e7\u00e3o N\u00e3o-formal \/ Forma\u00e7\u00e3o de pesquisadores<\/li>\n<\/ul>\n\n\n\n<p class=\"wp-block-paragraph\"><a href=\"http:\/\/plone.ufpb.br\/ppga\/contents\/paginas\/paginas-dos-docentes\/marcelo-de-souza-bispo\"><\/a>6.&nbsp;<a href=\"http:\/\/plone.ufpb.br\/ppga\/contents\/paginas\/paginas-dos-docentes\/copy_of_sinezio-fernandes-maia-colaborador\">Samir Adamoglu de Oliveira<\/a><\/p>\n\n\n\n<ul class=\"wp-block-list\">\n<li><strong>Temas de interesse:&nbsp;<\/strong>Organiza\u00e7\u00f5es e Institui\u00e7\u00f5es \/&nbsp;Linguagem e Comunica\u00e7\u00e3o nas Organiza\u00e7\u00f5es<\/li>\n<\/ul>\n\n\n\n<p class=\"wp-block-paragraph\">7.&nbsp;<a href=\"http:\/\/plone.ufpb.br\/ppga\/contents\/paginas\/paginas-dos-docentes\/thales-batista-de-lima\">Thales Batista de Lima<\/a>&nbsp;(Docente colaborador)<\/p>\n\n\n\n<ul class=\"wp-block-list\">\n<li><strong>Temas de interesse:&nbsp;<\/strong>Educa\u00e7\u00e3o e Administra\u00e7\u00e3o<strong>&nbsp;<\/strong><\/li>\n<\/ul>\n\n\n\n<p class=\"wp-block-paragraph\"><strong><br><br>Docentes<\/strong>&nbsp;<strong>da Linha 2 &#8211; Estrat\u00e9gia, Finan\u00e7as e Desempenho<\/strong><\/p>\n\n\n\n<p class=\"wp-block-paragraph\"><strong><\/strong>1.&nbsp;<a href=\"http:\/\/plone.ufpb.br\/ppga\/contents\/paginas\/paginas-dos-docentes\/aldo-leonardo-cunha-callado\">Aldo Leonardo Cunha Callad<\/a>o<\/p>\n\n\n\n<ul class=\"wp-block-list\">\n<li><strong>Temas de interesse:<\/strong>&nbsp;Estrat\u00e9gia e Finan\u00e7as \/ Controle Financeiro<\/li>\n<\/ul>\n\n\n\n<p class=\"wp-block-paragraph\">2.&nbsp;<a href=\"http:\/\/plone.ufpb.br\/ppga\/contents\/paginas\/paginas-dos-docentes\/andre-gustavo-carvalho-machado\">Andr\u00e9 Gustavo Carvalho Machado<\/a><\/p>\n\n\n\n<ul class=\"wp-block-list\">\n<li><strong>Temas de interesse:&nbsp;<\/strong>Capacidades para a transforma\u00e7\u00e3o digital em servi\u00e7os p\u00fablicos ou privados \/&nbsp;Ambidestria e Inova\u00e7\u00e3o&nbsp;<\/li>\n<\/ul>\n\n\n\n<p class=\"wp-block-paragraph\">3.&nbsp;<a href=\"http:\/\/plone.ufpb.br\/ppga\/contents\/paginas\/paginas-dos-docentes\/cassio-da-nobrega-besarria\">C\u00e1ssio&nbsp;da N\u00f3brega&nbsp;Besarria<\/a><\/p>\n\n\n\n<ul class=\"wp-block-list\">\n<li><strong>Temas de interesse:&nbsp;<\/strong>Open banking \/ Business Intelligence \/ Forecast<\/li>\n<\/ul>\n\n\n\n<p class=\"wp-block-paragraph\">4.&nbsp;<a href=\"http:\/\/plone.ufpb.br\/ppga\/contents\/paginas\/paginas-dos-docentes\/claudia-fabiana-gohr\">Cl\u00e1udia Fabiana Gohr<\/a><\/p>\n\n\n\n<ul class=\"wp-block-list\">\n<li><strong>Temas de interesse:&nbsp;<\/strong>Capacidades din\u00e2micas para a transi\u00e7\u00e3o de uma economia linear para a circular \/&nbsp;Capacidades din\u00e2micas e inova\u00e7\u00f5es sustent\u00e1veis no contexto de redes de organiza\u00e7\u00f5es colaborativas<\/li>\n<\/ul>\n\n\n\n<p class=\"wp-block-paragraph\">5.&nbsp;<a href=\"http:\/\/plone.ufpb.br\/ppga\/contents\/paginas\/paginas-dos-docentes\/claudio-pilar-da-silva-junior\">Cl\u00e1udio Pilar da Silva Junior&nbsp;<\/a><\/p>\n\n\n\n<ul class=\"wp-block-list\">\n<li><strong>Temas de interesse:&nbsp;<\/strong>Governan\u00e7a Corporativa \/ T\u00e9cnicas de Investimento \/&nbsp; Finan\u00e7as Comportamentais.<\/li>\n<\/ul>\n\n\n\n<p class=\"wp-block-paragraph\"><a href=\"http:\/\/plone.ufpb.br\/ppga\/contents\/paginas\/paginas-dos-docentes\/cassio-da-nobrega-besarria\"><\/a>6.&nbsp;<a href=\"http:\/\/plone.ufpb.br\/ppga\/contents\/paginas\/paginas-dos-docentes\/francisco-jose-da-costa\">Francisco Jos\u00e9 da Costa<\/a><\/p>\n\n\n\n<ul class=\"wp-block-list\">\n<li><strong>Temas de interesse:&nbsp;<\/strong>Modelagem quantitativa em Administra\u00e7\u00e3o \/&nbsp;M\u00e9tricas e avalia\u00e7\u00e3o de desempenho<\/li>\n<\/ul>\n\n\n\n<p class=\"wp-block-paragraph\"><a href=\"http:\/\/plone.ufpb.br\/ppga\/contents\/paginas\/paginas-dos-docentes\/francisco-jose-da-costa\"><\/a>7.&nbsp;<a href=\"http:\/\/plone.ufpb.br\/ppga\/contents\/paginas\/paginas-dos-docentes\/magno-vamberto\">Magno Vamberto Batista da Silva<\/a>&nbsp;(Docente colaborador)<\/p>\n\n\n\n<ul class=\"wp-block-list\">\n<li><strong>Temas de interesse:&nbsp;<\/strong>An\u00e1lise de carteiras \u00f3timas de investimento<\/li>\n<\/ul>\n\n\n\n<p class=\"wp-block-paragraph\"><a href=\"http:\/\/plone.ufpb.br\/ppga\/contents\/paginas\/paginas-dos-docentes\/magno-vamberto\"><\/a>8.&nbsp;<a href=\"http:\/\/plone.ufpb.br\/ppga\/contents\/paginas\/paginas-dos-docentes\/marcio-andre-veras-machado\">M\u00e1rcio Andr\u00e9 Veras Machado<\/a><\/p>\n\n\n\n<ul class=\"wp-block-list\">\n<li><strong>Temas de interesse:<\/strong>&nbsp;Modelos de precifica\u00e7\u00e3o de ativos \/&nbsp;Sentimento do investidor \/&nbsp;Gest\u00e3o de riscos e Incerteza<\/li>\n<\/ul>\n\n\n\n<p class=\"wp-block-paragraph\">9.\u00a0<a href=\"http:\/\/plone.ufpb.br\/ppga\/contents\/paginas\/paginas-dos-docentes\/renan-felinto-de-farias-aires\">Renan Felinto de Farias Aires<\/a><\/p>\n\n\n\n<ul class=\"wp-block-list\">\n<li><strong>Temas de interesse:&nbsp;<\/strong>Modelos multicrit\u00e9rio \/ Gest\u00e3o de Processos \/ Desempenho organizacional<\/li>\n<\/ul>\n\n\n\n<p class=\"wp-block-paragraph\"><strong><br><br>Docentes da Linha 3 &#8211; Tecnologia,&nbsp;Marketing e Inova\u00e7\u00e3o<\/strong><\/p>\n\n\n\n<p class=\"wp-block-paragraph\"><strong><\/strong>1.<a href=\"http:\/\/plone.ufpb.br\/ppga\/contents\/paginas\/paginas-dos-docentes\/alessio-tony-cavalcanti-de-almeida\">&nbsp;Al\u00e9ssio Tony Cavalcanti de Almeida<\/a>&nbsp;(Docente colaborador)<\/p>\n\n\n\n<ul class=\"wp-block-list\">\n<li><strong>Temas de interesse:&nbsp;<\/strong>Ci\u00eancia de dados \/ Tecnologia e Decis\u00e3o<\/li>\n<\/ul>\n\n\n\n<p class=\"wp-block-paragraph\"><strong><\/strong>2.&nbsp;<a href=\"http:\/\/plone.ufpb.br\/ppga\/contents\/paginas\/paginas-dos-docentes\/carlo-gabriel-porto-bellini\">Carlo Gabriel Porto Bellini<\/a><\/p>\n\n\n\n<ul class=\"wp-block-list\">\n<li><strong>Temas de interesse:&nbsp;<\/strong>Efetividade digital \/&nbsp;Gest\u00e3o de profissionais de TI<\/li>\n<\/ul>\n\n\n\n<p class=\"wp-block-paragraph\">3.&nbsp;<a href=\"http:\/\/plone.ufpb.br\/ppga\/contents\/paginas\/paginas-dos-docentes\/gesinaldo-ataide-candido\">Gesinaldo Ata\u00edde C\u00e2ndido<\/a><\/p>\n\n\n\n<ul class=\"wp-block-list\">\n<li><strong>Temas de interesse:<\/strong>&nbsp;Gest\u00e3o Urbana e Sustentabilidade \/&nbsp;Ecossistemas de Inova\u00e7\u00e3o \/&nbsp;\u00c9tica e Justi\u00e7a na Teoria e Pr\u00e1ticas Organizacionais<\/li>\n<\/ul>\n\n\n\n<p class=\"wp-block-paragraph\">4.&nbsp;<a href=\"http:\/\/plone.ufpb.br\/ppga\/contents\/paginas\/paginas-dos-docentes\/jose-jorge-lima-dias-junior\">Jos\u00e9 Jorge Lima Dias Jr.<\/a><\/p>\n\n\n\n<ul class=\"wp-block-list\">\n<li><strong>Temas de interesse:<\/strong>&nbsp;Intelig\u00eancia de neg\u00f3cio (Business Intelligence) \/&nbsp;Sistemas de informa\u00e7\u00e3o e suporte ao processo decis\u00f3rio<\/li>\n<\/ul>\n\n\n\n<p class=\"wp-block-paragraph\"><a href=\"http:\/\/plone.ufpb.br\/ppga\/contents\/paginas\/paginas-dos-docentes\/jose-jorge-lima-dias-junior\"><\/a>5.&nbsp;<a href=\"http:\/\/plone.ufpb.br\/ppga\/contents\/paginas\/paginas-dos-docentes\/nelsio-rodrigues-de-abreu\">Nelsio Rodrigues de Abreu<\/a><\/p>\n\n\n\n<ul class=\"wp-block-list\">\n<li><strong>Temas de interesse:&nbsp;<\/strong>Consumo, satisfa\u00e7\u00e3o e bem-estar pessoal (well-being) \/&nbsp;Consumo e Diversidade (grupos minorit\u00e1rios) \/&nbsp;L\u00f3gica Dominante do Servi\u00e7o (LDS)<\/li>\n<\/ul>\n\n\n\n<p class=\"wp-block-paragraph\"><a href=\"http:\/\/plone.ufpb.br\/ppga\/contents\/paginas\/paginas-dos-docentes\/nelsio-rodrigues-de-abreu\"><\/a>6.&nbsp;<a href=\"http:\/\/plone.ufpb.br\/ppga\/contents\/paginas\/paginas-dos-docentes\/pedro-jacome-de-moura-junior\">Pedro J\u00e1come de Moura J\u00fanior<\/a><\/p>\n\n\n\n<ul class=\"wp-block-list\">\n<li><strong>Temas de interesse:&nbsp;<\/strong>Gest\u00e3o de profissionais e equipes de TI \/&nbsp;Ci\u00eancia de dados \/&nbsp;Aspectos ocupacionais da atua\u00e7\u00e3o profissional em TI<\/li>\n<\/ul>\n\n\n\n<p class=\"wp-block-paragraph\">7.&nbsp;<a href=\"http:\/\/plone.ufpb.br\/ppga\/contents\/paginas\/paginas-dos-docentes\/rita-de-cassia-de-faria-pereira\">Rita de C\u00e1ssia de Faria Pereira<\/a><\/p>\n\n\n\n<ul class=\"wp-block-list\">\n<li><strong>Temas de interesse:&nbsp;<\/strong>Pesquisa Transformativa do Consumidor \/&nbsp;Bem-Estar do Consumidor\/&nbsp;Psicologia Positiva e Comportamento do Consumidor<\/li>\n<\/ul>\n","protected":false},"excerpt":{"rendered":"<p>Docentes da Linha 1 &#8211; Organiza\u00e7\u00f5es, Gest\u00e3o de Pessoas e Educa\u00e7\u00e3o 1.&nbsp;Ana Carolina Kruta de [&hellip;]<\/p>\n","protected":false},"author":47,"featured_media":0,"parent":0,"menu_order":0,"comment_status":"closed","ping_status":"closed","template":"","meta":{"footnotes":""},"class_list":["post-27","page","type-page","status-publish","hentry"],"_links":{"self":[{"href":"https:\/\/www.ccsa.ufpb.br\/ppga\/wp-json\/wp\/v2\/pages\/27","targetHints":{"allow":["GET"]}}],"collection":[{"href":"https:\/\/www.ccsa.ufpb.br\/ppga\/wp-json\/wp\/v2\/pages"}],"about":[{"href":"https:\/\/www.ccsa.ufpb.br\/ppga\/wp-json\/wp\/v2\/types\/page"}],"author":[{"embeddable":true,"href":"https:\/\/www.ccsa.ufpb.br\/ppga\/wp-json\/wp\/v2\/users\/47"}],"replies":[{"embeddable":true,"href":"https:\/\/www.ccsa.ufpb.br\/ppga\/wp-json\/wp\/v2\/comments?post=27"}],"version-history":[{"count":3,"href":"https:\/\/www.ccsa.ufpb.br\/ppga\/wp-json\/wp\/v2\/pages\/27\/revisions"}],"predecessor-version":[{"id":542,"href":"https:\/\/www.ccsa.ufpb.br\/ppga\/wp-json\/wp\/v2\/pages\/27\/revisions\/542"}],"wp:attachment":[{"href":"https:\/\/www.ccsa.ufpb.br\/ppga\/wp-json\/wp\/v2\/media?parent=27"}],"curies":[{"name":"wp","href":"https:\/\/api.w.org\/{rel}","templated":true}]}}