{"id":81,"date":"2025-07-12T21:13:15","date_gmt":"2025-07-13T00:13:15","guid":{"rendered":"https:\/\/www.ccsa.ufpb.br\/ppga\/?page_id=81"},"modified":"2025-08-04T20:06:27","modified_gmt":"2025-08-04T23:06:27","slug":"disciplinas-eletivas-da-linha-tecnologia-marketing-e-inovacao","status":"publish","type":"page","link":"https:\/\/www.ccsa.ufpb.br\/ppga\/disciplinas-eletivas-da-linha-tecnologia-marketing-e-inovacao\/","title":{"rendered":"Disciplinas eletivas da linha Tecnologia, Marketing e Inova\u00e7\u00e3o"},"content":{"rendered":"\n<p>Aqui temos o detalhamento das disciplinas eletivas da Linha Tecnologia, Marketing e Inova\u00e7\u00e3o.<\/p>\n\n\n\n<p>Para cada disciplina, segue&nbsp;<strong>o nome<\/strong>&nbsp;do componente curricular, juntamente com a&nbsp;<strong>esfera<\/strong>&nbsp;de forma\u00e7\u00e3o (se forma\u00e7\u00e3o geral ou de linha), o n\u00edvel para o qual est\u00e1 orientada (se mestrado ou doutorado),&nbsp;bem como a<strong>&nbsp;carga-hor\u00e1ria<\/strong>&nbsp;e a&nbsp;<strong>ementa<\/strong>.<\/p>\n\n\n\n<figure class=\"wp-block-table\"><table class=\"has-fixed-layout\"><tbody><tr><td colspan=\"2\"><strong>Tecnologia, <\/strong><strong>Marketing <\/strong><strong>e<\/strong><strong>\u00a0Inova\u00e7\u00e3o<\/strong><\/td><\/tr><tr><td><strong>Esfera<\/strong>:&nbsp;Forma\u00e7\u00e3o&nbsp;de&nbsp;linha<\/td><td><strong>Compet\u00eancia<\/strong>:&nbsp;Dom\u00ednio&nbsp;de&nbsp;conte\u00fados<\/td><\/tr><tr><td><strong>N\u00edvel<\/strong>:&nbsp;Mestrado&nbsp;e&nbsp;Doutorado<\/td><td><strong>Carga-hor\u00e1ria<\/strong>:&nbsp;60&nbsp;horas<\/td><\/tr><tr><td colspan=\"2\"><strong>Ementa<\/strong>:<br>Hist\u00f3rico e evolu\u00e7\u00e3o da era digital. Transforma\u00e7\u00e3o digital e seus impactos na sociedade, organiza\u00e7\u00f5es e indiv\u00edduos. Marketing em ambientes digitais e as transforma\u00e7\u00f5es no consumo. Fundamentos e impactos da Intelig\u00eancia Artificial. Inova\u00e7\u00e3o e modelos de neg\u00f3cios digitais. Aspectos culturais, \u00e9ticos e regulat\u00f3rios da era digital. Tend\u00eancias profissionais na era digital.<\/td><\/tr><\/tbody><\/table><\/figure>\n\n\n\n<figure class=\"wp-block-table\"><table class=\"has-fixed-layout\"><tbody><tr><td colspan=\"2\"><strong>Transforma\u00e7\u00e3o <\/strong><strong>Digital<\/strong><\/td><\/tr><tr><td><strong>Esfera<\/strong>:&nbsp;Forma\u00e7\u00e3o&nbsp;de&nbsp;linha<\/td><td><strong>Compet\u00eancia<\/strong>:&nbsp;Dom\u00ednio&nbsp;de&nbsp;conte\u00fados<\/td><\/tr><tr><td><strong>N\u00edvel<\/strong>:&nbsp;Mestrado&nbsp;e&nbsp;Doutorado<\/td><td><strong>Carga-hor\u00e1ria<\/strong>:&nbsp;60&nbsp;horas<\/td><\/tr><tr><td colspan=\"2\"><strong>Ementa<\/strong>:<br>Sistemas.\u00a0Abordagem\u00a0sociot\u00e9cnica\u00a0dos\u00a0sistemas\u00a0de\u00a0trabalho.\u00a0Diamante\u00a0de\u00a0Leavitt.\u00a0Hierarquia DIKW. Sobrecarga de informa\u00e7\u00f5es.\u00a0Experimentos,\u00a0an\u00e1lise\u00a0<em>ex-post-facto<\/em>e\u00a0<em>designscience<\/em>.\u00a0\u00a0Autoefic\u00e1cia computacional, habilidades te\u00f3ricas e compet\u00eancias pr\u00e1ticas. Inova\u00e7\u00e3o tecnol\u00f3gica, difus\u00e3o, aceita\u00e7\u00e3o, ado\u00e7\u00e3o\/rejei\u00e7\u00e3o, uso, uso recorrente\/descontinuidade de uso da tecnologia e sucesso de investimentos em infraestrutura tecnol\u00f3gica. Contextos individual e organizacional, compuls\u00f3rio e volunt\u00e1rio de uso das tecnologias digitais. Inclus\u00e3o, igualdade e efetividade digital. Ergonomia ambiental, ergonomia de interfaces pessoa-computador, cogni\u00e7\u00e3o e comportamento do usu\u00e1rio e do desenvolvedor de tecnologia. Intelig\u00eancia e sabedoria artificiais.<\/td><\/tr><\/tbody><\/table><\/figure>\n\n\n\n<figure class=\"wp-block-table\"><table class=\"has-fixed-layout\"><tbody><tr><td colspan=\"2\"><strong>Ci\u00eancia <\/strong><strong>dos <\/strong><strong>Dados<\/strong><\/td><\/tr><tr><td><strong>Esfera<\/strong>:&nbsp;Forma\u00e7\u00e3o&nbsp;de&nbsp;linha<\/td><td><strong>Compet\u00eancia<\/strong>:&nbsp;Dom\u00ednio&nbsp;de&nbsp;conte\u00fados<\/td><\/tr><tr><td><strong>N\u00edvel<\/strong>:&nbsp;Mestrado&nbsp;e&nbsp;Doutorado<\/td><td><strong>Carga-hor\u00e1ria<\/strong>:&nbsp;60&nbsp;horas<\/td><\/tr><tr><td colspan=\"2\"><strong>Ementa<\/strong>:<br>Filosofia da ci\u00eancia dos dados. Paradigmas em ci\u00eancia (abdu\u00e7\u00e3o, indu\u00e7\u00e3o e dedu\u00e7\u00e3o). Teoria dos conjuntos.\u00a0Probabilidade.\u00a0Algoritmos\u00a0e\u00a0programa\u00e7\u00e3o\u00a0de\u00a0computadores.\u00a0Modelagem\u00a0dimensional\u00a0de dados.\u00a0Pr\u00e9_processamento\/tratamento\u00a0de\u00a0dados.\u00a0An\u00e1lise\u00a0din\u00e2mica\u00a0de\u00a0dados.\u00a0Visualiza\u00e7\u00e3o\u00a0de\u00a0dados.\u00a0Minera\u00e7\u00e3o de dados. Aprendizagem de m\u00e1quina. Intelig\u00eancia Artificial. Bancos de dados n\u00e3o estruturados. \u201cBig Data\u201d. Comunica\u00e7\u00e3o e suporte \u00e0 decis\u00e3o.<\/td><\/tr><\/tbody><\/table><\/figure>\n\n\n\n<figure class=\"wp-block-table\"><table class=\"has-fixed-layout\"><tbody><tr><td colspan=\"2\"><strong>Marketing <\/strong><strong>e<\/strong><strong>\u00a0Inova\u00e7\u00e3o<\/strong><\/td><\/tr><tr><td><strong>Esfera<\/strong>:&nbsp;Forma\u00e7\u00e3o&nbsp;de&nbsp;linha<\/td><td><strong>Compet\u00eancia<\/strong>:&nbsp;Dom\u00ednio&nbsp;de&nbsp;conte\u00fados<\/td><\/tr><tr><td><strong>N\u00edvel<\/strong>:&nbsp;Mestrado&nbsp;e&nbsp;Doutorado<\/td><td><strong>Carga-hor\u00e1ria<\/strong>:&nbsp;60&nbsp;horas<\/td><\/tr><tr><td colspan=\"2\"><strong>Ementa<\/strong>:<br>Fundamentos de Marketing: Conceitos-chave de marketing, Comportamento do consumidor e Segmenta\u00e7\u00e3o de mercado e posicionamento. Estrat\u00e9gias de Marketing: Mix de marketing, Marketing Digital e Plataformas de Redes\/M\u00eddias Sociais Mediadas, Marketing de Conte\u00fado e influ\u00eancia. Inova\u00e7\u00e3o Empresarial: inova\u00e7\u00e3o como vantagem competitiva, Cultura de inova\u00e7\u00e3o e gest\u00e3o de projetos e Inova\u00e7\u00e3o aberta e colabora\u00e7\u00e3o. Ecossistemas de Inova\u00e7\u00e3o: Introdu\u00e7\u00e3o aos Ecossistemas\u00a0de Inova\u00e7\u00e3o,\u00a0Investidores\u00a0e aceleradoras,\u00a0Cultura\u00a0de\u00a0inova\u00e7\u00e3o\u00a0e\u00a0gest\u00e3o\u00a0da\u00a0mudan\u00e7a\u00a0e\u00a0resili\u00eancia\u00a0e\u00a0Barreiras\u00a0\u00e0\u00a0inova\u00e7\u00e3o\u00a0nos\u00a0ecossistemas.<\/td><\/tr><\/tbody><\/table><\/figure>\n\n\n\n<figure class=\"wp-block-table\"><table class=\"has-fixed-layout\"><tbody><tr><td colspan=\"2\"><strong>Marketing <\/strong><strong>e<\/strong><strong>\u00a0Sociedade<\/strong><\/td><\/tr><tr><td><strong>Esfera<\/strong>:&nbsp;Forma\u00e7\u00e3o&nbsp;de&nbsp;linha<\/td><td><strong>Compet\u00eancia<\/strong>:&nbsp;Dom\u00ednio&nbsp;de&nbsp;conte\u00fados<\/td><\/tr><tr><td><strong>N\u00edvel<\/strong>:&nbsp;Mestrado&nbsp;e&nbsp;Doutorado<\/td><td><strong>Carga-hor\u00e1ria<\/strong>:&nbsp;60&nbsp;horas<\/td><\/tr><tr><td colspan=\"2\"><strong>Ementa<\/strong>:<br>Fundamentos de marketing. Macromarketing: pol\u00edticas p\u00fablicas e regula\u00e7\u00e3o, justi\u00e7a distributiva, marketing e desenvolvimento, marketing e qualidade de vida, consumo respons\u00e1vel e sustent\u00e1vel. Marketing social: fundamentos conceituais, modelos e aplica\u00e7\u00f5es. Pesquisa acad\u00eamica em marketing e sociedade.<\/td><\/tr><\/tbody><\/table><\/figure>\n\n\n\n<figure class=\"wp-block-table\"><table class=\"has-fixed-layout\"><tbody><tr><td colspan=\"2\"><strong>Gest\u00e3o <\/strong><strong>da\u00a0<\/strong><strong>Inova\u00e7\u00e3o<\/strong><\/td><\/tr><tr><td><strong>Esfera<\/strong>:&nbsp;Forma\u00e7\u00e3o&nbsp;de&nbsp;linha<\/td><td><strong>Compet\u00eancia<\/strong>:&nbsp;Dom\u00ednio&nbsp;de&nbsp;conte\u00fados<\/td><\/tr><tr><td><strong>N\u00edvel<\/strong>:&nbsp;Mestrado&nbsp;e&nbsp;Doutorado<\/td><td><strong>Carga-hor\u00e1ria<\/strong>:&nbsp;60&nbsp;horas<\/td><\/tr><tr><td colspan=\"2\"><strong>Ementa<\/strong>:<br>Mudan\u00e7a tecnol\u00f3gica e inova\u00e7\u00e3o. Fatores fundamentais na gest\u00e3o da inova\u00e7\u00e3o. A inova\u00e7\u00e3o como um processo de gest\u00e3o. Organiza\u00e7\u00f5es, tecnologia e estrutura\u00e7\u00e3o. Organizando para a inova\u00e7\u00e3o. Conceitos, abordagens e modelos de gest\u00e3o da inova\u00e7\u00e3o. Ecossistemas de inova\u00e7\u00e3o. Aplica\u00e7\u00f5es e adapta\u00e7\u00f5es\u00a0de\u00a0abordagens\u00a0e\u00a0modelos\u00a0de\u00a0gest\u00e3o\u00a0da\u00a0inova\u00e7\u00e3o\u00a0no\u00a0contexto\u00a0de\u00a0neg\u00f3cios\u00a0e\u00a0de\u00a0gest\u00e3o\u00a0no Brasil.\u00a0Sistemas\u00a0Setoriais\u00a0de\u00a0Inova\u00e7\u00e3o.\u00a0Inova\u00e7\u00e3o\u00a0e\u00a0sustentabilidade.\u00a0Inova\u00e7\u00e3o\u00a0e\u00a0tecnologias\u00a0sociais. Pol\u00edticas\u00a0p\u00fablicas\u00a0e\u00a0transfer\u00eancia\u00a0tecnol\u00f3gica.\u00a0Aprecia\u00e7\u00f5es\u00a0cr\u00edticas\u00a0acerca\u00a0dos\u00a0conceitos,\u00a0abordagens e modelos da inova\u00e7\u00e3o.<\/td><\/tr><\/tbody><\/table><\/figure>\n\n\n\n<figure class=\"wp-block-table\"><table class=\"has-fixed-layout\"><tbody><tr><td colspan=\"2\"><strong>T\u00f3picos <\/strong><strong>em Tecnologia, <\/strong><strong>Marketing <\/strong><strong>e <\/strong><strong>Inova\u00e7\u00e3o<\/strong> <strong>I<\/strong><\/td><\/tr><tr><td><strong>Esfera<\/strong>:&nbsp;Forma\u00e7\u00e3o&nbsp;de&nbsp;linha<\/td><td><strong>Compet\u00eancia<\/strong>:&nbsp;Definida&nbsp;por&nbsp;oferta<\/td><\/tr><tr><td><strong>N\u00edvel<\/strong>:&nbsp;Mestrado&nbsp;e&nbsp;Doutorado<\/td><td><strong>Carga-hor\u00e1ria<\/strong>:&nbsp;60&nbsp;horas<\/td><\/tr><tr><td colspan=\"2\"><strong>Ementa<\/strong>:<br>Estudo\u00a0de\u00a0temas espec\u00edficos\u00a0em Tecnologia, Marketing\u00a0e Inova\u00e7\u00e3o\u00a0voltados\u00a0a\u00a0explorar\u00a0atualidades e tend\u00eancias tem\u00e1ticas, assim como oportunidades relevantes em termos de forma\u00e7\u00e3o, pesquisas acad\u00eamicas e aplicadas, al\u00e9m de demandas de mercado ou de outras disciplinas.<\/td><\/tr><\/tbody><\/table><\/figure>\n\n\n\n<figure class=\"wp-block-table\"><table class=\"has-fixed-layout\"><tbody><tr><td colspan=\"2\"><strong><strong>T\u00f3picos em Tecnologia, Marketing e Inova\u00e7\u00e3o<\/strong> II<\/strong><\/td><\/tr><tr><td><strong>Esfera<\/strong>:&nbsp;Forma\u00e7\u00e3o&nbsp;de&nbsp;linha<\/td><td><strong>Compet\u00eancia<\/strong>:&nbsp;Definida&nbsp;por&nbsp;oferta<\/td><\/tr><tr><td><strong>N\u00edvel<\/strong>:&nbsp;Mestrado&nbsp;e&nbsp;Doutorado<\/td><td><strong>Carga-hor\u00e1ria<\/strong>:&nbsp;60&nbsp;horas<\/td><\/tr><tr><td colspan=\"2\"><strong>Ementa<\/strong>:<br>Estudo\u00a0de\u00a0temas espec\u00edficos\u00a0em Tecnologia, Marketing\u00a0e\u00a0Inova\u00e7\u00e3o voltados\u00a0a\u00a0explorar\u00a0atualidades e tend\u00eancias tem\u00e1ticas, assim como oportunidades relevantes em termos de forma\u00e7\u00e3o, pesquisas acad\u00eamicas e aplicadas, al\u00e9m de demandas de mercado ou de outras disciplinas.<\/td><\/tr><\/tbody><\/table><\/figure>\n\n\n\n<figure class=\"wp-block-table\"><table class=\"has-fixed-layout\"><tbody><tr><td colspan=\"2\"><strong><strong>T\u00f3picos em Tecnologia, Marketing e Inova\u00e7\u00e3o<\/strong> III<\/strong><\/td><\/tr><tr><td><strong>Esfera<\/strong>:&nbsp;Forma\u00e7\u00e3o&nbsp;de&nbsp;linha<\/td><td><strong>Compet\u00eancia<\/strong>:&nbsp;Dom\u00ednio&nbsp;de&nbsp;conte\u00fados<\/td><\/tr><tr><td><strong>N\u00edvel<\/strong>:&nbsp;Mestrado&nbsp;e&nbsp;Doutorado<\/td><td><strong>Carga-hor\u00e1ria<\/strong>:&nbsp;60&nbsp;horas<\/td><\/tr><tr><td colspan=\"2\"><strong>Ementa<\/strong>:<br>Estudo\u00a0de\u00a0temas espec\u00edficos\u00a0em Tecnologia, Marketing\u00a0e Inova\u00e7\u00e3o voltados\u00a0a explorar atualidades e tend\u00eancias tem\u00e1ticas, assim como oportunidades relevantes em termos de forma\u00e7\u00e3o, pesquisas acad\u00eamicas e aplicadas, al\u00e9m de demandas de mercado ou de outras disciplinas.<\/td><\/tr><\/tbody><\/table><\/figure>\n\n\n\n<figure class=\"wp-block-table\"><table class=\"has-fixed-layout\"><tbody><tr><td colspan=\"2\"><strong><strong>T\u00f3picos em Tecnologia, Marketing e Inova\u00e7\u00e3o<\/strong> IV<\/strong><\/td><\/tr><tr><td><strong>Esfera<\/strong>:&nbsp;Forma\u00e7\u00e3o&nbsp;de&nbsp;linha<\/td><td><strong>Compet\u00eancia<\/strong>:&nbsp;Definida&nbsp;por&nbsp;oferta<\/td><\/tr><tr><td><strong>N\u00edvel<\/strong>:&nbsp;Mestrado&nbsp;e&nbsp;Doutorado<\/td><td><strong>Carga-hor\u00e1ria<\/strong>:&nbsp;60&nbsp;horas<\/td><\/tr><tr><td colspan=\"2\"><strong>Ementa<\/strong>:<br>Estudo\u00a0de\u00a0temas espec\u00edficos\u00a0em Tecnologia, Marketing\u00a0e\u00a0Inova\u00e7\u00e3o voltados\u00a0a\u00a0explorar\u00a0atualidades e tend\u00eancias tem\u00e1ticas, assim como oportunidades relevantes em termos de forma\u00e7\u00e3o, pesquisas acad\u00eamicas e aplicadas, al\u00e9m de demandas de mercado ou de outras disciplinas.<\/td><\/tr><\/tbody><\/table><\/figure>\n\n\n\n<figure class=\"wp-block-table\"><table class=\"has-fixed-layout\"><tbody><tr><td colspan=\"2\"><strong>Semin\u00e1ri<strong>o em Tecnologia, Marketing e Inova\u00e7\u00e3o<\/strong> <\/strong><\/td><\/tr><tr><td><strong>Esfera<\/strong>:&nbsp;Forma\u00e7\u00e3o&nbsp;de&nbsp;linha<\/td><td><strong>Compet\u00eancia<\/strong>:&nbsp;Definida&nbsp;por&nbsp;oferta<\/td><\/tr><tr><td><strong>N\u00edvel<\/strong>:&nbsp;Mestrado&nbsp;e&nbsp;Doutorado<\/td><td><strong>Carga-hor\u00e1ria<\/strong>:&nbsp;15&nbsp;horas<\/td><\/tr><tr><td colspan=\"2\"><strong>Ementa<\/strong>:<br>Estudo de temas espec\u00edficos em Tecnologia, Marketing e Inova\u00e7\u00e3o em tem\u00e1ticas de forma\u00e7\u00e3o, pesquisas\u00a0acad\u00eamicas\u00a0e\u00a0aplicadas,\u00a0al\u00e9m\u00a0de\u00a0demandas\u00a0de\u00a0mercado\u00a0ou\u00a0de\u00a0outras\u00a0disciplinas,\u00a0com\u00a0foco tem\u00e1tico limitado.<\/td><\/tr><\/tbody><\/table><\/figure>\n","protected":false},"excerpt":{"rendered":"<p>Aqui temos o detalhamento das disciplinas eletivas da Linha Tecnologia, Marketing e Inova\u00e7\u00e3o. Para cada [&hellip;]<\/p>\n","protected":false},"author":47,"featured_media":0,"parent":0,"menu_order":0,"comment_status":"closed","ping_status":"closed","template":"","meta":{"footnotes":""},"class_list":["post-81","page","type-page","status-publish","hentry"],"_links":{"self":[{"href":"https:\/\/www.ccsa.ufpb.br\/ppga\/wp-json\/wp\/v2\/pages\/81","targetHints":{"allow":["GET"]}}],"collection":[{"href":"https:\/\/www.ccsa.ufpb.br\/ppga\/wp-json\/wp\/v2\/pages"}],"about":[{"href":"https:\/\/www.ccsa.ufpb.br\/ppga\/wp-json\/wp\/v2\/types\/page"}],"author":[{"embeddable":true,"href":"https:\/\/www.ccsa.ufpb.br\/ppga\/wp-json\/wp\/v2\/users\/47"}],"replies":[{"embeddable":true,"href":"https:\/\/www.ccsa.ufpb.br\/ppga\/wp-json\/wp\/v2\/comments?post=81"}],"version-history":[{"count":3,"href":"https:\/\/www.ccsa.ufpb.br\/ppga\/wp-json\/wp\/v2\/pages\/81\/revisions"}],"predecessor-version":[{"id":184,"href":"https:\/\/www.ccsa.ufpb.br\/ppga\/wp-json\/wp\/v2\/pages\/81\/revisions\/184"}],"wp:attachment":[{"href":"https:\/\/www.ccsa.ufpb.br\/ppga\/wp-json\/wp\/v2\/media?parent=81"}],"curies":[{"name":"wp","href":"https:\/\/api.w.org\/{rel}","templated":true}]}}