{"id":1718,"date":"2026-07-28T18:25:34","date_gmt":"2026-07-28T21:25:34","guid":{"rendered":"https:\/\/www.ccsa.ufpb.br\/ppge\/?page_id=1718"},"modified":"2026-07-28T18:40:48","modified_gmt":"2026-07-28T21:40:48","slug":"avaliacao-dos-evadidos-2025","status":"publish","type":"page","link":"https:\/\/www.ccsa.ufpb.br\/ppge\/avaliacao-dos-evadidos-2025\/","title":{"rendered":"Avalia\u00e7\u00e3o dos evadidos &#8211; 2025"},"content":{"rendered":"\n<div class=\"wp-block-media-text is-stacked-on-mobile\"><figure class=\"wp-block-media-text__media\"><img loading=\"lazy\" decoding=\"async\" width=\"1024\" height=\"1024\" src=\"https:\/\/www.ccsa.ufpb.br\/ppge\/wp-content\/uploads\/sites\/179\/sites\/367\/2026\/07\/40-1024x1024.png\" alt=\"\" class=\"wp-image-1719 size-full\" srcset=\"https:\/\/www.ccsa.ufpb.br\/ppge\/wp-content\/uploads\/sites\/179\/sites\/367\/2026\/07\/40-1024x1024.png 1024w, https:\/\/www.ccsa.ufpb.br\/ppge\/wp-content\/uploads\/sites\/179\/sites\/367\/2026\/07\/40-300x300.png 300w, https:\/\/www.ccsa.ufpb.br\/ppge\/wp-content\/uploads\/sites\/179\/sites\/367\/2026\/07\/40-150x150.png 150w, https:\/\/www.ccsa.ufpb.br\/ppge\/wp-content\/uploads\/sites\/179\/sites\/367\/2026\/07\/40-768x768.png 768w, https:\/\/www.ccsa.ufpb.br\/ppge\/wp-content\/uploads\/sites\/179\/sites\/367\/2026\/07\/40.png 1080w\" sizes=\"auto, (max-width: 1024px) 100vw, 1024px\" \/><\/figure><div class=\"wp-block-media-text__content\">\n<p class=\"wp-block-paragraph\"><br>Os resultados indicam que a falta de bolsa\/apoio n\u00e3o se configura como um fator predominante para a evas\u00e3o discente no PPGE. Observa-se que 74,3% dos respondentes assinalaram &#8220;N\u00e3o sabe\/N\u00e3o se aplica&#8221;, enquanto apenas 12,9% classificaram esse aspecto como de impacto muito alto e 12,9% como de impacto muito baixo, evidenciando uma distribui\u00e7\u00e3o residual entre as respostas v\u00e1lidas.<\/p>\n<\/div><\/div>\n\n\n\n<div class=\"wp-block-media-text has-media-on-the-right is-stacked-on-mobile\"><div class=\"wp-block-media-text__content\">\n<p class=\"wp-block-paragraph\">Os resultados sugerem que o apoio na orienta\u00e7\u00e3o merece aten\u00e7\u00e3o como um potencial fator associado \u00e0 evas\u00e3o. Embora 43% dos respondentes tenham indicado que esse aspecto n\u00e3o se aplica ou n\u00e3o souberam avali\u00e1-lo, entre aqueles que manifestaram uma percep\u00e7\u00e3o objetiva observa-se que 43% classificaram o apoio na orienta\u00e7\u00e3o como um fator de impacto muito alto para o desligamento, enquanto 14% atribu\u00edram impacto m\u00e9dio.<\/p>\n<\/div><figure class=\"wp-block-media-text__media\"><img loading=\"lazy\" decoding=\"async\" width=\"1024\" height=\"1024\" src=\"https:\/\/www.ccsa.ufpb.br\/ppge\/wp-content\/uploads\/sites\/179\/sites\/367\/2026\/07\/41-1024x1024.png\" alt=\"\" class=\"wp-image-1720 size-full\" srcset=\"https:\/\/www.ccsa.ufpb.br\/ppge\/wp-content\/uploads\/sites\/179\/sites\/367\/2026\/07\/41-1024x1024.png 1024w, https:\/\/www.ccsa.ufpb.br\/ppge\/wp-content\/uploads\/sites\/179\/sites\/367\/2026\/07\/41-300x300.png 300w, https:\/\/www.ccsa.ufpb.br\/ppge\/wp-content\/uploads\/sites\/179\/sites\/367\/2026\/07\/41-150x150.png 150w, https:\/\/www.ccsa.ufpb.br\/ppge\/wp-content\/uploads\/sites\/179\/sites\/367\/2026\/07\/41-768x768.png 768w, https:\/\/www.ccsa.ufpb.br\/ppge\/wp-content\/uploads\/sites\/179\/sites\/367\/2026\/07\/41.png 1080w\" sizes=\"auto, (max-width: 1024px) 100vw, 1024px\" \/><\/figure><\/div>\n\n\n\n<div class=\"wp-block-media-text is-stacked-on-mobile\"><figure class=\"wp-block-media-text__media\"><img loading=\"lazy\" decoding=\"async\" width=\"1024\" height=\"1024\" src=\"https:\/\/www.ccsa.ufpb.br\/ppge\/wp-content\/uploads\/sites\/179\/sites\/367\/2026\/07\/42-1024x1024.png\" alt=\"\" class=\"wp-image-1721 size-full\" srcset=\"https:\/\/www.ccsa.ufpb.br\/ppge\/wp-content\/uploads\/sites\/179\/sites\/367\/2026\/07\/42-1024x1024.png 1024w, https:\/\/www.ccsa.ufpb.br\/ppge\/wp-content\/uploads\/sites\/179\/sites\/367\/2026\/07\/42-300x300.png 300w, https:\/\/www.ccsa.ufpb.br\/ppge\/wp-content\/uploads\/sites\/179\/sites\/367\/2026\/07\/42-150x150.png 150w, https:\/\/www.ccsa.ufpb.br\/ppge\/wp-content\/uploads\/sites\/179\/sites\/367\/2026\/07\/42-768x768.png 768w, https:\/\/www.ccsa.ufpb.br\/ppge\/wp-content\/uploads\/sites\/179\/sites\/367\/2026\/07\/42.png 1080w\" sizes=\"auto, (max-width: 1024px) 100vw, 1024px\" \/><\/figure><div class=\"wp-block-media-text__content\">\n<p class=\"wp-block-paragraph\">Observa-se que 57% dos respondentes assinalaram &#8220;N\u00e3o sabe\/N\u00e3o se aplica&#8221;, enquanto 43% avaliaram esse aspecto como de impacto muito alto, sem registros de avalia\u00e7\u00f5es intermedi\u00e1rias ou baixas. Esse resultado sugere que, quando presente, a percep\u00e7\u00e3o de incompatibilidade entre as expectativas do discente e os objetivos alcan\u00e7ados durante o curso pode exercer influ\u00eancia decisiva sobre a perman\u00eancia.<\/p>\n<\/div><\/div>\n\n\n\n<div class=\"wp-block-media-text has-media-on-the-right is-stacked-on-mobile\"><div class=\"wp-block-media-text__content\">\n<p class=\"wp-block-paragraph\">Os resultados indicam que o planejamento e a organiza\u00e7\u00e3o do programa n\u00e3o constituem, de forma geral, um fator determinante para a evas\u00e3o discente. A maioria dos respondentes (66,3%) assinalou a op\u00e7\u00e3o &#8220;N\u00e3o sabe\/N\u00e3o se aplica&#8221;, enquanto as avalia\u00e7\u00f5es restantes ficaram igualmente distribu\u00eddas entre impacto muito alto (16,8%) e impacto baixo (16,8%).<\/p>\n<\/div><figure class=\"wp-block-media-text__media\"><img loading=\"lazy\" decoding=\"async\" width=\"1024\" height=\"1024\" src=\"https:\/\/www.ccsa.ufpb.br\/ppge\/wp-content\/uploads\/sites\/179\/sites\/367\/2026\/07\/43-1024x1024.png\" alt=\"\" class=\"wp-image-1722 size-full\" srcset=\"https:\/\/www.ccsa.ufpb.br\/ppge\/wp-content\/uploads\/sites\/179\/sites\/367\/2026\/07\/43-1024x1024.png 1024w, https:\/\/www.ccsa.ufpb.br\/ppge\/wp-content\/uploads\/sites\/179\/sites\/367\/2026\/07\/43-300x300.png 300w, https:\/\/www.ccsa.ufpb.br\/ppge\/wp-content\/uploads\/sites\/179\/sites\/367\/2026\/07\/43-150x150.png 150w, https:\/\/www.ccsa.ufpb.br\/ppge\/wp-content\/uploads\/sites\/179\/sites\/367\/2026\/07\/43-768x768.png 768w, https:\/\/www.ccsa.ufpb.br\/ppge\/wp-content\/uploads\/sites\/179\/sites\/367\/2026\/07\/43.png 1080w\" sizes=\"auto, (max-width: 1024px) 100vw, 1024px\" \/><\/figure><\/div>\n\n\n\n<div class=\"wp-block-media-text is-stacked-on-mobile\"><figure class=\"wp-block-media-text__media\"><img loading=\"lazy\" decoding=\"async\" width=\"1024\" height=\"1024\" src=\"https:\/\/www.ccsa.ufpb.br\/ppge\/wp-content\/uploads\/sites\/179\/sites\/367\/2026\/07\/44-1024x1024.png\" alt=\"\" class=\"wp-image-1727 size-full\" srcset=\"https:\/\/www.ccsa.ufpb.br\/ppge\/wp-content\/uploads\/sites\/179\/sites\/367\/2026\/07\/44-1024x1024.png 1024w, https:\/\/www.ccsa.ufpb.br\/ppge\/wp-content\/uploads\/sites\/179\/sites\/367\/2026\/07\/44-300x300.png 300w, https:\/\/www.ccsa.ufpb.br\/ppge\/wp-content\/uploads\/sites\/179\/sites\/367\/2026\/07\/44-150x150.png 150w, https:\/\/www.ccsa.ufpb.br\/ppge\/wp-content\/uploads\/sites\/179\/sites\/367\/2026\/07\/44-768x768.png 768w, https:\/\/www.ccsa.ufpb.br\/ppge\/wp-content\/uploads\/sites\/179\/sites\/367\/2026\/07\/44.png 1080w\" sizes=\"auto, (max-width: 1024px) 100vw, 1024px\" \/><\/figure><div class=\"wp-block-media-text__content\">\n<p class=\"wp-block-paragraph\">A ampla maioria dos respondentes (86%) assinalou a op\u00e7\u00e3o &#8220;N\u00e3o sabe\/N\u00e3o se aplica&#8221;, enquanto apenas 14% atribu\u00edram impacto muito alto a esse aspecto, n\u00e3o havendo registros de avalia\u00e7\u00f5es intermedi\u00e1rias ou de baixo impacto.<\/p>\n<\/div><\/div>\n\n\n\n<div class=\"wp-block-media-text has-media-on-the-right is-stacked-on-mobile\"><div class=\"wp-block-media-text__content\">\n<p class=\"wp-block-paragraph\">O fato de 57% dos respondentes atribu\u00edrem \u00e0 rela\u00e7\u00e3o professor\u2011aluno um peso \u201cmuito alto\u201d na decis\u00e3o de evadir indica um ponto cr\u00edtico de gest\u00e3o acad\u00eamica: a percep\u00e7\u00e3o de distanciamento, baixa orienta\u00e7\u00e3o ou insuficiente acompanhamento pode estar afetando a perman\u00eancia dos estudantes. Embora 14% considerem esse fator \u201cbaixo\u201d e 29% n\u00e3o saibam ou n\u00e3o o apliquem.<\/p>\n<\/div><figure class=\"wp-block-media-text__media\"><img loading=\"lazy\" decoding=\"async\" width=\"1024\" height=\"1024\" src=\"https:\/\/www.ccsa.ufpb.br\/ppge\/wp-content\/uploads\/sites\/179\/sites\/367\/2026\/07\/45-1024x1024.png\" alt=\"\" class=\"wp-image-1728 size-full\" srcset=\"https:\/\/www.ccsa.ufpb.br\/ppge\/wp-content\/uploads\/sites\/179\/sites\/367\/2026\/07\/45-1024x1024.png 1024w, https:\/\/www.ccsa.ufpb.br\/ppge\/wp-content\/uploads\/sites\/179\/sites\/367\/2026\/07\/45-300x300.png 300w, https:\/\/www.ccsa.ufpb.br\/ppge\/wp-content\/uploads\/sites\/179\/sites\/367\/2026\/07\/45-150x150.png 150w, https:\/\/www.ccsa.ufpb.br\/ppge\/wp-content\/uploads\/sites\/179\/sites\/367\/2026\/07\/45-768x768.png 768w, https:\/\/www.ccsa.ufpb.br\/ppge\/wp-content\/uploads\/sites\/179\/sites\/367\/2026\/07\/45.png 1080w\" sizes=\"auto, (max-width: 1024px) 100vw, 1024px\" \/><\/figure><\/div>\n\n\n\n<div class=\"wp-block-media-text is-stacked-on-mobile\"><figure class=\"wp-block-media-text__media\"><img loading=\"lazy\" decoding=\"async\" width=\"1024\" height=\"1024\" src=\"https:\/\/www.ccsa.ufpb.br\/ppge\/wp-content\/uploads\/sites\/179\/sites\/367\/2026\/07\/47-1024x1024.png\" alt=\"\" class=\"wp-image-1731 size-full\" srcset=\"https:\/\/www.ccsa.ufpb.br\/ppge\/wp-content\/uploads\/sites\/179\/sites\/367\/2026\/07\/47-1024x1024.png 1024w, https:\/\/www.ccsa.ufpb.br\/ppge\/wp-content\/uploads\/sites\/179\/sites\/367\/2026\/07\/47-300x300.png 300w, https:\/\/www.ccsa.ufpb.br\/ppge\/wp-content\/uploads\/sites\/179\/sites\/367\/2026\/07\/47-150x150.png 150w, https:\/\/www.ccsa.ufpb.br\/ppge\/wp-content\/uploads\/sites\/179\/sites\/367\/2026\/07\/47-768x768.png 768w, https:\/\/www.ccsa.ufpb.br\/ppge\/wp-content\/uploads\/sites\/179\/sites\/367\/2026\/07\/47.png 1080w\" sizes=\"auto, (max-width: 1024px) 100vw, 1024px\" \/><\/figure><div class=\"wp-block-media-text__content\">\n<p class=\"wp-block-paragraph\">O fato de 83% dos respondentes indicarem que esse motivo \u201cn\u00e3o se aplica\u201d ou que \u201cn\u00e3o sabem\u201d sugere que, no contexto espec\u00edfico do PPGE, as dificuldades financeiras ou condi\u00e7\u00f5es materiais n\u00e3o figuram entre os principais vetores de abandono.<\/p>\n<\/div><\/div>\n\n\n\n<div class=\"wp-block-media-text has-media-on-the-right is-stacked-on-mobile\"><div class=\"wp-block-media-text__content\">\n<p class=\"wp-block-paragraph\">O fato de 44,4% dos respondentes atribu\u00edrem peso &#8220;muito alto&#8221; a esse motivo indica que o PPGE enfrenta um desafio que ultrapassa quest\u00f5es acad\u00eamicas tradicionais. Os dados sugerem que o fortalecimento de estrat\u00e9gias de cuidado e suporte emocional \u00e9 necess\u00e1rio. As demais categorias, embora fragmentadas, somam percep\u00e7\u00f5es de &#8220;alto&#8221;, &#8220;baixo&#8221;, &#8220;muito baixo&#8221; e &#8220;n\u00e3o se aplica&#8221;.<\/p>\n<\/div><figure class=\"wp-block-media-text__media\"><img loading=\"lazy\" decoding=\"async\" width=\"1024\" height=\"1024\" src=\"https:\/\/www.ccsa.ufpb.br\/ppge\/wp-content\/uploads\/sites\/179\/sites\/367\/2026\/07\/48-1024x1024.png\" alt=\"\" class=\"wp-image-1732 size-full\" srcset=\"https:\/\/www.ccsa.ufpb.br\/ppge\/wp-content\/uploads\/sites\/179\/sites\/367\/2026\/07\/48-1024x1024.png 1024w, https:\/\/www.ccsa.ufpb.br\/ppge\/wp-content\/uploads\/sites\/179\/sites\/367\/2026\/07\/48-300x300.png 300w, https:\/\/www.ccsa.ufpb.br\/ppge\/wp-content\/uploads\/sites\/179\/sites\/367\/2026\/07\/48-150x150.png 150w, https:\/\/www.ccsa.ufpb.br\/ppge\/wp-content\/uploads\/sites\/179\/sites\/367\/2026\/07\/48-768x768.png 768w, https:\/\/www.ccsa.ufpb.br\/ppge\/wp-content\/uploads\/sites\/179\/sites\/367\/2026\/07\/48.png 1080w\" sizes=\"auto, (max-width: 1024px) 100vw, 1024px\" \/><\/figure><\/div>\n\n\n\n<div class=\"wp-block-media-text is-stacked-on-mobile\"><figure class=\"wp-block-media-text__media\"><img loading=\"lazy\" decoding=\"async\" width=\"1024\" height=\"1024\" src=\"https:\/\/www.ccsa.ufpb.br\/ppge\/wp-content\/uploads\/sites\/179\/sites\/367\/2026\/07\/49-1024x1024.png\" alt=\"\" class=\"wp-image-1733 size-full\" srcset=\"https:\/\/www.ccsa.ufpb.br\/ppge\/wp-content\/uploads\/sites\/179\/sites\/367\/2026\/07\/49-1024x1024.png 1024w, https:\/\/www.ccsa.ufpb.br\/ppge\/wp-content\/uploads\/sites\/179\/sites\/367\/2026\/07\/49-300x300.png 300w, https:\/\/www.ccsa.ufpb.br\/ppge\/wp-content\/uploads\/sites\/179\/sites\/367\/2026\/07\/49-150x150.png 150w, https:\/\/www.ccsa.ufpb.br\/ppge\/wp-content\/uploads\/sites\/179\/sites\/367\/2026\/07\/49-768x768.png 768w, https:\/\/www.ccsa.ufpb.br\/ppge\/wp-content\/uploads\/sites\/179\/sites\/367\/2026\/07\/49.png 1080w\" sizes=\"auto, (max-width: 1024px) 100vw, 1024px\" \/><\/figure><div class=\"wp-block-media-text__content\">\n<p class=\"wp-block-paragraph\">O fato de 60% dos respondentes indicarem que o item \u201cn\u00e3o se aplica\u201d ou que \u201cn\u00e3o sabem\u201d sugere que esses motivos s\u00e3o menos estruturados ou menos reconhecidos pelos estudantes, o que dificulta sua identifica\u00e7\u00e3o direta como causa de evas\u00e3o.<\/p>\n<\/div><\/div>\n","protected":false},"excerpt":{"rendered":"<p>Os resultados indicam que a falta de bolsa\/apoio n\u00e3o se configura como um fator predominante [&hellip;]<\/p>\n","protected":false},"author":406,"featured_media":0,"parent":0,"menu_order":0,"comment_status":"closed","ping_status":"closed","template":"","meta":{"footnotes":""},"class_list":["post-1718","page","type-page","status-publish","hentry"],"_links":{"self":[{"href":"https:\/\/www.ccsa.ufpb.br\/ppge\/wp-json\/wp\/v2\/pages\/1718","targetHints":{"allow":["GET"]}}],"collection":[{"href":"https:\/\/www.ccsa.ufpb.br\/ppge\/wp-json\/wp\/v2\/pages"}],"about":[{"href":"https:\/\/www.ccsa.ufpb.br\/ppge\/wp-json\/wp\/v2\/types\/page"}],"author":[{"embeddable":true,"href":"https:\/\/www.ccsa.ufpb.br\/ppge\/wp-json\/wp\/v2\/users\/406"}],"replies":[{"embeddable":true,"href":"https:\/\/www.ccsa.ufpb.br\/ppge\/wp-json\/wp\/v2\/comments?post=1718"}],"version-history":[{"count":6,"href":"https:\/\/www.ccsa.ufpb.br\/ppge\/wp-json\/wp\/v2\/pages\/1718\/revisions"}],"predecessor-version":[{"id":1740,"href":"https:\/\/www.ccsa.ufpb.br\/ppge\/wp-json\/wp\/v2\/pages\/1718\/revisions\/1740"}],"wp:attachment":[{"href":"https:\/\/www.ccsa.ufpb.br\/ppge\/wp-json\/wp\/v2\/media?parent=1718"}],"curies":[{"name":"wp","href":"https:\/\/api.w.org\/{rel}","templated":true}]}}